{"id":43403,"date":"2015-04-21T13:28:29","date_gmt":"2015-04-21T12:28:29","guid":{"rendered":"https:\/\/mallorcadisseny.com\/calasanvicente\/contacto\/"},"modified":"2025-04-17T13:00:08","modified_gmt":"2025-04-17T12:00:08","slug":"contact","status":"publish","type":"page","link":"https:\/\/www.calasanvicente.es\/en\/contact\/","title":{"rendered":"Contact"},"content":{"rendered":"\t\t<div data-elementor-type=\"wp-page\" data-elementor-id=\"43403\" class=\"elementor elementor-43403 elementor-254\">\n\t\t\t\t<div class=\"elementor-element elementor-element-061d531 e-flex e-con-boxed e-con e-parent\" data-id=\"061d531\" data-element_type=\"container\">\n\t\t\t\t\t<div class=\"e-con-inner\">\n\t\t<div class=\"elementor-element elementor-element-d3751ad e-con-full e-flex e-con e-child\" data-id=\"d3751ad\" data-element_type=\"container\">\n\t\t\t\t<div class=\"elementor-element elementor-element-ed14fc7 elementor-widget elementor-widget-heading\" data-id=\"ed14fc7\" data-element_type=\"widget\" data-widget_type=\"heading.default\">\n\t\t\t\t<div class=\"elementor-widget-container\">\n\t\t\t<style>\/*! elementor - v3.22.0 - 24-06-2024 *\/\n.elementor-heading-title{padding:0;margin:0;line-height:1}.elementor-widget-heading .elementor-heading-title[class*=elementor-size-]>a{color:inherit;font-size:inherit;line-height:inherit}.elementor-widget-heading .elementor-heading-title.elementor-size-small{font-size:15px}.elementor-widget-heading .elementor-heading-title.elementor-size-medium{font-size:19px}.elementor-widget-heading .elementor-heading-title.elementor-size-large{font-size:29px}.elementor-widget-heading .elementor-heading-title.elementor-size-xl{font-size:39px}.elementor-widget-heading .elementor-heading-title.elementor-size-xxl{font-size:59px}<\/style><h1 class=\"elementor-heading-title elementor-size-default\">Contact<\/h1>\t\t<\/div>\n\t\t\t\t<\/div>\n\t\t\t\t<div class=\"elementor-element elementor-element-be7dbf1 elementor-widget elementor-widget-text-editor\" data-id=\"be7dbf1\" data-element_type=\"widget\" data-widget_type=\"text-editor.default\">\n\t\t\t\t<div class=\"elementor-widget-container\">\n\t\t\t<style>\/*! elementor - v3.22.0 - 24-06-2024 *\/\n.elementor-widget-text-editor.elementor-drop-cap-view-stacked .elementor-drop-cap{background-color:#69727d;color:#fff}.elementor-widget-text-editor.elementor-drop-cap-view-framed .elementor-drop-cap{color:#69727d;border:3px solid;background-color:transparent}.elementor-widget-text-editor:not(.elementor-drop-cap-view-default) .elementor-drop-cap{margin-top:8px}.elementor-widget-text-editor:not(.elementor-drop-cap-view-default) .elementor-drop-cap-letter{width:1em;height:1em}.elementor-widget-text-editor .elementor-drop-cap{float:left;text-align:center;line-height:1;font-size:50px}.elementor-widget-text-editor .elementor-drop-cap-letter{display:inline-block}<\/style>\t\t\t\t<p style=\"text-align: center;\">Do you have any questions? Do you have any suggestion?<\/p>\t\t\t\t\t\t<\/div>\n\t\t\t\t<\/div>\n\t\t\t\t<div class=\"elementor-element elementor-element-ed1ec74 elementor-widget elementor-widget-text-editor\" data-id=\"ed1ec74\" data-element_type=\"widget\" data-widget_type=\"text-editor.default\">\n\t\t\t\t<div class=\"elementor-widget-container\">\n\t\t\t\t\t\t\t<p>Cala Sant Vicen\u00e7 truly enlightens my soul; it is, without a doubt, &#8220;a charming place for charming people.&#8221; For generations, families have gathered here, drawn by its timeless appeal. It offers a sanctuary for soothing breaks with loved ones, and this shared warmth is what makes it such an unforgettable and special place. Once you immerse yourself in its unique atmosphere, you quickly discover its captivating allure, inspiring both love and respect. This deep-rooted local warmth reminds us that without reverence for such enchanting places, they risk fading into oblivion. Our mission is that when you visit La Cala, you naturally embrace its spirit and savor every moment.<\/p><p>This idyllic setting is home to a series of coves with crystal-clear waters, nestled at the foot of the Sierra del Cavall Bernat\u2014the mountain range crowned by the iconic Cavall Bernat rock, which soars 380 meters above the sea. This majestic cliff is always in plain sight from the village, greeting residents throughout the day. Its name derives from the striking resemblance to a horse, revealed only for a few fleeting minutes each day when the interplay of light and shadow brings this majestic silhouette to life.<\/p>\t\t\t\t\t\t<\/div>\n\t\t\t\t<\/div>\n\t\t\t\t<\/div>\n\t\t\t\t\t<\/div>\n\t\t\t\t<\/div>\n\t\t<div class=\"elementor-element elementor-element-f196b4a e-flex e-con-boxed e-con e-parent\" data-id=\"f196b4a\" data-element_type=\"container\">\n\t\t\t\t\t<div class=\"e-con-inner\">\n\t\t<div class=\"elementor-element elementor-element-68fc255 e-con-full e-flex e-con e-child\" data-id=\"68fc255\" data-element_type=\"container\" data-settings=\"{&quot;background_background&quot;:&quot;classic&quot;}\">\n\t\t\t\t<div class=\"elementor-element elementor-element-722161d elementor-widget elementor-widget-text-editor\" data-id=\"722161d\" data-element_type=\"widget\" data-widget_type=\"text-editor.default\">\n\t\t\t\t<div class=\"elementor-widget-container\">\n\t\t\t\t\t\t\t<p>Here you have our contact information. If you prefer, you can fill out the following form.<\/p>\t\t\t\t\t\t<\/div>\n\t\t\t\t<\/div>\n\t\t\t\t<div class=\"elementor-element elementor-element-58af0c8 elementor-widget elementor-widget-image\" data-id=\"58af0c8\" data-element_type=\"widget\" data-widget_type=\"image.default\">\n\t\t\t\t<div class=\"elementor-widget-container\">\n\t\t\t<style>\/*! elementor - v3.22.0 - 24-06-2024 *\/\n.elementor-widget-image{text-align:center}.elementor-widget-image a{display:inline-block}.elementor-widget-image a img[src$=\".svg\"]{width:48px}.elementor-widget-image img{vertical-align:middle;display:inline-block}<\/style>\t\t\t\t\t\t\t\t\t\t<img fetchpriority=\"high\" decoding=\"async\" width=\"914\" height=\"618\" src=\"https:\/\/www.calasanvicente.es\/wp-content\/uploads\/2024\/02\/agentes.jpg\" class=\"attachment-large size-large wp-image-42014\" alt=\"\" srcset=\"https:\/\/www.calasanvicente.es\/wp-content\/uploads\/2024\/02\/agentes.jpg 914w, https:\/\/www.calasanvicente.es\/wp-content\/uploads\/2024\/02\/agentes-300x203.jpg 300w, https:\/\/www.calasanvicente.es\/wp-content\/uploads\/2024\/02\/agentes-768x519.jpg 768w, https:\/\/www.calasanvicente.es\/wp-content\/uploads\/2024\/02\/agentes-600x406.jpg 600w\" sizes=\"(max-width: 914px) 100vw, 914px\" \/>\t\t\t\t\t\t\t\t\t\t\t\t\t<\/div>\n\t\t\t\t<\/div>\n\t\t\t\t<div class=\"elementor-element elementor-element-728d60b elementor-widget elementor-widget-heading\" data-id=\"728d60b\" data-element_type=\"widget\" data-widget_type=\"heading.default\">\n\t\t\t\t<div class=\"elementor-widget-container\">\n\t\t\t<div class=\"elementor-heading-title elementor-size-default\">Alfonso Tr\u00edas Mora & Mar\u00edsa Barcel\u00f3 Darder<\/div>\t\t<\/div>\n\t\t\t\t<\/div>\n\t\t\t\t<div class=\"elementor-element elementor-element-734d86b elementor-widget elementor-widget-button\" data-id=\"734d86b\" data-element_type=\"widget\" data-widget_type=\"button.default\">\n\t\t\t\t<div class=\"elementor-widget-container\">\n\t\t\t\t\t<div class=\"elementor-button-wrapper\">\n\t\t\t<a class=\"elementor-button elementor-button-link elementor-size-sm\" href=\"tel:+34%20971%20718%20946\">\n\t\t\t\t\t\t<span class=\"elementor-button-content-wrapper\">\n\t\t\t\t\t\t<span class=\"elementor-button-icon\">\n\t\t\t\t<i aria-hidden=\"true\" class=\"fas fa-phone-alt\"><\/i>\t\t\t<\/span>\n\t\t\t\t\t\t\t\t\t<span class=\"elementor-button-text\">+34 971 718 946<\/span>\n\t\t\t\t\t<\/span>\n\t\t\t\t\t<\/a>\n\t\t<\/div>\n\t\t\t\t<\/div>\n\t\t\t\t<\/div>\n\t\t\t\t<div class=\"elementor-element elementor-element-468b8e8 elementor-widget elementor-widget-button\" data-id=\"468b8e8\" data-element_type=\"widget\" data-widget_type=\"button.default\">\n\t\t\t\t<div class=\"elementor-widget-container\">\n\t\t\t\t\t<div class=\"elementor-button-wrapper\">\n\t\t\t<a class=\"elementor-button elementor-button-link elementor-size-sm\" href=\"mailto:alfonso@calasanvicente.es\">\n\t\t\t\t\t\t<span class=\"elementor-button-content-wrapper\">\n\t\t\t\t\t\t<span class=\"elementor-button-icon\">\n\t\t\t\t<i aria-hidden=\"true\" class=\"fas fa-envelope\"><\/i>\t\t\t<\/span>\n\t\t\t\t\t\t\t\t\t<span class=\"elementor-button-text\">alfonso@calasanvicente.es<\/span>\n\t\t\t\t\t<\/span>\n\t\t\t\t\t<\/a>\n\t\t<\/div>\n\t\t\t\t<\/div>\n\t\t\t\t<\/div>\n\t\t\t\t<div class=\"elementor-element elementor-element-e4c2fdd elementor-widget elementor-widget-button\" data-id=\"e4c2fdd\" data-element_type=\"widget\" data-widget_type=\"button.default\">\n\t\t\t\t<div class=\"elementor-widget-container\">\n\t\t\t\t\t<div class=\"elementor-button-wrapper\">\n\t\t\t<a class=\"elementor-button elementor-button-link elementor-size-sm\" href=\"mailto:marisa@calasanvicente.es\">\n\t\t\t\t\t\t<span class=\"elementor-button-content-wrapper\">\n\t\t\t\t\t\t<span class=\"elementor-button-icon\">\n\t\t\t\t<i aria-hidden=\"true\" class=\"fas fa-envelope\"><\/i>\t\t\t<\/span>\n\t\t\t\t\t\t\t\t\t<span class=\"elementor-button-text\">marisa@calasanvicente.es<\/span>\n\t\t\t\t\t<\/span>\n\t\t\t\t\t<\/a>\n\t\t<\/div>\n\t\t\t\t<\/div>\n\t\t\t\t<\/div>\n\t\t\t\t<\/div>\n\t\t<div class=\"elementor-element elementor-element-9bad875 e-con-full e-flex e-con e-child\" data-id=\"9bad875\" data-element_type=\"container\">\n\t\t\t\t<div class=\"elementor-element elementor-element-200a4f2 elementor-button-align-start contactform elementor-widget elementor-widget-WpRentals_Contact_Form_Builder\" data-id=\"200a4f2\" data-element_type=\"widget\" id=\"formseasonal\" data-widget_type=\"WpRentals_Contact_Form_Builder.default\">\n\t\t\t\t<div class=\"elementor-widget-container\">\n\t\t\t\r\n\r\n\r\n\r\n\r\n\t\t\t<form class=\"elementor-form wprentals_elementor_form\"  id=\"wprentals-elementor-form-200a4f2\" method=\"post\" >\r\n            <div id=\"booking_form_request_mess_modal\"><\/div>\r\n\r\n            <input name=\"prop_id\" type=\"hidden\"  id=\"contact_form_elementor\" value=\"1\">\r\n            <input type=\"hidden\" name=\"contact_ajax_nonce\" id=\"agent_property_ajax_nonce\"  value=\"a27848d392\" \/>\r\n\r\n            <input type=\"hidden\" id=\"elementor_email_subject\" name=\"email_suject\" value=\"Nuevo email &quot;Cala San Vicente&quot; \" \/>\r\n\r\n\t\t\t\t\t\t<div class=\"elementor-form-fields-wrapper elementor-labels-above\">\r\n\t\t\t\t\t\t\t\t<div class=\"elementor-field-group elementor-column form-group elementor-field-group-name elementor-field-required elementor-col-100\"><label for=\"form-field-name\" class=\"elementor-field-label\">Name*<\/label><input type=\"text\" name=\"name\" id=\"rentals_contact_builder_name\" class=\"elementor-field form-control elementor-size-xs elementor-field-textual\" required=\"required\"><\/div><div class=\"elementor-field-group elementor-column form-group elementor-field-group-email elementor-field-required elementor-col-100\"><label for=\"form-field-email\" class=\"elementor-field-label\">E-mail*<\/label><input type=\"email\" name=\"email\" id=\"rentals_contact_builder_email\" class=\"elementor-field form-control elementor-size-xs elementor-field-textual\" required=\"required\"><\/div><div class=\"elementor-field-group elementor-column form-group elementor-field-group-message elementor-col-100\"><label for=\"form-field-message\" class=\"elementor-field-label\">Comments<\/label><textarea class=\"form-control elementor-field-textual elementor-field elementor-size-xs\" name=\"message\" id=\"form-field-message\" rows=\"4\"><\/textarea><\/div>\r\n\t\t\t\t\t\t\t\t<div class=\"elementor-field-group elementor-column elementor-field-type-submit elementor-col-40\">\r\n\t\t\t\t\t\t\t\t\t<div class=\"gpr_wrapper\"><input type=\"checkbox\" id=\"wpestate_agree_gdpr\" class=\"wpestate_agree_gdpr\" name=\"wpestate_agree_gdpr\" \/>\r\n\t\t\t\t\t\t\t\t\t\t\t\t\t\t<label for=\"wpestate_agree_gdpr\"><a target=\"_blank\" href=\"\">Acepto la Pol\u00edtica de protecci\u00f3n de datos<\/a><\/label><\/div>\r\n\t\t\t\t\t\t\t\t\t\t\t\t\t\t\t\t\t\t\t\t\t<button type=\"submit\" class=\"agent_submit_class_elementor wpresidence_button wprentals_button_elementor elementor-button elementor-size-md\">\r\n\t\t\t\t\t\t\t\t\t\t\t\t\t\t\t\t\t\t\t\t\t\t\t\tSEND\t\t\t\t\t\t\t\t\t\t\t\t\t\t\t\t\t\t\t\t<\/button>\r\n\r\n\t\t\t\t\t\t\t\t<\/div>\r\n\t\t\t\t\t\t<\/div>\r\n\r\n\r\n\r\n\t\t\t\t<\/form>\r\n        <script>\r\n\r\n            jQuery(document).ready(function() {\r\n           \r\n                jQuery('input[name=\"booking_from_date\"]').each(function(){             \r\n                    var item_parent =   jQuery(this).parent().parent();\r\n                    var in_date     =   item_parent.find('input[name=\"booking_from_date\"]') .attr('id');\r\n                    var out_date    =   item_parent.find('input[name=\"booking_to_date\"]') .attr('id');\r\n                    console.log('in_date : '+in_date +\" out_date \"+out_date);\r\n                    wpestaste_check_in_out_enable_new(in_date, out_date);\r\n                    \r\n                });\r\n                wprentals_elementor_submit_form();\r\n            });\r\n        <\/script>\r\n\r\n\r\n\r\n    \t\t<\/div>\n\t\t\t\t<\/div>\n\t\t\t\t<div class=\"elementor-element elementor-element-128ae9e elementor-widget elementor-widget-html\" data-id=\"128ae9e\" data-element_type=\"widget\" data-widget_type=\"html.default\">\n\t\t\t\t<div class=\"elementor-widget-container\">\n\t\t\t<style>\n    .contactform label{display:inline !important;}\n    .contactform .gpr_wrapper{width:100% !important;}\n<\/style>\t\t<\/div>\n\t\t\t\t<\/div>\n\t\t\t\t<div class=\"elementor-element elementor-element-bdf2a67 elementor-widget elementor-widget-html\" data-id=\"bdf2a67\" data-element_type=\"widget\" data-widget_type=\"html.default\">\n\t\t\t\t<div class=\"elementor-widget-container\">\n\t\t\t<style>\n    .contactform label{display:inline !important;}\n    .contactform .gpr_wrapper{width:100% !important;}\n<\/style>\t\t<\/div>\n\t\t\t\t<\/div>\n\t\t\t\t<\/div>\n\t\t\t\t\t<\/div>\n\t\t\t\t<\/div>\n\t\t\t\t<\/div>\n\t\t","protected":false},"excerpt":{"rendered":"<p>Contact Do you have any questions? Do you have any suggestion? Cala Sant Vicen\u00e7 truly enlightens my soul; it is, without a doubt, &#8220;a charming place for charming people.&#8221; For generations, families have gathered here, drawn by its timeless appeal. It offers a sanctuary for soothing breaks with loved ones, and this shared warmth is &#8230;<\/p>\n","protected":false},"author":1,"featured_media":0,"parent":0,"menu_order":0,"comment_status":"open","ping_status":"closed","template":"elementor_header_footer","meta":{"_monsterinsights_skip_tracking":false,"_monsterinsights_sitenote_active":false,"_monsterinsights_sitenote_note":"","_monsterinsights_sitenote_category":0,"footnotes":""},"class_list":["post-43403","page","type-page","status-publish","hentry"],"aioseo_notices":[],"_links":{"self":[{"href":"https:\/\/www.calasanvicente.es\/en\/wp-json\/wp\/v2\/pages\/43403","targetHints":{"allow":["GET"]}}],"collection":[{"href":"https:\/\/www.calasanvicente.es\/en\/wp-json\/wp\/v2\/pages"}],"about":[{"href":"https:\/\/www.calasanvicente.es\/en\/wp-json\/wp\/v2\/types\/page"}],"author":[{"embeddable":true,"href":"https:\/\/www.calasanvicente.es\/en\/wp-json\/wp\/v2\/users\/1"}],"replies":[{"embeddable":true,"href":"https:\/\/www.calasanvicente.es\/en\/wp-json\/wp\/v2\/comments?post=43403"}],"version-history":[{"count":15,"href":"https:\/\/www.calasanvicente.es\/en\/wp-json\/wp\/v2\/pages\/43403\/revisions"}],"predecessor-version":[{"id":44886,"href":"https:\/\/www.calasanvicente.es\/en\/wp-json\/wp\/v2\/pages\/43403\/revisions\/44886"}],"wp:attachment":[{"href":"https:\/\/www.calasanvicente.es\/en\/wp-json\/wp\/v2\/media?parent=43403"}],"curies":[{"name":"wp","href":"https:\/\/api.w.org\/{rel}","templated":true}]}}