{"id":43239,"date":"2023-05-03T12:14:20","date_gmt":"2023-05-03T12:14:20","guid":{"rendered":"https:\/\/mallorcadisseny.com\/calasanvicente\/cala-san-vicente\/cultura-y-fiestas\/"},"modified":"2024-06-27T09:06:18","modified_gmt":"2024-06-27T09:06:18","slug":"culture-and-festivals","status":"publish","type":"page","link":"https:\/\/www.calasanvicente.es\/en\/cala-san-vicente\/culture-and-festivals\/","title":{"rendered":"Culture and festivals"},"content":{"rendered":"\t\t<div data-elementor-type=\"wp-page\" data-elementor-id=\"43239\" class=\"elementor elementor-43239 elementor-37923\">\n\t\t\t\t\t\t<section class=\"elementor-section elementor-top-section elementor-element elementor-element-da5d301 elementor-section-boxed elementor-section-height-default elementor-section-height-default\" data-id=\"da5d301\" data-element_type=\"section\">\n\t\t\t\t\t\t<div class=\"elementor-container elementor-column-gap-default\">\n\t\t\t\t\t<div class=\"elementor-column elementor-col-100 elementor-top-column elementor-element elementor-element-3ef58d9\" data-id=\"3ef58d9\" data-element_type=\"column\">\n\t\t\t<div class=\"elementor-widget-wrap elementor-element-populated\">\n\t\t\t\t\t\t<div class=\"elementor-element elementor-element-59f9b97 elementor-widget elementor-widget-heading\" data-id=\"59f9b97\" data-element_type=\"widget\" data-widget_type=\"heading.default\">\n\t\t\t\t<div class=\"elementor-widget-container\">\n\t\t\t<style>\/*! elementor - v3.22.0 - 24-06-2024 *\/\n.elementor-heading-title{padding:0;margin:0;line-height:1}.elementor-widget-heading .elementor-heading-title[class*=elementor-size-]>a{color:inherit;font-size:inherit;line-height:inherit}.elementor-widget-heading .elementor-heading-title.elementor-size-small{font-size:15px}.elementor-widget-heading .elementor-heading-title.elementor-size-medium{font-size:19px}.elementor-widget-heading .elementor-heading-title.elementor-size-large{font-size:29px}.elementor-widget-heading .elementor-heading-title.elementor-size-xl{font-size:39px}.elementor-widget-heading .elementor-heading-title.elementor-size-xxl{font-size:59px}<\/style><h1 class=\"elementor-heading-title elementor-size-default\">Culture and festivals<\/h1>\t\t<\/div>\n\t\t\t\t<\/div>\n\t\t\t\t<div class=\"elementor-element elementor-element-3a3d304 elementor-widget elementor-widget-text-editor\" data-id=\"3a3d304\" data-element_type=\"widget\" data-widget_type=\"text-editor.default\">\n\t\t\t\t<div class=\"elementor-widget-container\">\n\t\t\t<style>\/*! elementor - v3.22.0 - 24-06-2024 *\/\n.elementor-widget-text-editor.elementor-drop-cap-view-stacked .elementor-drop-cap{background-color:#69727d;color:#fff}.elementor-widget-text-editor.elementor-drop-cap-view-framed .elementor-drop-cap{color:#69727d;border:3px solid;background-color:transparent}.elementor-widget-text-editor:not(.elementor-drop-cap-view-default) .elementor-drop-cap{margin-top:8px}.elementor-widget-text-editor:not(.elementor-drop-cap-view-default) .elementor-drop-cap-letter{width:1em;height:1em}.elementor-widget-text-editor .elementor-drop-cap{float:left;text-align:center;line-height:1;font-size:50px}.elementor-widget-text-editor .elementor-drop-cap-letter{display:inline-block}<\/style>\t\t\t\t<p><span style=\"font-weight: 400;\">Pollensa continues to enjoy renown within the cultural and artistic world thanks to public initiatives such as the <a href=\"https:\/\/www.festivalpollenca.org\/\" target=\"_blank\" rel=\"noopener\">International Music Festival<\/a>, the Pollensa Museum and private initiatives such as the Dion\u00eds Benn\u00e0ssar House-Museum, the Mart\u00ed Vicen\u00e7 Museum and a large number of art galleries.<\/span><\/p>\t\t\t\t\t\t<\/div>\n\t\t\t\t<\/div>\n\t\t\t\t\t<\/div>\n\t\t<\/div>\n\t\t\t\t\t<\/div>\n\t\t<\/section>\n\t\t\t\t<section class=\"elementor-section elementor-top-section elementor-element elementor-element-d4f80d0 elementor-section-stretched elementor-section-boxed elementor-section-height-default elementor-section-height-default\" data-id=\"d4f80d0\" data-element_type=\"section\" data-settings=\"{&quot;stretch_section&quot;:&quot;section-stretched&quot;,&quot;background_background&quot;:&quot;classic&quot;}\">\n\t\t\t\t\t\t<div class=\"elementor-container elementor-column-gap-default\">\n\t\t\t\t\t<div class=\"elementor-column elementor-col-33 elementor-top-column elementor-element elementor-element-c256749\" data-id=\"c256749\" data-element_type=\"column\" data-settings=\"{&quot;background_background&quot;:&quot;classic&quot;}\">\n\t\t\t<div class=\"elementor-widget-wrap elementor-element-populated\">\n\t\t\t\t\t\t<div class=\"elementor-element elementor-element-152496e premium-modal-dismissible-yes elementor-widget elementor-widget-premium-addon-modal-box\" data-id=\"152496e\" data-element_type=\"widget\" data-settings=\"{&quot;premium_modal_box_animation&quot;:&quot;fadeInDown&quot;}\" data-widget_type=\"premium-addon-modal-box.default\">\n\t\t\t\t<div class=\"elementor-widget-container\">\n\t\t\t\r\n\t\t<div class=\"premium-modal-box-container\" data-settings=\"{&quot;trigger&quot;:&quot;image&quot;}\">\r\n\t\t\t<div class=\"premium-modal-trigger-container\">\r\n\t\t\t\t\t\t\t\t\t<img decoding=\"async\" data-toggle=\"premium-modal\" data-target=\"#premium-modal-152496e\" class=\"premium-modal-trigger-img\" src=\"https:\/\/www.calasanvicente.es\/wp-content\/uploads\/2023\/11\/alrededores.jpg\" alt=\"alrededores\">\r\n\t\t\t\t\t\t\t<\/div>\r\n\r\n\t\t\t<div id=\"premium-modal-152496e\" class=\"premium-modal-box-modal\"\r\n\t\t\trole=\"dialog\"\r\n\t\t\tstyle=\"display: none\"\r\n\t\t\t>\r\n\t\t\t\t<div class=\"premium-modal-box-modal-dialog\" data-delay-animation=\"\" data-modal-animation=\"fadeInDown animated-fast\">\r\n\t\t\t\t\t\t\t\t\t\t\t<div class=\"premium-modal-box-modal-header\">\r\n\t\t\t\t\t\t\t\t\t\t\t\t\t\t\t\t\t\t\t\t\t\t<div class=\"premium-modal-box-close-button-container\">\r\n\t\t\t\t\t\t\t\t\t<button type=\"button\" class=\"premium-modal-box-modal-close\" data-dismiss=\"premium-modal\">&times;<\/button>\r\n\t\t\t\t\t\t\t\t<\/div>\r\n\t\t\t\t\t\t\t\t\t\t\t\t\t<\/div>\r\n\t\t\t\t\t\t\t\t\t\t<div class=\"premium-modal-box-modal-body\">\r\n\t\t\t\t\t\t<p>\t\t<div data-elementor-type=\"wp-post\" data-elementor-id=\"43481\" class=\"elementor elementor-43481 elementor-39592\">\n\t\t\t\t<div class=\"elementor-element elementor-element-ec41493 e-flex e-con-boxed e-con e-parent\" data-id=\"ec41493\" data-element_type=\"container\" data-settings=\"{&quot;background_background&quot;:&quot;classic&quot;}\">\n\t\t\t\t\t<div class=\"e-con-inner\">\n\t\t<div class=\"elementor-element elementor-element-afa3678 e-con-full e-flex e-con e-child\" data-id=\"afa3678\" data-element_type=\"container\">\n\t\t\t\t<div class=\"elementor-element elementor-element-ca81e71 elementor-widget elementor-widget-heading\" data-id=\"ca81e71\" data-element_type=\"widget\" data-widget_type=\"heading.default\">\n\t\t\t\t<div class=\"elementor-widget-container\">\n\t\t\t<div class=\"elementor-heading-title elementor-size-default\">Cala San Vicente and its surroundings<\/div>\t\t<\/div>\n\t\t\t\t<\/div>\n\t\t<div class=\"elementor-element elementor-element-c6e24b4 e-con-full e-flex e-con e-child\" data-id=\"c6e24b4\" data-element_type=\"container\">\n\t\t<div class=\"elementor-element elementor-element-b3faa77 e-con-full e-flex e-con e-child\" data-id=\"b3faa77\" data-element_type=\"container\" data-settings=\"{&quot;background_background&quot;:&quot;classic&quot;}\">\n\t\t\t\t<div class=\"elementor-element elementor-element-604c102 elementor-widget elementor-widget-spacer\" data-id=\"604c102\" data-element_type=\"widget\" data-widget_type=\"spacer.default\">\n\t\t\t\t<div class=\"elementor-widget-container\">\n\t\t\t<style>\/*! elementor - v3.22.0 - 24-06-2024 *\/\n.elementor-column .elementor-spacer-inner{height:var(--spacer-size)}.e-con{--container-widget-width:100%}.e-con-inner>.elementor-widget-spacer,.e-con>.elementor-widget-spacer{width:var(--container-widget-width,var(--spacer-size));--align-self:var(--container-widget-align-self,initial);--flex-shrink:0}.e-con-inner>.elementor-widget-spacer>.elementor-widget-container,.e-con>.elementor-widget-spacer>.elementor-widget-container{height:100%;width:100%}.e-con-inner>.elementor-widget-spacer>.elementor-widget-container>.elementor-spacer,.e-con>.elementor-widget-spacer>.elementor-widget-container>.elementor-spacer{height:100%}.e-con-inner>.elementor-widget-spacer>.elementor-widget-container>.elementor-spacer>.elementor-spacer-inner,.e-con>.elementor-widget-spacer>.elementor-widget-container>.elementor-spacer>.elementor-spacer-inner{height:var(--container-widget-height,var(--spacer-size))}.e-con-inner>.elementor-widget-spacer.elementor-widget-empty,.e-con>.elementor-widget-spacer.elementor-widget-empty{position:relative;min-height:22px;min-width:22px}.e-con-inner>.elementor-widget-spacer.elementor-widget-empty .elementor-widget-empty-icon,.e-con>.elementor-widget-spacer.elementor-widget-empty .elementor-widget-empty-icon{position:absolute;top:0;bottom:0;left:0;right:0;margin:auto;padding:0;width:22px;height:22px}<\/style>\t\t<div class=\"elementor-spacer\">\n\t\t\t<div class=\"elementor-spacer-inner\"><\/div>\n\t\t<\/div>\n\t\t\t\t<\/div>\n\t\t\t\t<\/div>\n\t\t\t\t<\/div>\n\t\t\t\t<\/div>\n\t\t<div class=\"elementor-element elementor-element-8adfb2b e-con-full e-flex e-con e-child\" data-id=\"8adfb2b\" data-element_type=\"container\">\n\t\t<div class=\"elementor-element elementor-element-179837f e-con-full e-flex e-con e-child\" data-id=\"179837f\" data-element_type=\"container\">\n\t\t\t\t<div class=\"elementor-element elementor-element-dbdb7a8 elementor-widget__width-auto elementor-widget elementor-widget-html\" data-id=\"dbdb7a8\" data-element_type=\"widget\" data-widget_type=\"html.default\">\n\t\t\t\t<div class=\"elementor-widget-container\">\n\t\t\t<a class=\"copi\" href=\"javascript:getlink();\"><i aria-hidden=\"true\" class=\"fas fa-link\"><\/i> <b>Copy link<\/b><\/a>\r\n<style>\r\n    .alignright{\r\n        width:100%;\r\n        text-align:right;\r\n        \r\n    }\r\n<\/style>\r\n\r\n<script>\/\/<![CDATA[\r\nfunction getlink() {\r\nvar aux = document.createElement(\"input\");\r\naux.setAttribute(\"value\",window.location.href);\r\ndocument.body.appendChild(aux);\r\naux.select();\r\ndocument.execCommand(\"copy\");\r\ndocument.body.removeChild(aux);\r\nalert(\"Link copiado\");\r\n}\r\n\/\/]]><\/script>\t\t<\/div>\n\t\t\t\t<\/div>\n\t\t\t\t<\/div>\n\t\t<div class=\"elementor-element elementor-element-68684d4 alignright e-con-full e-flex e-con e-child\" data-id=\"68684d4\" data-element_type=\"container\">\n\t\t\t\t<div class=\"elementor-element elementor-element-19f2f15 elementor-widget__width-auto elementor-widget elementor-widget-heading\" data-id=\"19f2f15\" data-element_type=\"widget\" data-widget_type=\"heading.default\">\n\t\t\t\t<div class=\"elementor-widget-container\">\n\t\t\t<div class=\"elementor-heading-title elementor-size-default\">Share<\/div>\t\t<\/div>\n\t\t\t\t<\/div>\n\t\t\t\t<div class=\"elementor-element elementor-element-4f6ed67 elementor-widget__width-auto elementor-widget elementor-widget-shortcode\" data-id=\"4f6ed67\" data-element_type=\"widget\" data-widget_type=\"shortcode.default\">\n\t\t\t\t<div class=\"elementor-widget-container\">\n\t\t\t\t\t<div class=\"elementor-shortcode\"><div class=\"addtoany_shortcode\"><div class=\"a2a_kit a2a_kit_size_32 addtoany_list\" data-a2a-url=\"https:\/\/www.calasanvicente.es\/en\/cala-san-vicente\/culture-and-festivals\/\" data-a2a-title=\"Culture and festivals\"><a class=\"a2a_button_facebook\" href=\"https:\/\/www.addtoany.com\/add_to\/facebook?linkurl=https%3A%2F%2Fwww.calasanvicente.es%2Fen%2Fcala-san-vicente%2Fculture-and-festivals%2F&amp;linkname=Culture%20and%20festivals\" title=\"Facebook\" rel=\"nofollow noopener\" target=\"_blank\"><\/a><a class=\"a2a_button_twitter\" href=\"https:\/\/www.addtoany.com\/add_to\/twitter?linkurl=https%3A%2F%2Fwww.calasanvicente.es%2Fen%2Fcala-san-vicente%2Fculture-and-festivals%2F&amp;linkname=Culture%20and%20festivals\" title=\"Twitter\" rel=\"nofollow noopener\" target=\"_blank\"><\/a><a class=\"a2a_button_whatsapp\" href=\"https:\/\/www.addtoany.com\/add_to\/whatsapp?linkurl=https%3A%2F%2Fwww.calasanvicente.es%2Fen%2Fcala-san-vicente%2Fculture-and-festivals%2F&amp;linkname=Culture%20and%20festivals\" title=\"WhatsApp\" rel=\"nofollow noopener\" target=\"_blank\"><\/a><a class=\"a2a_button_email\" href=\"https:\/\/www.addtoany.com\/add_to\/email?linkurl=https%3A%2F%2Fwww.calasanvicente.es%2Fen%2Fcala-san-vicente%2Fculture-and-festivals%2F&amp;linkname=Culture%20and%20festivals\" title=\"Email\" rel=\"nofollow noopener\" target=\"_blank\"><\/a><a class=\"a2a_dd addtoany_share_save addtoany_share\" href=\"https:\/\/www.addtoany.com\/share\"><\/a><\/div><\/div><\/div>\n\t\t\t\t<\/div>\n\t\t\t\t<\/div>\n\t\t\t\t<\/div>\n\t\t\t\t<\/div>\n\t\t<div class=\"elementor-element elementor-element-61fa066 e-con-full e-flex e-con e-child\" data-id=\"61fa066\" data-element_type=\"container\">\n\t\t<div class=\"elementor-element elementor-element-97ea0f7 e-con-full e-flex e-con e-child\" data-id=\"97ea0f7\" data-element_type=\"container\">\n\t\t\t\t<div class=\"elementor-element elementor-element-335a7d8 elementor-widget-divider--view-line elementor-widget elementor-widget-divider\" data-id=\"335a7d8\" data-element_type=\"widget\" data-widget_type=\"divider.default\">\n\t\t\t\t<div class=\"elementor-widget-container\">\n\t\t\t<style>\/*! elementor - v3.22.0 - 24-06-2024 *\/\n.elementor-widget-divider{--divider-border-style:none;--divider-border-width:1px;--divider-color:#0c0d0e;--divider-icon-size:20px;--divider-element-spacing:10px;--divider-pattern-height:24px;--divider-pattern-size:20px;--divider-pattern-url:none;--divider-pattern-repeat:repeat-x}.elementor-widget-divider .elementor-divider{display:flex}.elementor-widget-divider .elementor-divider__text{font-size:15px;line-height:1;max-width:95%}.elementor-widget-divider .elementor-divider__element{margin:0 var(--divider-element-spacing);flex-shrink:0}.elementor-widget-divider .elementor-icon{font-size:var(--divider-icon-size)}.elementor-widget-divider .elementor-divider-separator{display:flex;margin:0;direction:ltr}.elementor-widget-divider--view-line_icon .elementor-divider-separator,.elementor-widget-divider--view-line_text .elementor-divider-separator{align-items:center}.elementor-widget-divider--view-line_icon .elementor-divider-separator:after,.elementor-widget-divider--view-line_icon .elementor-divider-separator:before,.elementor-widget-divider--view-line_text .elementor-divider-separator:after,.elementor-widget-divider--view-line_text .elementor-divider-separator:before{display:block;content:\"\";border-block-end:0;flex-grow:1;border-block-start:var(--divider-border-width) var(--divider-border-style) var(--divider-color)}.elementor-widget-divider--element-align-left .elementor-divider .elementor-divider-separator>.elementor-divider__svg:first-of-type{flex-grow:0;flex-shrink:100}.elementor-widget-divider--element-align-left .elementor-divider-separator:before{content:none}.elementor-widget-divider--element-align-left .elementor-divider__element{margin-left:0}.elementor-widget-divider--element-align-right .elementor-divider .elementor-divider-separator>.elementor-divider__svg:last-of-type{flex-grow:0;flex-shrink:100}.elementor-widget-divider--element-align-right .elementor-divider-separator:after{content:none}.elementor-widget-divider--element-align-right .elementor-divider__element{margin-right:0}.elementor-widget-divider--element-align-start .elementor-divider .elementor-divider-separator>.elementor-divider__svg:first-of-type{flex-grow:0;flex-shrink:100}.elementor-widget-divider--element-align-start .elementor-divider-separator:before{content:none}.elementor-widget-divider--element-align-start .elementor-divider__element{margin-inline-start:0}.elementor-widget-divider--element-align-end .elementor-divider .elementor-divider-separator>.elementor-divider__svg:last-of-type{flex-grow:0;flex-shrink:100}.elementor-widget-divider--element-align-end .elementor-divider-separator:after{content:none}.elementor-widget-divider--element-align-end .elementor-divider__element{margin-inline-end:0}.elementor-widget-divider:not(.elementor-widget-divider--view-line_text):not(.elementor-widget-divider--view-line_icon) .elementor-divider-separator{border-block-start:var(--divider-border-width) var(--divider-border-style) var(--divider-color)}.elementor-widget-divider--separator-type-pattern{--divider-border-style:none}.elementor-widget-divider--separator-type-pattern.elementor-widget-divider--view-line .elementor-divider-separator,.elementor-widget-divider--separator-type-pattern:not(.elementor-widget-divider--view-line) .elementor-divider-separator:after,.elementor-widget-divider--separator-type-pattern:not(.elementor-widget-divider--view-line) .elementor-divider-separator:before,.elementor-widget-divider--separator-type-pattern:not([class*=elementor-widget-divider--view]) .elementor-divider-separator{width:100%;min-height:var(--divider-pattern-height);-webkit-mask-size:var(--divider-pattern-size) 100%;mask-size:var(--divider-pattern-size) 100%;-webkit-mask-repeat:var(--divider-pattern-repeat);mask-repeat:var(--divider-pattern-repeat);background-color:var(--divider-color);-webkit-mask-image:var(--divider-pattern-url);mask-image:var(--divider-pattern-url)}.elementor-widget-divider--no-spacing{--divider-pattern-size:auto}.elementor-widget-divider--bg-round{--divider-pattern-repeat:round}.rtl .elementor-widget-divider .elementor-divider__text{direction:rtl}.e-con-inner>.elementor-widget-divider,.e-con>.elementor-widget-divider{width:var(--container-widget-width,100%);--flex-grow:var(--container-widget-flex-grow)}<\/style>\t\t<div class=\"elementor-divider\">\n\t\t\t<span class=\"elementor-divider-separator\">\n\t\t\t\t\t\t<\/span>\n\t\t<\/div>\n\t\t\t\t<\/div>\n\t\t\t\t<\/div>\n\t\t\t\t<div class=\"elementor-element elementor-element-7bf703b elementor-widget elementor-widget-heading\" data-id=\"7bf703b\" data-element_type=\"widget\" data-widget_type=\"heading.default\">\n\t\t\t\t<div class=\"elementor-widget-container\">\n\t\t\t<div class=\"elementor-heading-title elementor-size-default\">Cala San Vicente and its surroundings<\/div>\t\t<\/div>\n\t\t\t\t<\/div>\n\t\t\t\t<div class=\"elementor-element elementor-element-909789b elementor-widget elementor-widget-text-editor\" data-id=\"909789b\" data-element_type=\"widget\" data-widget_type=\"text-editor.default\">\n\t\t\t\t<div class=\"elementor-widget-container\">\n\t\t\t\t\t\t\t<p><span style=\"font-weight: 400;\">Pollensa (the ancient Roman city of Pollentia), Puerto de Pollensa and Cala de San Vicente, like Alcudia, constitute one of the most beautiful areas in the north of the island and, without a doubt, an attractive place to visit.\u00a0<\/span><\/p><p><span style=\"font-weight: 400;\">The municipality of Pollensa offers everyone who wants to come the possibility of enjoying a sea and mountain landscape or a wide range of cultural and service offerings. Beautiful places such as the Calvary or the Roman Bridge, after the 1st century AD and which is over the Torrente de Sant Jordi, the interesting municipal museum, the Music Festival, the numerous art exhibitions&#8230; make the visit to the center of Pollensa very attractive.<\/span><\/p><p><span style=\"font-weight: 400;\">Pollensa has a prominent role in the cultural world of the island. From the early years of the 20th century, Pollensa became a favorite place for painters who visited the island. Names like Miguel Costa Llobera, Ram\u00f3n Pic\u00f3 Campamar, Santiago Rusi\u00f1ol, Joaqu\u00edn Mir, Anglada Camarasa, Tito Cittadini, Dion\u00eds Benn\u00e1ssar and many more have contributed with their works (literary and pictorial) to making Pollensa a well-known place inside and outside of Mallorca.<\/span><\/p>\t\t\t\t\t\t<\/div>\n\t\t\t\t<\/div>\n\t\t\t\t<\/div>\n\t\t\t\t<\/div>\n\t\t\t\t<\/div>\n\t\t\t\t\t<\/div>\n\t\t\t\t<\/div>\n\t\t\t\t<\/div>\n\t\t<\/p>\t\t\t\t\t<\/div>\r\n\t\t\t\t\t\t\t\t\t<\/div>\r\n\t\t\t<\/div>\r\n\t\t<\/div>\r\n\r\n\t\t\t\t<\/div>\n\t\t\t\t<\/div>\n\t\t\t\t<div class=\"elementor-element elementor-element-9cc9ca6 titpopup premium-modal-dismissible-yes elementor-widget elementor-widget-premium-addon-modal-box\" data-id=\"9cc9ca6\" data-element_type=\"widget\" data-settings=\"{&quot;premium_modal_box_animation&quot;:&quot;fadeInDown&quot;}\" data-widget_type=\"premium-addon-modal-box.default\">\n\t\t\t\t<div class=\"elementor-widget-container\">\n\t\t\t\r\n\t\t<div class=\"premium-modal-box-container\" data-settings=\"{&quot;trigger&quot;:&quot;text&quot;}\">\r\n\t\t\t<div class=\"premium-modal-trigger-container\">\r\n\t\t\t\t\t\t\t\t\t<span data-toggle=\"premium-modal\" data-target=\"#premium-modal-9cc9ca6\" class=\"premium-modal-trigger-text\">\r\n\t\t\t\t\t\t<div >\r\n\t\t\t\t\t\t\t<H2>Cala San Vicente and its surroundings<\/H2>\t\t\t\t\t\t<\/div>\r\n\t\t\t\t\t<\/span>\r\n\t\t\t\t\t\t\t<\/div>\r\n\r\n\t\t\t<div id=\"premium-modal-9cc9ca6\" class=\"premium-modal-box-modal\"\r\n\t\t\trole=\"dialog\"\r\n\t\t\tstyle=\"display: none\"\r\n\t\t\t>\r\n\t\t\t\t<div class=\"premium-modal-box-modal-dialog\" data-delay-animation=\"\" data-modal-animation=\"fadeInDown animated-fast\">\r\n\t\t\t\t\t\t\t\t\t\t\t<div class=\"premium-modal-box-modal-header\">\r\n\t\t\t\t\t\t\t\t\t\t\t\t\t\t\t\t\t\t\t\t\t\t<div class=\"premium-modal-box-close-button-container\">\r\n\t\t\t\t\t\t\t\t\t<button type=\"button\" class=\"premium-modal-box-modal-close\" data-dismiss=\"premium-modal\">&times;<\/button>\r\n\t\t\t\t\t\t\t\t<\/div>\r\n\t\t\t\t\t\t\t\t\t\t\t\t\t<\/div>\r\n\t\t\t\t\t\t\t\t\t\t<div class=\"premium-modal-box-modal-body\">\r\n\t\t\t\t\t\t<p>\t\t<div data-elementor-type=\"wp-post\" data-elementor-id=\"43481\" class=\"elementor elementor-43481 elementor-39592\">\n\t\t\t\t<div class=\"elementor-element elementor-element-ec41493 e-flex e-con-boxed e-con e-parent\" data-id=\"ec41493\" data-element_type=\"container\" data-settings=\"{&quot;background_background&quot;:&quot;classic&quot;}\">\n\t\t\t\t\t<div class=\"e-con-inner\">\n\t\t<div class=\"elementor-element elementor-element-afa3678 e-con-full e-flex e-con e-child\" data-id=\"afa3678\" data-element_type=\"container\">\n\t\t\t\t<div class=\"elementor-element elementor-element-ca81e71 elementor-widget elementor-widget-heading\" data-id=\"ca81e71\" data-element_type=\"widget\" data-widget_type=\"heading.default\">\n\t\t\t\t<div class=\"elementor-widget-container\">\n\t\t\t<div class=\"elementor-heading-title elementor-size-default\">Cala San Vicente and its surroundings<\/div>\t\t<\/div>\n\t\t\t\t<\/div>\n\t\t<div class=\"elementor-element elementor-element-c6e24b4 e-con-full e-flex e-con e-child\" data-id=\"c6e24b4\" data-element_type=\"container\">\n\t\t<div class=\"elementor-element elementor-element-b3faa77 e-con-full e-flex e-con e-child\" data-id=\"b3faa77\" data-element_type=\"container\" data-settings=\"{&quot;background_background&quot;:&quot;classic&quot;}\">\n\t\t\t\t<div class=\"elementor-element elementor-element-604c102 elementor-widget elementor-widget-spacer\" data-id=\"604c102\" data-element_type=\"widget\" data-widget_type=\"spacer.default\">\n\t\t\t\t<div class=\"elementor-widget-container\">\n\t\t\t\t\t<div class=\"elementor-spacer\">\n\t\t\t<div class=\"elementor-spacer-inner\"><\/div>\n\t\t<\/div>\n\t\t\t\t<\/div>\n\t\t\t\t<\/div>\n\t\t\t\t<\/div>\n\t\t\t\t<\/div>\n\t\t<div class=\"elementor-element elementor-element-8adfb2b e-con-full e-flex e-con e-child\" data-id=\"8adfb2b\" data-element_type=\"container\">\n\t\t<div class=\"elementor-element elementor-element-179837f e-con-full e-flex e-con e-child\" data-id=\"179837f\" data-element_type=\"container\">\n\t\t\t\t<div class=\"elementor-element elementor-element-dbdb7a8 elementor-widget__width-auto elementor-widget elementor-widget-html\" data-id=\"dbdb7a8\" data-element_type=\"widget\" data-widget_type=\"html.default\">\n\t\t\t\t<div class=\"elementor-widget-container\">\n\t\t\t<a class=\"copi\" href=\"javascript:getlink();\"><i aria-hidden=\"true\" class=\"fas fa-link\"><\/i> <b>Copy link<\/b><\/a>\r\n<style>\r\n    .alignright{\r\n        width:100%;\r\n        text-align:right;\r\n        \r\n    }\r\n<\/style>\r\n\r\n<script>\/\/<![CDATA[\r\nfunction getlink() {\r\nvar aux = document.createElement(\"input\");\r\naux.setAttribute(\"value\",window.location.href);\r\ndocument.body.appendChild(aux);\r\naux.select();\r\ndocument.execCommand(\"copy\");\r\ndocument.body.removeChild(aux);\r\nalert(\"Link copiado\");\r\n}\r\n\/\/]]><\/script>\t\t<\/div>\n\t\t\t\t<\/div>\n\t\t\t\t<\/div>\n\t\t<div class=\"elementor-element elementor-element-68684d4 alignright e-con-full e-flex e-con e-child\" data-id=\"68684d4\" data-element_type=\"container\">\n\t\t\t\t<div class=\"elementor-element elementor-element-19f2f15 elementor-widget__width-auto elementor-widget elementor-widget-heading\" data-id=\"19f2f15\" data-element_type=\"widget\" data-widget_type=\"heading.default\">\n\t\t\t\t<div class=\"elementor-widget-container\">\n\t\t\t<div class=\"elementor-heading-title elementor-size-default\">Share<\/div>\t\t<\/div>\n\t\t\t\t<\/div>\n\t\t\t\t<div class=\"elementor-element elementor-element-4f6ed67 elementor-widget__width-auto elementor-widget elementor-widget-shortcode\" data-id=\"4f6ed67\" data-element_type=\"widget\" data-widget_type=\"shortcode.default\">\n\t\t\t\t<div class=\"elementor-widget-container\">\n\t\t\t\t\t<div class=\"elementor-shortcode\"><div class=\"addtoany_shortcode\"><div class=\"a2a_kit a2a_kit_size_32 addtoany_list\" data-a2a-url=\"https:\/\/www.calasanvicente.es\/en\/cala-san-vicente\/culture-and-festivals\/\" data-a2a-title=\"Culture and festivals\"><a class=\"a2a_button_facebook\" href=\"https:\/\/www.addtoany.com\/add_to\/facebook?linkurl=https%3A%2F%2Fwww.calasanvicente.es%2Fen%2Fcala-san-vicente%2Fculture-and-festivals%2F&amp;linkname=Culture%20and%20festivals\" title=\"Facebook\" rel=\"nofollow noopener\" target=\"_blank\"><\/a><a class=\"a2a_button_twitter\" href=\"https:\/\/www.addtoany.com\/add_to\/twitter?linkurl=https%3A%2F%2Fwww.calasanvicente.es%2Fen%2Fcala-san-vicente%2Fculture-and-festivals%2F&amp;linkname=Culture%20and%20festivals\" title=\"Twitter\" rel=\"nofollow noopener\" target=\"_blank\"><\/a><a class=\"a2a_button_whatsapp\" href=\"https:\/\/www.addtoany.com\/add_to\/whatsapp?linkurl=https%3A%2F%2Fwww.calasanvicente.es%2Fen%2Fcala-san-vicente%2Fculture-and-festivals%2F&amp;linkname=Culture%20and%20festivals\" title=\"WhatsApp\" rel=\"nofollow noopener\" target=\"_blank\"><\/a><a class=\"a2a_button_email\" href=\"https:\/\/www.addtoany.com\/add_to\/email?linkurl=https%3A%2F%2Fwww.calasanvicente.es%2Fen%2Fcala-san-vicente%2Fculture-and-festivals%2F&amp;linkname=Culture%20and%20festivals\" title=\"Email\" rel=\"nofollow noopener\" target=\"_blank\"><\/a><a class=\"a2a_dd addtoany_share_save addtoany_share\" href=\"https:\/\/www.addtoany.com\/share\"><\/a><\/div><\/div><\/div>\n\t\t\t\t<\/div>\n\t\t\t\t<\/div>\n\t\t\t\t<\/div>\n\t\t\t\t<\/div>\n\t\t<div class=\"elementor-element elementor-element-61fa066 e-con-full e-flex e-con e-child\" data-id=\"61fa066\" data-element_type=\"container\">\n\t\t<div class=\"elementor-element elementor-element-97ea0f7 e-con-full e-flex e-con e-child\" data-id=\"97ea0f7\" data-element_type=\"container\">\n\t\t\t\t<div class=\"elementor-element elementor-element-335a7d8 elementor-widget-divider--view-line elementor-widget elementor-widget-divider\" data-id=\"335a7d8\" data-element_type=\"widget\" data-widget_type=\"divider.default\">\n\t\t\t\t<div class=\"elementor-widget-container\">\n\t\t\t\t\t<div class=\"elementor-divider\">\n\t\t\t<span class=\"elementor-divider-separator\">\n\t\t\t\t\t\t<\/span>\n\t\t<\/div>\n\t\t\t\t<\/div>\n\t\t\t\t<\/div>\n\t\t\t\t<div class=\"elementor-element elementor-element-7bf703b elementor-widget elementor-widget-heading\" data-id=\"7bf703b\" data-element_type=\"widget\" data-widget_type=\"heading.default\">\n\t\t\t\t<div class=\"elementor-widget-container\">\n\t\t\t<div class=\"elementor-heading-title elementor-size-default\">Cala San Vicente and its surroundings<\/div>\t\t<\/div>\n\t\t\t\t<\/div>\n\t\t\t\t<div class=\"elementor-element elementor-element-909789b elementor-widget elementor-widget-text-editor\" data-id=\"909789b\" data-element_type=\"widget\" data-widget_type=\"text-editor.default\">\n\t\t\t\t<div class=\"elementor-widget-container\">\n\t\t\t\t\t\t\t<p><span style=\"font-weight: 400;\">Pollensa (the ancient Roman city of Pollentia), Puerto de Pollensa and Cala de San Vicente, like Alcudia, constitute one of the most beautiful areas in the north of the island and, without a doubt, an attractive place to visit.\u00a0<\/span><\/p><p><span style=\"font-weight: 400;\">The municipality of Pollensa offers everyone who wants to come the possibility of enjoying a sea and mountain landscape or a wide range of cultural and service offerings. Beautiful places such as the Calvary or the Roman Bridge, after the 1st century AD and which is over the Torrente de Sant Jordi, the interesting municipal museum, the Music Festival, the numerous art exhibitions&#8230; make the visit to the center of Pollensa very attractive.<\/span><\/p><p><span style=\"font-weight: 400;\">Pollensa has a prominent role in the cultural world of the island. From the early years of the 20th century, Pollensa became a favorite place for painters who visited the island. Names like Miguel Costa Llobera, Ram\u00f3n Pic\u00f3 Campamar, Santiago Rusi\u00f1ol, Joaqu\u00edn Mir, Anglada Camarasa, Tito Cittadini, Dion\u00eds Benn\u00e1ssar and many more have contributed with their works (literary and pictorial) to making Pollensa a well-known place inside and outside of Mallorca.<\/span><\/p>\t\t\t\t\t\t<\/div>\n\t\t\t\t<\/div>\n\t\t\t\t<\/div>\n\t\t\t\t<\/div>\n\t\t\t\t<\/div>\n\t\t\t\t\t<\/div>\n\t\t\t\t<\/div>\n\t\t\t\t<\/div>\n\t\t<\/p>\t\t\t\t\t<\/div>\r\n\t\t\t\t\t\t\t\t\t<\/div>\r\n\t\t\t<\/div>\r\n\t\t<\/div>\r\n\r\n\t\t\t\t<\/div>\n\t\t\t\t<\/div>\n\t\t\t\t<div class=\"elementor-element elementor-element-486432c elementor-widget elementor-widget-spacer\" data-id=\"486432c\" data-element_type=\"widget\" data-widget_type=\"spacer.default\">\n\t\t\t\t<div class=\"elementor-widget-container\">\n\t\t\t\t\t<div class=\"elementor-spacer\">\n\t\t\t<div class=\"elementor-spacer-inner\"><\/div>\n\t\t<\/div>\n\t\t\t\t<\/div>\n\t\t\t\t<\/div>\n\t\t\t\t<div class=\"elementor-element elementor-element-376f47c premium-modal-dismissible-yes elementor-widget elementor-widget-premium-addon-modal-box\" data-id=\"376f47c\" data-element_type=\"widget\" data-settings=\"{&quot;premium_modal_box_animation&quot;:&quot;fadeInDown&quot;}\" data-widget_type=\"premium-addon-modal-box.default\">\n\t\t\t\t<div class=\"elementor-widget-container\">\n\t\t\t\r\n\t\t<div class=\"premium-modal-box-container\" data-settings=\"{&quot;trigger&quot;:&quot;text&quot;}\">\r\n\t\t\t<div class=\"premium-modal-trigger-container\">\r\n\t\t\t\t\t\t\t\t\t<span data-toggle=\"premium-modal\" data-target=\"#premium-modal-376f47c\" class=\"premium-modal-trigger-text\">\r\n\t\t\t\t\t\t<div >\r\n\t\t\t\t\t\t\tPollensa (the ancient Roman city of Pollentia), Puerto de Pollensa and Cala de San Vicente,...\t\t\t\t\t\t<\/div>\r\n\t\t\t\t\t<\/span>\r\n\t\t\t\t\t\t\t<\/div>\r\n\r\n\t\t\t<div id=\"premium-modal-376f47c\" class=\"premium-modal-box-modal\"\r\n\t\t\trole=\"dialog\"\r\n\t\t\tstyle=\"display: none\"\r\n\t\t\t>\r\n\t\t\t\t<div class=\"premium-modal-box-modal-dialog\" data-delay-animation=\"\" data-modal-animation=\"fadeInDown animated-fast\">\r\n\t\t\t\t\t\t\t\t\t\t\t<div class=\"premium-modal-box-modal-header\">\r\n\t\t\t\t\t\t\t\t\t\t\t\t\t\t\t\t\t\t\t\t\t\t<div class=\"premium-modal-box-close-button-container\">\r\n\t\t\t\t\t\t\t\t\t<button type=\"button\" class=\"premium-modal-box-modal-close\" data-dismiss=\"premium-modal\">&times;<\/button>\r\n\t\t\t\t\t\t\t\t<\/div>\r\n\t\t\t\t\t\t\t\t\t\t\t\t\t<\/div>\r\n\t\t\t\t\t\t\t\t\t\t<div class=\"premium-modal-box-modal-body\">\r\n\t\t\t\t\t\t<p>\t\t<div data-elementor-type=\"wp-post\" data-elementor-id=\"43481\" class=\"elementor elementor-43481 elementor-39592\">\n\t\t\t\t<div class=\"elementor-element elementor-element-ec41493 e-flex e-con-boxed e-con e-parent\" data-id=\"ec41493\" data-element_type=\"container\" data-settings=\"{&quot;background_background&quot;:&quot;classic&quot;}\">\n\t\t\t\t\t<div class=\"e-con-inner\">\n\t\t<div class=\"elementor-element elementor-element-afa3678 e-con-full e-flex e-con e-child\" data-id=\"afa3678\" data-element_type=\"container\">\n\t\t\t\t<div class=\"elementor-element elementor-element-ca81e71 elementor-widget elementor-widget-heading\" data-id=\"ca81e71\" data-element_type=\"widget\" data-widget_type=\"heading.default\">\n\t\t\t\t<div class=\"elementor-widget-container\">\n\t\t\t<div class=\"elementor-heading-title elementor-size-default\">Cala San Vicente and its surroundings<\/div>\t\t<\/div>\n\t\t\t\t<\/div>\n\t\t<div class=\"elementor-element elementor-element-c6e24b4 e-con-full e-flex e-con e-child\" data-id=\"c6e24b4\" data-element_type=\"container\">\n\t\t<div class=\"elementor-element elementor-element-b3faa77 e-con-full e-flex e-con e-child\" data-id=\"b3faa77\" data-element_type=\"container\" data-settings=\"{&quot;background_background&quot;:&quot;classic&quot;}\">\n\t\t\t\t<div class=\"elementor-element elementor-element-604c102 elementor-widget elementor-widget-spacer\" data-id=\"604c102\" data-element_type=\"widget\" data-widget_type=\"spacer.default\">\n\t\t\t\t<div class=\"elementor-widget-container\">\n\t\t\t\t\t<div class=\"elementor-spacer\">\n\t\t\t<div class=\"elementor-spacer-inner\"><\/div>\n\t\t<\/div>\n\t\t\t\t<\/div>\n\t\t\t\t<\/div>\n\t\t\t\t<\/div>\n\t\t\t\t<\/div>\n\t\t<div class=\"elementor-element elementor-element-8adfb2b e-con-full e-flex e-con e-child\" data-id=\"8adfb2b\" data-element_type=\"container\">\n\t\t<div class=\"elementor-element elementor-element-179837f e-con-full e-flex e-con e-child\" data-id=\"179837f\" data-element_type=\"container\">\n\t\t\t\t<div class=\"elementor-element elementor-element-dbdb7a8 elementor-widget__width-auto elementor-widget elementor-widget-html\" data-id=\"dbdb7a8\" data-element_type=\"widget\" data-widget_type=\"html.default\">\n\t\t\t\t<div class=\"elementor-widget-container\">\n\t\t\t<a class=\"copi\" href=\"javascript:getlink();\"><i aria-hidden=\"true\" class=\"fas fa-link\"><\/i> <b>Copy link<\/b><\/a>\r\n<style>\r\n    .alignright{\r\n        width:100%;\r\n        text-align:right;\r\n        \r\n    }\r\n<\/style>\r\n\r\n<script>\/\/<![CDATA[\r\nfunction getlink() {\r\nvar aux = document.createElement(\"input\");\r\naux.setAttribute(\"value\",window.location.href);\r\ndocument.body.appendChild(aux);\r\naux.select();\r\ndocument.execCommand(\"copy\");\r\ndocument.body.removeChild(aux);\r\nalert(\"Link copiado\");\r\n}\r\n\/\/]]><\/script>\t\t<\/div>\n\t\t\t\t<\/div>\n\t\t\t\t<\/div>\n\t\t<div class=\"elementor-element elementor-element-68684d4 alignright e-con-full e-flex e-con e-child\" data-id=\"68684d4\" data-element_type=\"container\">\n\t\t\t\t<div class=\"elementor-element elementor-element-19f2f15 elementor-widget__width-auto elementor-widget elementor-widget-heading\" data-id=\"19f2f15\" data-element_type=\"widget\" data-widget_type=\"heading.default\">\n\t\t\t\t<div class=\"elementor-widget-container\">\n\t\t\t<div class=\"elementor-heading-title elementor-size-default\">Share<\/div>\t\t<\/div>\n\t\t\t\t<\/div>\n\t\t\t\t<div class=\"elementor-element elementor-element-4f6ed67 elementor-widget__width-auto elementor-widget elementor-widget-shortcode\" data-id=\"4f6ed67\" data-element_type=\"widget\" data-widget_type=\"shortcode.default\">\n\t\t\t\t<div class=\"elementor-widget-container\">\n\t\t\t\t\t<div class=\"elementor-shortcode\"><div class=\"addtoany_shortcode\"><div class=\"a2a_kit a2a_kit_size_32 addtoany_list\" data-a2a-url=\"https:\/\/www.calasanvicente.es\/en\/cala-san-vicente\/culture-and-festivals\/\" data-a2a-title=\"Culture and festivals\"><a class=\"a2a_button_facebook\" href=\"https:\/\/www.addtoany.com\/add_to\/facebook?linkurl=https%3A%2F%2Fwww.calasanvicente.es%2Fen%2Fcala-san-vicente%2Fculture-and-festivals%2F&amp;linkname=Culture%20and%20festivals\" title=\"Facebook\" rel=\"nofollow noopener\" target=\"_blank\"><\/a><a class=\"a2a_button_twitter\" href=\"https:\/\/www.addtoany.com\/add_to\/twitter?linkurl=https%3A%2F%2Fwww.calasanvicente.es%2Fen%2Fcala-san-vicente%2Fculture-and-festivals%2F&amp;linkname=Culture%20and%20festivals\" title=\"Twitter\" rel=\"nofollow noopener\" target=\"_blank\"><\/a><a class=\"a2a_button_whatsapp\" href=\"https:\/\/www.addtoany.com\/add_to\/whatsapp?linkurl=https%3A%2F%2Fwww.calasanvicente.es%2Fen%2Fcala-san-vicente%2Fculture-and-festivals%2F&amp;linkname=Culture%20and%20festivals\" title=\"WhatsApp\" rel=\"nofollow noopener\" target=\"_blank\"><\/a><a class=\"a2a_button_email\" href=\"https:\/\/www.addtoany.com\/add_to\/email?linkurl=https%3A%2F%2Fwww.calasanvicente.es%2Fen%2Fcala-san-vicente%2Fculture-and-festivals%2F&amp;linkname=Culture%20and%20festivals\" title=\"Email\" rel=\"nofollow noopener\" target=\"_blank\"><\/a><a class=\"a2a_dd addtoany_share_save addtoany_share\" href=\"https:\/\/www.addtoany.com\/share\"><\/a><\/div><\/div><\/div>\n\t\t\t\t<\/div>\n\t\t\t\t<\/div>\n\t\t\t\t<\/div>\n\t\t\t\t<\/div>\n\t\t<div class=\"elementor-element elementor-element-61fa066 e-con-full e-flex e-con e-child\" data-id=\"61fa066\" data-element_type=\"container\">\n\t\t<div class=\"elementor-element elementor-element-97ea0f7 e-con-full e-flex e-con e-child\" data-id=\"97ea0f7\" data-element_type=\"container\">\n\t\t\t\t<div class=\"elementor-element elementor-element-335a7d8 elementor-widget-divider--view-line elementor-widget elementor-widget-divider\" data-id=\"335a7d8\" data-element_type=\"widget\" data-widget_type=\"divider.default\">\n\t\t\t\t<div class=\"elementor-widget-container\">\n\t\t\t\t\t<div class=\"elementor-divider\">\n\t\t\t<span class=\"elementor-divider-separator\">\n\t\t\t\t\t\t<\/span>\n\t\t<\/div>\n\t\t\t\t<\/div>\n\t\t\t\t<\/div>\n\t\t\t\t<div class=\"elementor-element elementor-element-7bf703b elementor-widget elementor-widget-heading\" data-id=\"7bf703b\" data-element_type=\"widget\" data-widget_type=\"heading.default\">\n\t\t\t\t<div class=\"elementor-widget-container\">\n\t\t\t<div class=\"elementor-heading-title elementor-size-default\">Cala San Vicente and its surroundings<\/div>\t\t<\/div>\n\t\t\t\t<\/div>\n\t\t\t\t<div class=\"elementor-element elementor-element-909789b elementor-widget elementor-widget-text-editor\" data-id=\"909789b\" data-element_type=\"widget\" data-widget_type=\"text-editor.default\">\n\t\t\t\t<div class=\"elementor-widget-container\">\n\t\t\t\t\t\t\t<p><span style=\"font-weight: 400;\">Pollensa (the ancient Roman city of Pollentia), Puerto de Pollensa and Cala de San Vicente, like Alcudia, constitute one of the most beautiful areas in the north of the island and, without a doubt, an attractive place to visit.\u00a0<\/span><\/p><p><span style=\"font-weight: 400;\">The municipality of Pollensa offers everyone who wants to come the possibility of enjoying a sea and mountain landscape or a wide range of cultural and service offerings. Beautiful places such as the Calvary or the Roman Bridge, after the 1st century AD and which is over the Torrente de Sant Jordi, the interesting municipal museum, the Music Festival, the numerous art exhibitions&#8230; make the visit to the center of Pollensa very attractive.<\/span><\/p><p><span style=\"font-weight: 400;\">Pollensa has a prominent role in the cultural world of the island. From the early years of the 20th century, Pollensa became a favorite place for painters who visited the island. Names like Miguel Costa Llobera, Ram\u00f3n Pic\u00f3 Campamar, Santiago Rusi\u00f1ol, Joaqu\u00edn Mir, Anglada Camarasa, Tito Cittadini, Dion\u00eds Benn\u00e1ssar and many more have contributed with their works (literary and pictorial) to making Pollensa a well-known place inside and outside of Mallorca.<\/span><\/p>\t\t\t\t\t\t<\/div>\n\t\t\t\t<\/div>\n\t\t\t\t<\/div>\n\t\t\t\t<\/div>\n\t\t\t\t<\/div>\n\t\t\t\t\t<\/div>\n\t\t\t\t<\/div>\n\t\t\t\t<\/div>\n\t\t<\/p>\t\t\t\t\t<\/div>\r\n\t\t\t\t\t\t\t\t\t<\/div>\r\n\t\t\t<\/div>\r\n\t\t<\/div>\r\n\r\n\t\t\t\t<\/div>\n\t\t\t\t<\/div>\n\t\t\t\t\t<\/div>\n\t\t<\/div>\n\t\t\t\t<div class=\"elementor-column elementor-col-33 elementor-top-column elementor-element elementor-element-9fdb456\" data-id=\"9fdb456\" data-element_type=\"column\" data-settings=\"{&quot;background_background&quot;:&quot;classic&quot;}\">\n\t\t\t<div class=\"elementor-widget-wrap elementor-element-populated\">\n\t\t\t\t\t\t<div class=\"elementor-element elementor-element-97482c8 premium-modal-dismissible-yes elementor-widget elementor-widget-premium-addon-modal-box\" data-id=\"97482c8\" data-element_type=\"widget\" data-settings=\"{&quot;premium_modal_box_animation&quot;:&quot;fadeInDown&quot;}\" data-widget_type=\"premium-addon-modal-box.default\">\n\t\t\t\t<div class=\"elementor-widget-container\">\n\t\t\t\r\n\t\t<div class=\"premium-modal-box-container\" data-settings=\"{&quot;trigger&quot;:&quot;image&quot;}\">\r\n\t\t\t<div class=\"premium-modal-trigger-container\">\r\n\t\t\t\t\t\t\t\t\t<img decoding=\"async\" data-toggle=\"premium-modal\" data-target=\"#premium-modal-97482c8\" class=\"premium-modal-trigger-img\" src=\"https:\/\/www.calasanvicente.es\/wp-content\/uploads\/2023\/11\/sanvicente.jpg\" alt=\"sanvicente\">\r\n\t\t\t\t\t\t\t<\/div>\r\n\r\n\t\t\t<div id=\"premium-modal-97482c8\" class=\"premium-modal-box-modal\"\r\n\t\t\trole=\"dialog\"\r\n\t\t\tstyle=\"display: none\"\r\n\t\t\t>\r\n\t\t\t\t<div class=\"premium-modal-box-modal-dialog\" data-delay-animation=\"\" data-modal-animation=\"fadeInDown animated-fast\">\r\n\t\t\t\t\t\t\t\t\t\t\t<div class=\"premium-modal-box-modal-header\">\r\n\t\t\t\t\t\t\t\t\t\t\t\t\t\t\t\t\t\t\t\t\t\t<div class=\"premium-modal-box-close-button-container\">\r\n\t\t\t\t\t\t\t\t\t<button type=\"button\" class=\"premium-modal-box-modal-close\" data-dismiss=\"premium-modal\">&times;<\/button>\r\n\t\t\t\t\t\t\t\t<\/div>\r\n\t\t\t\t\t\t\t\t\t\t\t\t\t<\/div>\r\n\t\t\t\t\t\t\t\t\t\t<div class=\"premium-modal-box-modal-body\">\r\n\t\t\t\t\t\t<p>\t\t<div data-elementor-type=\"wp-post\" data-elementor-id=\"43482\" class=\"elementor elementor-43482 elementor-39591\">\n\t\t\t\t<div class=\"elementor-element elementor-element-6a20b2e e-flex e-con-boxed e-con e-parent\" data-id=\"6a20b2e\" data-element_type=\"container\" data-settings=\"{&quot;background_background&quot;:&quot;classic&quot;}\">\n\t\t\t\t\t<div class=\"e-con-inner\">\n\t\t<div class=\"elementor-element elementor-element-6c156cf e-con-full e-flex e-con e-child\" data-id=\"6c156cf\" data-element_type=\"container\">\n\t\t\t\t<div class=\"elementor-element elementor-element-1658dc2 elementor-widget elementor-widget-heading\" data-id=\"1658dc2\" data-element_type=\"widget\" data-widget_type=\"heading.default\">\n\t\t\t\t<div class=\"elementor-widget-container\">\n\t\t\t<div class=\"elementor-heading-title elementor-size-default\">Archaeological complex in Cala San Vicente<\/div>\t\t<\/div>\n\t\t\t\t<\/div>\n\t\t<div class=\"elementor-element elementor-element-cdb0ed6 e-con-full e-flex e-con e-child\" data-id=\"cdb0ed6\" data-element_type=\"container\">\n\t\t<div class=\"elementor-element elementor-element-9397429 e-con-full e-flex e-con e-child\" data-id=\"9397429\" data-element_type=\"container\" data-settings=\"{&quot;background_background&quot;:&quot;classic&quot;}\">\n\t\t\t\t<div class=\"elementor-element elementor-element-5629e41 elementor-widget elementor-widget-spacer\" data-id=\"5629e41\" data-element_type=\"widget\" data-widget_type=\"spacer.default\">\n\t\t\t\t<div class=\"elementor-widget-container\">\n\t\t\t\t\t<div class=\"elementor-spacer\">\n\t\t\t<div class=\"elementor-spacer-inner\"><\/div>\n\t\t<\/div>\n\t\t\t\t<\/div>\n\t\t\t\t<\/div>\n\t\t\t\t<\/div>\n\t\t\t\t<\/div>\n\t\t<div class=\"elementor-element elementor-element-80bfd08 e-con-full e-flex e-con e-child\" data-id=\"80bfd08\" data-element_type=\"container\">\n\t\t<div class=\"elementor-element elementor-element-097e29b e-con-full e-flex e-con e-child\" data-id=\"097e29b\" data-element_type=\"container\">\n\t\t\t\t<div class=\"elementor-element elementor-element-5482afb elementor-widget__width-auto elementor-widget elementor-widget-html\" data-id=\"5482afb\" data-element_type=\"widget\" data-widget_type=\"html.default\">\n\t\t\t\t<div class=\"elementor-widget-container\">\n\t\t\t<a class=\"copi\" href=\"javascript:getlink();\"><i aria-hidden=\"true\" class=\"fas fa-link\"><\/i> <b>Copy link<\/b><\/a>\r\n<style>\r\n    .alignright{\r\n        width:100%;\r\n        text-align:right;\r\n        \r\n    }\r\n<\/style>\r\n\r\n<script>\/\/<![CDATA[\r\nfunction getlink() {\r\nvar aux = document.createElement(\"input\");\r\naux.setAttribute(\"value\",window.location.href);\r\ndocument.body.appendChild(aux);\r\naux.select();\r\ndocument.execCommand(\"copy\");\r\ndocument.body.removeChild(aux);\r\nalert(\"Link copiado\");\r\n}\r\n\/\/]]><\/script>\t\t<\/div>\n\t\t\t\t<\/div>\n\t\t\t\t<\/div>\n\t\t<div class=\"elementor-element elementor-element-048aa2b alignright e-con-full e-flex e-con e-child\" data-id=\"048aa2b\" data-element_type=\"container\">\n\t\t\t\t<div class=\"elementor-element elementor-element-4e45ea3 elementor-widget__width-auto elementor-widget elementor-widget-heading\" data-id=\"4e45ea3\" data-element_type=\"widget\" data-widget_type=\"heading.default\">\n\t\t\t\t<div class=\"elementor-widget-container\">\n\t\t\t<div class=\"elementor-heading-title elementor-size-default\">Share<\/div>\t\t<\/div>\n\t\t\t\t<\/div>\n\t\t\t\t<div class=\"elementor-element elementor-element-e8a8ab4 elementor-widget__width-auto elementor-widget elementor-widget-shortcode\" data-id=\"e8a8ab4\" data-element_type=\"widget\" data-widget_type=\"shortcode.default\">\n\t\t\t\t<div class=\"elementor-widget-container\">\n\t\t\t\t\t<div class=\"elementor-shortcode\"><div class=\"addtoany_shortcode\"><div class=\"a2a_kit a2a_kit_size_32 addtoany_list\" data-a2a-url=\"https:\/\/www.calasanvicente.es\/en\/cala-san-vicente\/culture-and-festivals\/\" data-a2a-title=\"Culture and festivals\"><a class=\"a2a_button_facebook\" href=\"https:\/\/www.addtoany.com\/add_to\/facebook?linkurl=https%3A%2F%2Fwww.calasanvicente.es%2Fen%2Fcala-san-vicente%2Fculture-and-festivals%2F&amp;linkname=Culture%20and%20festivals\" title=\"Facebook\" rel=\"nofollow noopener\" target=\"_blank\"><\/a><a class=\"a2a_button_twitter\" href=\"https:\/\/www.addtoany.com\/add_to\/twitter?linkurl=https%3A%2F%2Fwww.calasanvicente.es%2Fen%2Fcala-san-vicente%2Fculture-and-festivals%2F&amp;linkname=Culture%20and%20festivals\" title=\"Twitter\" rel=\"nofollow noopener\" target=\"_blank\"><\/a><a class=\"a2a_button_whatsapp\" href=\"https:\/\/www.addtoany.com\/add_to\/whatsapp?linkurl=https%3A%2F%2Fwww.calasanvicente.es%2Fen%2Fcala-san-vicente%2Fculture-and-festivals%2F&amp;linkname=Culture%20and%20festivals\" title=\"WhatsApp\" rel=\"nofollow noopener\" target=\"_blank\"><\/a><a class=\"a2a_button_email\" href=\"https:\/\/www.addtoany.com\/add_to\/email?linkurl=https%3A%2F%2Fwww.calasanvicente.es%2Fen%2Fcala-san-vicente%2Fculture-and-festivals%2F&amp;linkname=Culture%20and%20festivals\" title=\"Email\" rel=\"nofollow noopener\" target=\"_blank\"><\/a><a class=\"a2a_dd addtoany_share_save addtoany_share\" href=\"https:\/\/www.addtoany.com\/share\"><\/a><\/div><\/div><\/div>\n\t\t\t\t<\/div>\n\t\t\t\t<\/div>\n\t\t\t\t<\/div>\n\t\t\t\t<\/div>\n\t\t<div class=\"elementor-element elementor-element-519103e e-con-full e-flex e-con e-child\" data-id=\"519103e\" data-element_type=\"container\">\n\t\t<div class=\"elementor-element elementor-element-71f50b9 e-con-full e-flex e-con e-child\" data-id=\"71f50b9\" data-element_type=\"container\">\n\t\t\t\t<div class=\"elementor-element elementor-element-a77c830 elementor-widget-divider--view-line elementor-widget elementor-widget-divider\" data-id=\"a77c830\" data-element_type=\"widget\" data-widget_type=\"divider.default\">\n\t\t\t\t<div class=\"elementor-widget-container\">\n\t\t\t\t\t<div class=\"elementor-divider\">\n\t\t\t<span class=\"elementor-divider-separator\">\n\t\t\t\t\t\t<\/span>\n\t\t<\/div>\n\t\t\t\t<\/div>\n\t\t\t\t<\/div>\n\t\t\t\t<div class=\"elementor-element elementor-element-39e32bd elementor-widget elementor-widget-heading\" data-id=\"39e32bd\" data-element_type=\"widget\" data-widget_type=\"heading.default\">\n\t\t\t\t<div class=\"elementor-widget-container\">\n\t\t\t<div class=\"elementor-heading-title elementor-size-default\">Archaeological complex in Cala San Vicente<\/div>\t\t<\/div>\n\t\t\t\t<\/div>\n\t\t\t\t<div class=\"elementor-element elementor-element-7f88f5c elementor-widget elementor-widget-text-editor\" data-id=\"7f88f5c\" data-element_type=\"widget\" data-widget_type=\"text-editor.default\">\n\t\t\t\t<div class=\"elementor-widget-container\">\n\t\t\t\t\t\t\t<p><span style=\"font-weight: 400;\">Alzinere is an archaeological complex located in Cala San Vicente, Mallorca. It consists of a talayot \u200b\u200band several prehistoric caves dating back to around 1000 BC.\u00a0<\/span><\/p><p><span style=\"font-weight: 400;\">The Alzinere talayot \u200b\u200bis a circular stone structure that was used as a surveillance and defense tower. Around the talayot, you can find remains of houses and walls that formed a prehistoric settlement. The prehistoric caves found in Alzinere were used as homes and warehouses thousands of years ago. Remains of pottery, stone tools and other objects have been found in them that give clues about how people lived in prehistoric times. Today, you can visit the talayot \u200b\u200band the prehistoric caves of Alzinere in Cala San Vicente.\u00a0<\/span><\/p><p><span style=\"font-weight: 400;\">The site is well preserved and has information panels that explain the history and importance of the archaeological remains found there. The visit is free and can be guided or self-guided.<\/span><\/p>\t\t\t\t\t\t<\/div>\n\t\t\t\t<\/div>\n\t\t\t\t<\/div>\n\t\t\t\t<\/div>\n\t\t\t\t<\/div>\n\t\t\t\t\t<\/div>\n\t\t\t\t<\/div>\n\t\t\t\t<\/div>\n\t\t<\/p>\t\t\t\t\t<\/div>\r\n\t\t\t\t\t\t\t\t\t<\/div>\r\n\t\t\t<\/div>\r\n\t\t<\/div>\r\n\r\n\t\t\t\t<\/div>\n\t\t\t\t<\/div>\n\t\t\t\t<div class=\"elementor-element elementor-element-55dfd6a titpopup premium-modal-dismissible-yes elementor-widget elementor-widget-premium-addon-modal-box\" data-id=\"55dfd6a\" data-element_type=\"widget\" data-settings=\"{&quot;premium_modal_box_animation&quot;:&quot;fadeInDown&quot;}\" data-widget_type=\"premium-addon-modal-box.default\">\n\t\t\t\t<div class=\"elementor-widget-container\">\n\t\t\t\r\n\t\t<div class=\"premium-modal-box-container\" data-settings=\"{&quot;trigger&quot;:&quot;text&quot;}\">\r\n\t\t\t<div class=\"premium-modal-trigger-container\">\r\n\t\t\t\t\t\t\t\t\t<span data-toggle=\"premium-modal\" data-target=\"#premium-modal-55dfd6a\" class=\"premium-modal-trigger-text\">\r\n\t\t\t\t\t\t<div >\r\n\t\t\t\t\t\t\t<H2>Archaeological complex in Cala San Vicente<\/H2>\t\t\t\t\t\t<\/div>\r\n\t\t\t\t\t<\/span>\r\n\t\t\t\t\t\t\t<\/div>\r\n\r\n\t\t\t<div id=\"premium-modal-55dfd6a\" class=\"premium-modal-box-modal\"\r\n\t\t\trole=\"dialog\"\r\n\t\t\tstyle=\"display: none\"\r\n\t\t\t>\r\n\t\t\t\t<div class=\"premium-modal-box-modal-dialog\" data-delay-animation=\"\" data-modal-animation=\"fadeInDown animated-fast\">\r\n\t\t\t\t\t\t\t\t\t\t\t<div class=\"premium-modal-box-modal-header\">\r\n\t\t\t\t\t\t\t\t\t\t\t\t\t\t\t\t\t\t\t\t\t\t<div class=\"premium-modal-box-close-button-container\">\r\n\t\t\t\t\t\t\t\t\t<button type=\"button\" class=\"premium-modal-box-modal-close\" data-dismiss=\"premium-modal\">&times;<\/button>\r\n\t\t\t\t\t\t\t\t<\/div>\r\n\t\t\t\t\t\t\t\t\t\t\t\t\t<\/div>\r\n\t\t\t\t\t\t\t\t\t\t<div class=\"premium-modal-box-modal-body\">\r\n\t\t\t\t\t\t<p>\t\t<div data-elementor-type=\"wp-post\" data-elementor-id=\"43482\" class=\"elementor elementor-43482 elementor-39591\">\n\t\t\t\t<div class=\"elementor-element elementor-element-6a20b2e e-flex e-con-boxed e-con e-parent\" data-id=\"6a20b2e\" data-element_type=\"container\" data-settings=\"{&quot;background_background&quot;:&quot;classic&quot;}\">\n\t\t\t\t\t<div class=\"e-con-inner\">\n\t\t<div class=\"elementor-element elementor-element-6c156cf e-con-full e-flex e-con e-child\" data-id=\"6c156cf\" data-element_type=\"container\">\n\t\t\t\t<div class=\"elementor-element elementor-element-1658dc2 elementor-widget elementor-widget-heading\" data-id=\"1658dc2\" data-element_type=\"widget\" data-widget_type=\"heading.default\">\n\t\t\t\t<div class=\"elementor-widget-container\">\n\t\t\t<div class=\"elementor-heading-title elementor-size-default\">Archaeological complex in Cala San Vicente<\/div>\t\t<\/div>\n\t\t\t\t<\/div>\n\t\t<div class=\"elementor-element elementor-element-cdb0ed6 e-con-full e-flex e-con e-child\" data-id=\"cdb0ed6\" data-element_type=\"container\">\n\t\t<div class=\"elementor-element elementor-element-9397429 e-con-full e-flex e-con e-child\" data-id=\"9397429\" data-element_type=\"container\" data-settings=\"{&quot;background_background&quot;:&quot;classic&quot;}\">\n\t\t\t\t<div class=\"elementor-element elementor-element-5629e41 elementor-widget elementor-widget-spacer\" data-id=\"5629e41\" data-element_type=\"widget\" data-widget_type=\"spacer.default\">\n\t\t\t\t<div class=\"elementor-widget-container\">\n\t\t\t\t\t<div class=\"elementor-spacer\">\n\t\t\t<div class=\"elementor-spacer-inner\"><\/div>\n\t\t<\/div>\n\t\t\t\t<\/div>\n\t\t\t\t<\/div>\n\t\t\t\t<\/div>\n\t\t\t\t<\/div>\n\t\t<div class=\"elementor-element elementor-element-80bfd08 e-con-full e-flex e-con e-child\" data-id=\"80bfd08\" data-element_type=\"container\">\n\t\t<div class=\"elementor-element elementor-element-097e29b e-con-full e-flex e-con e-child\" data-id=\"097e29b\" data-element_type=\"container\">\n\t\t\t\t<div class=\"elementor-element elementor-element-5482afb elementor-widget__width-auto elementor-widget elementor-widget-html\" data-id=\"5482afb\" data-element_type=\"widget\" data-widget_type=\"html.default\">\n\t\t\t\t<div class=\"elementor-widget-container\">\n\t\t\t<a class=\"copi\" href=\"javascript:getlink();\"><i aria-hidden=\"true\" class=\"fas fa-link\"><\/i> <b>Copy link<\/b><\/a>\r\n<style>\r\n    .alignright{\r\n        width:100%;\r\n        text-align:right;\r\n        \r\n    }\r\n<\/style>\r\n\r\n<script>\/\/<![CDATA[\r\nfunction getlink() {\r\nvar aux = document.createElement(\"input\");\r\naux.setAttribute(\"value\",window.location.href);\r\ndocument.body.appendChild(aux);\r\naux.select();\r\ndocument.execCommand(\"copy\");\r\ndocument.body.removeChild(aux);\r\nalert(\"Link copiado\");\r\n}\r\n\/\/]]><\/script>\t\t<\/div>\n\t\t\t\t<\/div>\n\t\t\t\t<\/div>\n\t\t<div class=\"elementor-element elementor-element-048aa2b alignright e-con-full e-flex e-con e-child\" data-id=\"048aa2b\" data-element_type=\"container\">\n\t\t\t\t<div class=\"elementor-element elementor-element-4e45ea3 elementor-widget__width-auto elementor-widget elementor-widget-heading\" data-id=\"4e45ea3\" data-element_type=\"widget\" data-widget_type=\"heading.default\">\n\t\t\t\t<div class=\"elementor-widget-container\">\n\t\t\t<div class=\"elementor-heading-title elementor-size-default\">Share<\/div>\t\t<\/div>\n\t\t\t\t<\/div>\n\t\t\t\t<div class=\"elementor-element elementor-element-e8a8ab4 elementor-widget__width-auto elementor-widget elementor-widget-shortcode\" data-id=\"e8a8ab4\" data-element_type=\"widget\" data-widget_type=\"shortcode.default\">\n\t\t\t\t<div class=\"elementor-widget-container\">\n\t\t\t\t\t<div class=\"elementor-shortcode\"><div class=\"addtoany_shortcode\"><div class=\"a2a_kit a2a_kit_size_32 addtoany_list\" data-a2a-url=\"https:\/\/www.calasanvicente.es\/en\/cala-san-vicente\/culture-and-festivals\/\" data-a2a-title=\"Culture and festivals\"><a class=\"a2a_button_facebook\" href=\"https:\/\/www.addtoany.com\/add_to\/facebook?linkurl=https%3A%2F%2Fwww.calasanvicente.es%2Fen%2Fcala-san-vicente%2Fculture-and-festivals%2F&amp;linkname=Culture%20and%20festivals\" title=\"Facebook\" rel=\"nofollow noopener\" target=\"_blank\"><\/a><a class=\"a2a_button_twitter\" href=\"https:\/\/www.addtoany.com\/add_to\/twitter?linkurl=https%3A%2F%2Fwww.calasanvicente.es%2Fen%2Fcala-san-vicente%2Fculture-and-festivals%2F&amp;linkname=Culture%20and%20festivals\" title=\"Twitter\" rel=\"nofollow noopener\" target=\"_blank\"><\/a><a class=\"a2a_button_whatsapp\" href=\"https:\/\/www.addtoany.com\/add_to\/whatsapp?linkurl=https%3A%2F%2Fwww.calasanvicente.es%2Fen%2Fcala-san-vicente%2Fculture-and-festivals%2F&amp;linkname=Culture%20and%20festivals\" title=\"WhatsApp\" rel=\"nofollow noopener\" target=\"_blank\"><\/a><a class=\"a2a_button_email\" href=\"https:\/\/www.addtoany.com\/add_to\/email?linkurl=https%3A%2F%2Fwww.calasanvicente.es%2Fen%2Fcala-san-vicente%2Fculture-and-festivals%2F&amp;linkname=Culture%20and%20festivals\" title=\"Email\" rel=\"nofollow noopener\" target=\"_blank\"><\/a><a class=\"a2a_dd addtoany_share_save addtoany_share\" href=\"https:\/\/www.addtoany.com\/share\"><\/a><\/div><\/div><\/div>\n\t\t\t\t<\/div>\n\t\t\t\t<\/div>\n\t\t\t\t<\/div>\n\t\t\t\t<\/div>\n\t\t<div class=\"elementor-element elementor-element-519103e e-con-full e-flex e-con e-child\" data-id=\"519103e\" data-element_type=\"container\">\n\t\t<div class=\"elementor-element elementor-element-71f50b9 e-con-full e-flex e-con e-child\" data-id=\"71f50b9\" data-element_type=\"container\">\n\t\t\t\t<div class=\"elementor-element elementor-element-a77c830 elementor-widget-divider--view-line elementor-widget elementor-widget-divider\" data-id=\"a77c830\" data-element_type=\"widget\" data-widget_type=\"divider.default\">\n\t\t\t\t<div class=\"elementor-widget-container\">\n\t\t\t\t\t<div class=\"elementor-divider\">\n\t\t\t<span class=\"elementor-divider-separator\">\n\t\t\t\t\t\t<\/span>\n\t\t<\/div>\n\t\t\t\t<\/div>\n\t\t\t\t<\/div>\n\t\t\t\t<div class=\"elementor-element elementor-element-39e32bd elementor-widget elementor-widget-heading\" data-id=\"39e32bd\" data-element_type=\"widget\" data-widget_type=\"heading.default\">\n\t\t\t\t<div class=\"elementor-widget-container\">\n\t\t\t<div class=\"elementor-heading-title elementor-size-default\">Archaeological complex in Cala San Vicente<\/div>\t\t<\/div>\n\t\t\t\t<\/div>\n\t\t\t\t<div class=\"elementor-element elementor-element-7f88f5c elementor-widget elementor-widget-text-editor\" data-id=\"7f88f5c\" data-element_type=\"widget\" data-widget_type=\"text-editor.default\">\n\t\t\t\t<div class=\"elementor-widget-container\">\n\t\t\t\t\t\t\t<p><span style=\"font-weight: 400;\">Alzinere is an archaeological complex located in Cala San Vicente, Mallorca. It consists of a talayot \u200b\u200band several prehistoric caves dating back to around 1000 BC.\u00a0<\/span><\/p><p><span style=\"font-weight: 400;\">The Alzinere talayot \u200b\u200bis a circular stone structure that was used as a surveillance and defense tower. Around the talayot, you can find remains of houses and walls that formed a prehistoric settlement. The prehistoric caves found in Alzinere were used as homes and warehouses thousands of years ago. Remains of pottery, stone tools and other objects have been found in them that give clues about how people lived in prehistoric times. Today, you can visit the talayot \u200b\u200band the prehistoric caves of Alzinere in Cala San Vicente.\u00a0<\/span><\/p><p><span style=\"font-weight: 400;\">The site is well preserved and has information panels that explain the history and importance of the archaeological remains found there. The visit is free and can be guided or self-guided.<\/span><\/p>\t\t\t\t\t\t<\/div>\n\t\t\t\t<\/div>\n\t\t\t\t<\/div>\n\t\t\t\t<\/div>\n\t\t\t\t<\/div>\n\t\t\t\t\t<\/div>\n\t\t\t\t<\/div>\n\t\t\t\t<\/div>\n\t\t<\/p>\t\t\t\t\t<\/div>\r\n\t\t\t\t\t\t\t\t\t<\/div>\r\n\t\t\t<\/div>\r\n\t\t<\/div>\r\n\r\n\t\t\t\t<\/div>\n\t\t\t\t<\/div>\n\t\t\t\t<div class=\"elementor-element elementor-element-4ad6d18 elementor-widget elementor-widget-spacer\" data-id=\"4ad6d18\" data-element_type=\"widget\" data-widget_type=\"spacer.default\">\n\t\t\t\t<div class=\"elementor-widget-container\">\n\t\t\t\t\t<div class=\"elementor-spacer\">\n\t\t\t<div class=\"elementor-spacer-inner\"><\/div>\n\t\t<\/div>\n\t\t\t\t<\/div>\n\t\t\t\t<\/div>\n\t\t\t\t<div class=\"elementor-element elementor-element-5a13db3 premium-modal-dismissible-yes elementor-widget elementor-widget-premium-addon-modal-box\" data-id=\"5a13db3\" data-element_type=\"widget\" data-settings=\"{&quot;premium_modal_box_animation&quot;:&quot;fadeInDown&quot;}\" data-widget_type=\"premium-addon-modal-box.default\">\n\t\t\t\t<div class=\"elementor-widget-container\">\n\t\t\t\r\n\t\t<div class=\"premium-modal-box-container\" data-settings=\"{&quot;trigger&quot;:&quot;text&quot;}\">\r\n\t\t\t<div class=\"premium-modal-trigger-container\">\r\n\t\t\t\t\t\t\t\t\t<span data-toggle=\"premium-modal\" data-target=\"#premium-modal-5a13db3\" class=\"premium-modal-trigger-text\">\r\n\t\t\t\t\t\t<div >\r\n\t\t\t\t\t\t\tAlzinere is an archaeological complex located in Cala San Vicente, Mallorca...\t\t\t\t\t\t<\/div>\r\n\t\t\t\t\t<\/span>\r\n\t\t\t\t\t\t\t<\/div>\r\n\r\n\t\t\t<div id=\"premium-modal-5a13db3\" class=\"premium-modal-box-modal\"\r\n\t\t\trole=\"dialog\"\r\n\t\t\tstyle=\"display: none\"\r\n\t\t\t>\r\n\t\t\t\t<div class=\"premium-modal-box-modal-dialog\" data-delay-animation=\"\" data-modal-animation=\"fadeInDown animated-fast\">\r\n\t\t\t\t\t\t\t\t\t\t\t<div class=\"premium-modal-box-modal-header\">\r\n\t\t\t\t\t\t\t\t\t\t\t\t\t\t\t\t\t\t\t\t\t\t<div class=\"premium-modal-box-close-button-container\">\r\n\t\t\t\t\t\t\t\t\t<button type=\"button\" class=\"premium-modal-box-modal-close\" data-dismiss=\"premium-modal\">&times;<\/button>\r\n\t\t\t\t\t\t\t\t<\/div>\r\n\t\t\t\t\t\t\t\t\t\t\t\t\t<\/div>\r\n\t\t\t\t\t\t\t\t\t\t<div class=\"premium-modal-box-modal-body\">\r\n\t\t\t\t\t\t<p>\t\t<div data-elementor-type=\"wp-post\" data-elementor-id=\"43482\" class=\"elementor elementor-43482 elementor-39591\">\n\t\t\t\t<div class=\"elementor-element elementor-element-6a20b2e e-flex e-con-boxed e-con e-parent\" data-id=\"6a20b2e\" data-element_type=\"container\" data-settings=\"{&quot;background_background&quot;:&quot;classic&quot;}\">\n\t\t\t\t\t<div class=\"e-con-inner\">\n\t\t<div class=\"elementor-element elementor-element-6c156cf e-con-full e-flex e-con e-child\" data-id=\"6c156cf\" data-element_type=\"container\">\n\t\t\t\t<div class=\"elementor-element elementor-element-1658dc2 elementor-widget elementor-widget-heading\" data-id=\"1658dc2\" data-element_type=\"widget\" data-widget_type=\"heading.default\">\n\t\t\t\t<div class=\"elementor-widget-container\">\n\t\t\t<div class=\"elementor-heading-title elementor-size-default\">Archaeological complex in Cala San Vicente<\/div>\t\t<\/div>\n\t\t\t\t<\/div>\n\t\t<div class=\"elementor-element elementor-element-cdb0ed6 e-con-full e-flex e-con e-child\" data-id=\"cdb0ed6\" data-element_type=\"container\">\n\t\t<div class=\"elementor-element elementor-element-9397429 e-con-full e-flex e-con e-child\" data-id=\"9397429\" data-element_type=\"container\" data-settings=\"{&quot;background_background&quot;:&quot;classic&quot;}\">\n\t\t\t\t<div class=\"elementor-element elementor-element-5629e41 elementor-widget elementor-widget-spacer\" data-id=\"5629e41\" data-element_type=\"widget\" data-widget_type=\"spacer.default\">\n\t\t\t\t<div class=\"elementor-widget-container\">\n\t\t\t\t\t<div class=\"elementor-spacer\">\n\t\t\t<div class=\"elementor-spacer-inner\"><\/div>\n\t\t<\/div>\n\t\t\t\t<\/div>\n\t\t\t\t<\/div>\n\t\t\t\t<\/div>\n\t\t\t\t<\/div>\n\t\t<div class=\"elementor-element elementor-element-80bfd08 e-con-full e-flex e-con e-child\" data-id=\"80bfd08\" data-element_type=\"container\">\n\t\t<div class=\"elementor-element elementor-element-097e29b e-con-full e-flex e-con e-child\" data-id=\"097e29b\" data-element_type=\"container\">\n\t\t\t\t<div class=\"elementor-element elementor-element-5482afb elementor-widget__width-auto elementor-widget elementor-widget-html\" data-id=\"5482afb\" data-element_type=\"widget\" data-widget_type=\"html.default\">\n\t\t\t\t<div class=\"elementor-widget-container\">\n\t\t\t<a class=\"copi\" href=\"javascript:getlink();\"><i aria-hidden=\"true\" class=\"fas fa-link\"><\/i> <b>Copy link<\/b><\/a>\r\n<style>\r\n    .alignright{\r\n        width:100%;\r\n        text-align:right;\r\n        \r\n    }\r\n<\/style>\r\n\r\n<script>\/\/<![CDATA[\r\nfunction getlink() {\r\nvar aux = document.createElement(\"input\");\r\naux.setAttribute(\"value\",window.location.href);\r\ndocument.body.appendChild(aux);\r\naux.select();\r\ndocument.execCommand(\"copy\");\r\ndocument.body.removeChild(aux);\r\nalert(\"Link copiado\");\r\n}\r\n\/\/]]><\/script>\t\t<\/div>\n\t\t\t\t<\/div>\n\t\t\t\t<\/div>\n\t\t<div class=\"elementor-element elementor-element-048aa2b alignright e-con-full e-flex e-con e-child\" data-id=\"048aa2b\" data-element_type=\"container\">\n\t\t\t\t<div class=\"elementor-element elementor-element-4e45ea3 elementor-widget__width-auto elementor-widget elementor-widget-heading\" data-id=\"4e45ea3\" data-element_type=\"widget\" data-widget_type=\"heading.default\">\n\t\t\t\t<div class=\"elementor-widget-container\">\n\t\t\t<div class=\"elementor-heading-title elementor-size-default\">Share<\/div>\t\t<\/div>\n\t\t\t\t<\/div>\n\t\t\t\t<div class=\"elementor-element elementor-element-e8a8ab4 elementor-widget__width-auto elementor-widget elementor-widget-shortcode\" data-id=\"e8a8ab4\" data-element_type=\"widget\" data-widget_type=\"shortcode.default\">\n\t\t\t\t<div class=\"elementor-widget-container\">\n\t\t\t\t\t<div class=\"elementor-shortcode\"><div class=\"addtoany_shortcode\"><div class=\"a2a_kit a2a_kit_size_32 addtoany_list\" data-a2a-url=\"https:\/\/www.calasanvicente.es\/en\/cala-san-vicente\/culture-and-festivals\/\" data-a2a-title=\"Culture and festivals\"><a class=\"a2a_button_facebook\" href=\"https:\/\/www.addtoany.com\/add_to\/facebook?linkurl=https%3A%2F%2Fwww.calasanvicente.es%2Fen%2Fcala-san-vicente%2Fculture-and-festivals%2F&amp;linkname=Culture%20and%20festivals\" title=\"Facebook\" rel=\"nofollow noopener\" target=\"_blank\"><\/a><a class=\"a2a_button_twitter\" href=\"https:\/\/www.addtoany.com\/add_to\/twitter?linkurl=https%3A%2F%2Fwww.calasanvicente.es%2Fen%2Fcala-san-vicente%2Fculture-and-festivals%2F&amp;linkname=Culture%20and%20festivals\" title=\"Twitter\" rel=\"nofollow noopener\" target=\"_blank\"><\/a><a class=\"a2a_button_whatsapp\" href=\"https:\/\/www.addtoany.com\/add_to\/whatsapp?linkurl=https%3A%2F%2Fwww.calasanvicente.es%2Fen%2Fcala-san-vicente%2Fculture-and-festivals%2F&amp;linkname=Culture%20and%20festivals\" title=\"WhatsApp\" rel=\"nofollow noopener\" target=\"_blank\"><\/a><a class=\"a2a_button_email\" href=\"https:\/\/www.addtoany.com\/add_to\/email?linkurl=https%3A%2F%2Fwww.calasanvicente.es%2Fen%2Fcala-san-vicente%2Fculture-and-festivals%2F&amp;linkname=Culture%20and%20festivals\" title=\"Email\" rel=\"nofollow noopener\" target=\"_blank\"><\/a><a class=\"a2a_dd addtoany_share_save addtoany_share\" href=\"https:\/\/www.addtoany.com\/share\"><\/a><\/div><\/div><\/div>\n\t\t\t\t<\/div>\n\t\t\t\t<\/div>\n\t\t\t\t<\/div>\n\t\t\t\t<\/div>\n\t\t<div class=\"elementor-element elementor-element-519103e e-con-full e-flex e-con e-child\" data-id=\"519103e\" data-element_type=\"container\">\n\t\t<div class=\"elementor-element elementor-element-71f50b9 e-con-full e-flex e-con e-child\" data-id=\"71f50b9\" data-element_type=\"container\">\n\t\t\t\t<div class=\"elementor-element elementor-element-a77c830 elementor-widget-divider--view-line elementor-widget elementor-widget-divider\" data-id=\"a77c830\" data-element_type=\"widget\" data-widget_type=\"divider.default\">\n\t\t\t\t<div class=\"elementor-widget-container\">\n\t\t\t\t\t<div class=\"elementor-divider\">\n\t\t\t<span class=\"elementor-divider-separator\">\n\t\t\t\t\t\t<\/span>\n\t\t<\/div>\n\t\t\t\t<\/div>\n\t\t\t\t<\/div>\n\t\t\t\t<div class=\"elementor-element elementor-element-39e32bd elementor-widget elementor-widget-heading\" data-id=\"39e32bd\" data-element_type=\"widget\" data-widget_type=\"heading.default\">\n\t\t\t\t<div class=\"elementor-widget-container\">\n\t\t\t<div class=\"elementor-heading-title elementor-size-default\">Archaeological complex in Cala San Vicente<\/div>\t\t<\/div>\n\t\t\t\t<\/div>\n\t\t\t\t<div class=\"elementor-element elementor-element-7f88f5c elementor-widget elementor-widget-text-editor\" data-id=\"7f88f5c\" data-element_type=\"widget\" data-widget_type=\"text-editor.default\">\n\t\t\t\t<div class=\"elementor-widget-container\">\n\t\t\t\t\t\t\t<p><span style=\"font-weight: 400;\">Alzinere is an archaeological complex located in Cala San Vicente, Mallorca. It consists of a talayot \u200b\u200band several prehistoric caves dating back to around 1000 BC.\u00a0<\/span><\/p><p><span style=\"font-weight: 400;\">The Alzinere talayot \u200b\u200bis a circular stone structure that was used as a surveillance and defense tower. Around the talayot, you can find remains of houses and walls that formed a prehistoric settlement. The prehistoric caves found in Alzinere were used as homes and warehouses thousands of years ago. Remains of pottery, stone tools and other objects have been found in them that give clues about how people lived in prehistoric times. Today, you can visit the talayot \u200b\u200band the prehistoric caves of Alzinere in Cala San Vicente.\u00a0<\/span><\/p><p><span style=\"font-weight: 400;\">The site is well preserved and has information panels that explain the history and importance of the archaeological remains found there. The visit is free and can be guided or self-guided.<\/span><\/p>\t\t\t\t\t\t<\/div>\n\t\t\t\t<\/div>\n\t\t\t\t<\/div>\n\t\t\t\t<\/div>\n\t\t\t\t<\/div>\n\t\t\t\t\t<\/div>\n\t\t\t\t<\/div>\n\t\t\t\t<\/div>\n\t\t<\/p>\t\t\t\t\t<\/div>\r\n\t\t\t\t\t\t\t\t\t<\/div>\r\n\t\t\t<\/div>\r\n\t\t<\/div>\r\n\r\n\t\t\t\t<\/div>\n\t\t\t\t<\/div>\n\t\t\t\t\t<\/div>\n\t\t<\/div>\n\t\t\t\t<div class=\"elementor-column elementor-col-33 elementor-top-column elementor-element elementor-element-722d169\" data-id=\"722d169\" data-element_type=\"column\" data-settings=\"{&quot;background_background&quot;:&quot;classic&quot;}\">\n\t\t\t<div class=\"elementor-widget-wrap elementor-element-populated\">\n\t\t\t\t\t\t<div class=\"elementor-element elementor-element-0f5fb6a premium-modal-dismissible-yes elementor-widget elementor-widget-premium-addon-modal-box\" data-id=\"0f5fb6a\" data-element_type=\"widget\" data-settings=\"{&quot;premium_modal_box_animation&quot;:&quot;fadeInDown&quot;}\" data-widget_type=\"premium-addon-modal-box.default\">\n\t\t\t\t<div class=\"elementor-widget-container\">\n\t\t\t\r\n\t\t<div class=\"premium-modal-box-container\" data-settings=\"{&quot;trigger&quot;:&quot;image&quot;}\">\r\n\t\t\t<div class=\"premium-modal-trigger-container\">\r\n\t\t\t\t\t\t\t\t\t<img decoding=\"async\" data-toggle=\"premium-modal\" data-target=\"#premium-modal-0f5fb6a\" class=\"premium-modal-trigger-img\" src=\"https:\/\/www.calasanvicente.es\/wp-content\/uploads\/2023\/11\/fiestaslocales.jpg\" alt=\"fiestaslocales\">\r\n\t\t\t\t\t\t\t<\/div>\r\n\r\n\t\t\t<div id=\"premium-modal-0f5fb6a\" class=\"premium-modal-box-modal\"\r\n\t\t\trole=\"dialog\"\r\n\t\t\tstyle=\"display: none\"\r\n\t\t\t>\r\n\t\t\t\t<div class=\"premium-modal-box-modal-dialog\" data-delay-animation=\"\" data-modal-animation=\"fadeInDown animated-fast\">\r\n\t\t\t\t\t\t\t\t\t\t\t<div class=\"premium-modal-box-modal-header\">\r\n\t\t\t\t\t\t\t\t\t\t\t\t\t\t\t\t\t\t\t\t\t\t<div class=\"premium-modal-box-close-button-container\">\r\n\t\t\t\t\t\t\t\t\t<button type=\"button\" class=\"premium-modal-box-modal-close\" data-dismiss=\"premium-modal\">&times;<\/button>\r\n\t\t\t\t\t\t\t\t<\/div>\r\n\t\t\t\t\t\t\t\t\t\t\t\t\t<\/div>\r\n\t\t\t\t\t\t\t\t\t\t<div class=\"premium-modal-box-modal-body\">\r\n\t\t\t\t\t\t<p>\t\t<div data-elementor-type=\"wp-post\" data-elementor-id=\"43483\" class=\"elementor elementor-43483 elementor-39590\">\n\t\t\t\t<div class=\"elementor-element elementor-element-f445995 e-flex e-con-boxed e-con e-parent\" data-id=\"f445995\" data-element_type=\"container\" data-settings=\"{&quot;background_background&quot;:&quot;classic&quot;}\">\n\t\t\t\t\t<div class=\"e-con-inner\">\n\t\t<div class=\"elementor-element elementor-element-ae19cb9 e-con-full e-flex e-con e-child\" data-id=\"ae19cb9\" data-element_type=\"container\">\n\t\t\t\t<div class=\"elementor-element elementor-element-f588cf5 elementor-widget elementor-widget-heading\" data-id=\"f588cf5\" data-element_type=\"widget\" data-widget_type=\"heading.default\">\n\t\t\t\t<div class=\"elementor-widget-container\">\n\t\t\t<div class=\"elementor-heading-title elementor-size-default\">Local festivals and celebrations<\/div>\t\t<\/div>\n\t\t\t\t<\/div>\n\t\t<div class=\"elementor-element elementor-element-f74c2b5 e-con-full e-flex e-con e-child\" data-id=\"f74c2b5\" data-element_type=\"container\">\n\t\t<div class=\"elementor-element elementor-element-518344a e-con-full e-flex e-con e-child\" data-id=\"518344a\" data-element_type=\"container\" data-settings=\"{&quot;background_background&quot;:&quot;classic&quot;}\">\n\t\t\t\t<div class=\"elementor-element elementor-element-f89e14b elementor-widget elementor-widget-spacer\" data-id=\"f89e14b\" data-element_type=\"widget\" data-widget_type=\"spacer.default\">\n\t\t\t\t<div class=\"elementor-widget-container\">\n\t\t\t\t\t<div class=\"elementor-spacer\">\n\t\t\t<div class=\"elementor-spacer-inner\"><\/div>\n\t\t<\/div>\n\t\t\t\t<\/div>\n\t\t\t\t<\/div>\n\t\t\t\t<\/div>\n\t\t\t\t<\/div>\n\t\t<div class=\"elementor-element elementor-element-0121255 e-con-full e-flex e-con e-child\" data-id=\"0121255\" data-element_type=\"container\">\n\t\t<div class=\"elementor-element elementor-element-b6f66c9 e-con-full e-flex e-con e-child\" data-id=\"b6f66c9\" data-element_type=\"container\">\n\t\t\t\t<div class=\"elementor-element elementor-element-4a299df elementor-widget__width-auto elementor-widget elementor-widget-html\" data-id=\"4a299df\" data-element_type=\"widget\" data-widget_type=\"html.default\">\n\t\t\t\t<div class=\"elementor-widget-container\">\n\t\t\t<a class=\"copi\" href=\"javascript:getlink();\"><i aria-hidden=\"true\" class=\"fas fa-link\"><\/i> <b>Copy link<\/b><\/a>\r\n<style>\r\n    .alignright{\r\n        width:100%;\r\n        text-align:right;\r\n        \r\n    }\r\n<\/style>\r\n\r\n<script>\/\/<![CDATA[\r\nfunction getlink() {\r\nvar aux = document.createElement(\"input\");\r\naux.setAttribute(\"value\",window.location.href);\r\ndocument.body.appendChild(aux);\r\naux.select();\r\ndocument.execCommand(\"copy\");\r\ndocument.body.removeChild(aux);\r\nalert(\"Link copiado\");\r\n}\r\n\/\/]]><\/script>\t\t<\/div>\n\t\t\t\t<\/div>\n\t\t\t\t<\/div>\n\t\t<div class=\"elementor-element elementor-element-846554f alignright e-con-full e-flex e-con e-child\" data-id=\"846554f\" data-element_type=\"container\">\n\t\t\t\t<div class=\"elementor-element elementor-element-325d93f elementor-widget__width-auto elementor-widget elementor-widget-heading\" data-id=\"325d93f\" data-element_type=\"widget\" data-widget_type=\"heading.default\">\n\t\t\t\t<div class=\"elementor-widget-container\">\n\t\t\t<div class=\"elementor-heading-title elementor-size-default\">Share<\/div>\t\t<\/div>\n\t\t\t\t<\/div>\n\t\t\t\t<div class=\"elementor-element elementor-element-baf08e1 elementor-widget__width-auto elementor-widget elementor-widget-shortcode\" data-id=\"baf08e1\" data-element_type=\"widget\" data-widget_type=\"shortcode.default\">\n\t\t\t\t<div class=\"elementor-widget-container\">\n\t\t\t\t\t<div class=\"elementor-shortcode\"><div class=\"addtoany_shortcode\"><div class=\"a2a_kit a2a_kit_size_32 addtoany_list\" data-a2a-url=\"https:\/\/www.calasanvicente.es\/en\/cala-san-vicente\/culture-and-festivals\/\" data-a2a-title=\"Culture and festivals\"><a class=\"a2a_button_facebook\" href=\"https:\/\/www.addtoany.com\/add_to\/facebook?linkurl=https%3A%2F%2Fwww.calasanvicente.es%2Fen%2Fcala-san-vicente%2Fculture-and-festivals%2F&amp;linkname=Culture%20and%20festivals\" title=\"Facebook\" rel=\"nofollow noopener\" target=\"_blank\"><\/a><a class=\"a2a_button_twitter\" href=\"https:\/\/www.addtoany.com\/add_to\/twitter?linkurl=https%3A%2F%2Fwww.calasanvicente.es%2Fen%2Fcala-san-vicente%2Fculture-and-festivals%2F&amp;linkname=Culture%20and%20festivals\" title=\"Twitter\" rel=\"nofollow noopener\" target=\"_blank\"><\/a><a class=\"a2a_button_whatsapp\" href=\"https:\/\/www.addtoany.com\/add_to\/whatsapp?linkurl=https%3A%2F%2Fwww.calasanvicente.es%2Fen%2Fcala-san-vicente%2Fculture-and-festivals%2F&amp;linkname=Culture%20and%20festivals\" title=\"WhatsApp\" rel=\"nofollow noopener\" target=\"_blank\"><\/a><a class=\"a2a_button_email\" href=\"https:\/\/www.addtoany.com\/add_to\/email?linkurl=https%3A%2F%2Fwww.calasanvicente.es%2Fen%2Fcala-san-vicente%2Fculture-and-festivals%2F&amp;linkname=Culture%20and%20festivals\" title=\"Email\" rel=\"nofollow noopener\" target=\"_blank\"><\/a><a class=\"a2a_dd addtoany_share_save addtoany_share\" href=\"https:\/\/www.addtoany.com\/share\"><\/a><\/div><\/div><\/div>\n\t\t\t\t<\/div>\n\t\t\t\t<\/div>\n\t\t\t\t<\/div>\n\t\t\t\t<\/div>\n\t\t<div class=\"elementor-element elementor-element-6b4e01c e-con-full e-flex e-con e-child\" data-id=\"6b4e01c\" data-element_type=\"container\">\n\t\t<div class=\"elementor-element elementor-element-11d7ab8 e-con-full e-flex e-con e-child\" data-id=\"11d7ab8\" data-element_type=\"container\">\n\t\t\t\t<div class=\"elementor-element elementor-element-d2a9355 elementor-widget-divider--view-line elementor-widget elementor-widget-divider\" data-id=\"d2a9355\" data-element_type=\"widget\" data-widget_type=\"divider.default\">\n\t\t\t\t<div class=\"elementor-widget-container\">\n\t\t\t\t\t<div class=\"elementor-divider\">\n\t\t\t<span class=\"elementor-divider-separator\">\n\t\t\t\t\t\t<\/span>\n\t\t<\/div>\n\t\t\t\t<\/div>\n\t\t\t\t<\/div>\n\t\t\t\t<div class=\"elementor-element elementor-element-357be1e elementor-widget elementor-widget-heading\" data-id=\"357be1e\" data-element_type=\"widget\" data-widget_type=\"heading.default\">\n\t\t\t\t<div class=\"elementor-widget-container\">\n\t\t\t<div class=\"elementor-heading-title elementor-size-default\">Local festivals and celebrations<\/div>\t\t<\/div>\n\t\t\t\t<\/div>\n\t\t\t\t<div class=\"elementor-element elementor-element-2db7319 elementor-widget elementor-widget-text-editor\" data-id=\"2db7319\" data-element_type=\"widget\" data-widget_type=\"text-editor.default\">\n\t\t\t\t<div class=\"elementor-widget-container\">\n\t\t\t\t\t\t\t<p><span style=\"font-weight: 400;\">Festivities of the \u201cMare de D\u00e9u de la Mar\u201d Cala San Vicente: 1st Sunday of July. These festivities usually last the entire weekend and we find: popular dances, popular games, &#8220;cercavila&#8221;, parade of big heads, children&#8217;s festival and festival. A solemn mass is held in honor of the Virgin, a concert by the municipal band, fireworks and fireworks, etc. Fiesta de la mare de D\u00e9u dels Angels (July 26-August 2)<\/span><\/p>\t\t\t\t\t\t<\/div>\n\t\t\t\t<\/div>\n\t\t\t\t<\/div>\n\t\t\t\t<\/div>\n\t\t\t\t<\/div>\n\t\t\t\t\t<\/div>\n\t\t\t\t<\/div>\n\t\t\t\t<\/div>\n\t\t<\/p>\t\t\t\t\t<\/div>\r\n\t\t\t\t\t\t\t\t\t<\/div>\r\n\t\t\t<\/div>\r\n\t\t<\/div>\r\n\r\n\t\t\t\t<\/div>\n\t\t\t\t<\/div>\n\t\t\t\t<div class=\"elementor-element elementor-element-19303d3 titpopup premium-modal-dismissible-yes elementor-widget elementor-widget-premium-addon-modal-box\" data-id=\"19303d3\" data-element_type=\"widget\" data-settings=\"{&quot;premium_modal_box_animation&quot;:&quot;fadeInDown&quot;}\" data-widget_type=\"premium-addon-modal-box.default\">\n\t\t\t\t<div class=\"elementor-widget-container\">\n\t\t\t\r\n\t\t<div class=\"premium-modal-box-container\" data-settings=\"{&quot;trigger&quot;:&quot;text&quot;}\">\r\n\t\t\t<div class=\"premium-modal-trigger-container\">\r\n\t\t\t\t\t\t\t\t\t<span data-toggle=\"premium-modal\" data-target=\"#premium-modal-19303d3\" class=\"premium-modal-trigger-text\">\r\n\t\t\t\t\t\t<div >\r\n\t\t\t\t\t\t\t<H2>Local festivals and celebrations<\/H2>\t\t\t\t\t\t<\/div>\r\n\t\t\t\t\t<\/span>\r\n\t\t\t\t\t\t\t<\/div>\r\n\r\n\t\t\t<div id=\"premium-modal-19303d3\" class=\"premium-modal-box-modal\"\r\n\t\t\trole=\"dialog\"\r\n\t\t\tstyle=\"display: none\"\r\n\t\t\t>\r\n\t\t\t\t<div class=\"premium-modal-box-modal-dialog\" data-delay-animation=\"\" data-modal-animation=\"fadeInDown animated-fast\">\r\n\t\t\t\t\t\t\t\t\t\t\t<div class=\"premium-modal-box-modal-header\">\r\n\t\t\t\t\t\t\t\t\t\t\t\t\t\t\t\t\t\t\t\t\t\t<div class=\"premium-modal-box-close-button-container\">\r\n\t\t\t\t\t\t\t\t\t<button type=\"button\" class=\"premium-modal-box-modal-close\" data-dismiss=\"premium-modal\">&times;<\/button>\r\n\t\t\t\t\t\t\t\t<\/div>\r\n\t\t\t\t\t\t\t\t\t\t\t\t\t<\/div>\r\n\t\t\t\t\t\t\t\t\t\t<div class=\"premium-modal-box-modal-body\">\r\n\t\t\t\t\t\t<p>\t\t<div data-elementor-type=\"wp-post\" data-elementor-id=\"43483\" class=\"elementor elementor-43483 elementor-39590\">\n\t\t\t\t<div class=\"elementor-element elementor-element-f445995 e-flex e-con-boxed e-con e-parent\" data-id=\"f445995\" data-element_type=\"container\" data-settings=\"{&quot;background_background&quot;:&quot;classic&quot;}\">\n\t\t\t\t\t<div class=\"e-con-inner\">\n\t\t<div class=\"elementor-element elementor-element-ae19cb9 e-con-full e-flex e-con e-child\" data-id=\"ae19cb9\" data-element_type=\"container\">\n\t\t\t\t<div class=\"elementor-element elementor-element-f588cf5 elementor-widget elementor-widget-heading\" data-id=\"f588cf5\" data-element_type=\"widget\" data-widget_type=\"heading.default\">\n\t\t\t\t<div class=\"elementor-widget-container\">\n\t\t\t<div class=\"elementor-heading-title elementor-size-default\">Local festivals and celebrations<\/div>\t\t<\/div>\n\t\t\t\t<\/div>\n\t\t<div class=\"elementor-element elementor-element-f74c2b5 e-con-full e-flex e-con e-child\" data-id=\"f74c2b5\" data-element_type=\"container\">\n\t\t<div class=\"elementor-element elementor-element-518344a e-con-full e-flex e-con e-child\" data-id=\"518344a\" data-element_type=\"container\" data-settings=\"{&quot;background_background&quot;:&quot;classic&quot;}\">\n\t\t\t\t<div class=\"elementor-element elementor-element-f89e14b elementor-widget elementor-widget-spacer\" data-id=\"f89e14b\" data-element_type=\"widget\" data-widget_type=\"spacer.default\">\n\t\t\t\t<div class=\"elementor-widget-container\">\n\t\t\t\t\t<div class=\"elementor-spacer\">\n\t\t\t<div class=\"elementor-spacer-inner\"><\/div>\n\t\t<\/div>\n\t\t\t\t<\/div>\n\t\t\t\t<\/div>\n\t\t\t\t<\/div>\n\t\t\t\t<\/div>\n\t\t<div class=\"elementor-element elementor-element-0121255 e-con-full e-flex e-con e-child\" data-id=\"0121255\" data-element_type=\"container\">\n\t\t<div class=\"elementor-element elementor-element-b6f66c9 e-con-full e-flex e-con e-child\" data-id=\"b6f66c9\" data-element_type=\"container\">\n\t\t\t\t<div class=\"elementor-element elementor-element-4a299df elementor-widget__width-auto elementor-widget elementor-widget-html\" data-id=\"4a299df\" data-element_type=\"widget\" data-widget_type=\"html.default\">\n\t\t\t\t<div class=\"elementor-widget-container\">\n\t\t\t<a class=\"copi\" href=\"javascript:getlink();\"><i aria-hidden=\"true\" class=\"fas fa-link\"><\/i> <b>Copy link<\/b><\/a>\r\n<style>\r\n    .alignright{\r\n        width:100%;\r\n        text-align:right;\r\n        \r\n    }\r\n<\/style>\r\n\r\n<script>\/\/<![CDATA[\r\nfunction getlink() {\r\nvar aux = document.createElement(\"input\");\r\naux.setAttribute(\"value\",window.location.href);\r\ndocument.body.appendChild(aux);\r\naux.select();\r\ndocument.execCommand(\"copy\");\r\ndocument.body.removeChild(aux);\r\nalert(\"Link copiado\");\r\n}\r\n\/\/]]><\/script>\t\t<\/div>\n\t\t\t\t<\/div>\n\t\t\t\t<\/div>\n\t\t<div class=\"elementor-element elementor-element-846554f alignright e-con-full e-flex e-con e-child\" data-id=\"846554f\" data-element_type=\"container\">\n\t\t\t\t<div class=\"elementor-element elementor-element-325d93f elementor-widget__width-auto elementor-widget elementor-widget-heading\" data-id=\"325d93f\" data-element_type=\"widget\" data-widget_type=\"heading.default\">\n\t\t\t\t<div class=\"elementor-widget-container\">\n\t\t\t<div class=\"elementor-heading-title elementor-size-default\">Share<\/div>\t\t<\/div>\n\t\t\t\t<\/div>\n\t\t\t\t<div class=\"elementor-element elementor-element-baf08e1 elementor-widget__width-auto elementor-widget elementor-widget-shortcode\" data-id=\"baf08e1\" data-element_type=\"widget\" data-widget_type=\"shortcode.default\">\n\t\t\t\t<div class=\"elementor-widget-container\">\n\t\t\t\t\t<div class=\"elementor-shortcode\"><div class=\"addtoany_shortcode\"><div class=\"a2a_kit a2a_kit_size_32 addtoany_list\" data-a2a-url=\"https:\/\/www.calasanvicente.es\/en\/cala-san-vicente\/culture-and-festivals\/\" data-a2a-title=\"Culture and festivals\"><a class=\"a2a_button_facebook\" href=\"https:\/\/www.addtoany.com\/add_to\/facebook?linkurl=https%3A%2F%2Fwww.calasanvicente.es%2Fen%2Fcala-san-vicente%2Fculture-and-festivals%2F&amp;linkname=Culture%20and%20festivals\" title=\"Facebook\" rel=\"nofollow noopener\" target=\"_blank\"><\/a><a class=\"a2a_button_twitter\" href=\"https:\/\/www.addtoany.com\/add_to\/twitter?linkurl=https%3A%2F%2Fwww.calasanvicente.es%2Fen%2Fcala-san-vicente%2Fculture-and-festivals%2F&amp;linkname=Culture%20and%20festivals\" title=\"Twitter\" rel=\"nofollow noopener\" target=\"_blank\"><\/a><a class=\"a2a_button_whatsapp\" href=\"https:\/\/www.addtoany.com\/add_to\/whatsapp?linkurl=https%3A%2F%2Fwww.calasanvicente.es%2Fen%2Fcala-san-vicente%2Fculture-and-festivals%2F&amp;linkname=Culture%20and%20festivals\" title=\"WhatsApp\" rel=\"nofollow noopener\" target=\"_blank\"><\/a><a class=\"a2a_button_email\" href=\"https:\/\/www.addtoany.com\/add_to\/email?linkurl=https%3A%2F%2Fwww.calasanvicente.es%2Fen%2Fcala-san-vicente%2Fculture-and-festivals%2F&amp;linkname=Culture%20and%20festivals\" title=\"Email\" rel=\"nofollow noopener\" target=\"_blank\"><\/a><a class=\"a2a_dd addtoany_share_save addtoany_share\" href=\"https:\/\/www.addtoany.com\/share\"><\/a><\/div><\/div><\/div>\n\t\t\t\t<\/div>\n\t\t\t\t<\/div>\n\t\t\t\t<\/div>\n\t\t\t\t<\/div>\n\t\t<div class=\"elementor-element elementor-element-6b4e01c e-con-full e-flex e-con e-child\" data-id=\"6b4e01c\" data-element_type=\"container\">\n\t\t<div class=\"elementor-element elementor-element-11d7ab8 e-con-full e-flex e-con e-child\" data-id=\"11d7ab8\" data-element_type=\"container\">\n\t\t\t\t<div class=\"elementor-element elementor-element-d2a9355 elementor-widget-divider--view-line elementor-widget elementor-widget-divider\" data-id=\"d2a9355\" data-element_type=\"widget\" data-widget_type=\"divider.default\">\n\t\t\t\t<div class=\"elementor-widget-container\">\n\t\t\t\t\t<div class=\"elementor-divider\">\n\t\t\t<span class=\"elementor-divider-separator\">\n\t\t\t\t\t\t<\/span>\n\t\t<\/div>\n\t\t\t\t<\/div>\n\t\t\t\t<\/div>\n\t\t\t\t<div class=\"elementor-element elementor-element-357be1e elementor-widget elementor-widget-heading\" data-id=\"357be1e\" data-element_type=\"widget\" data-widget_type=\"heading.default\">\n\t\t\t\t<div class=\"elementor-widget-container\">\n\t\t\t<div class=\"elementor-heading-title elementor-size-default\">Local festivals and celebrations<\/div>\t\t<\/div>\n\t\t\t\t<\/div>\n\t\t\t\t<div class=\"elementor-element elementor-element-2db7319 elementor-widget elementor-widget-text-editor\" data-id=\"2db7319\" data-element_type=\"widget\" data-widget_type=\"text-editor.default\">\n\t\t\t\t<div class=\"elementor-widget-container\">\n\t\t\t\t\t\t\t<p><span style=\"font-weight: 400;\">Festivities of the \u201cMare de D\u00e9u de la Mar\u201d Cala San Vicente: 1st Sunday of July. These festivities usually last the entire weekend and we find: popular dances, popular games, &#8220;cercavila&#8221;, parade of big heads, children&#8217;s festival and festival. A solemn mass is held in honor of the Virgin, a concert by the municipal band, fireworks and fireworks, etc. Fiesta de la mare de D\u00e9u dels Angels (July 26-August 2)<\/span><\/p>\t\t\t\t\t\t<\/div>\n\t\t\t\t<\/div>\n\t\t\t\t<\/div>\n\t\t\t\t<\/div>\n\t\t\t\t<\/div>\n\t\t\t\t\t<\/div>\n\t\t\t\t<\/div>\n\t\t\t\t<\/div>\n\t\t<\/p>\t\t\t\t\t<\/div>\r\n\t\t\t\t\t\t\t\t\t<\/div>\r\n\t\t\t<\/div>\r\n\t\t<\/div>\r\n\r\n\t\t\t\t<\/div>\n\t\t\t\t<\/div>\n\t\t\t\t<div class=\"elementor-element elementor-element-5c44ae7 elementor-widget elementor-widget-spacer\" data-id=\"5c44ae7\" data-element_type=\"widget\" data-widget_type=\"spacer.default\">\n\t\t\t\t<div class=\"elementor-widget-container\">\n\t\t\t\t\t<div class=\"elementor-spacer\">\n\t\t\t<div class=\"elementor-spacer-inner\"><\/div>\n\t\t<\/div>\n\t\t\t\t<\/div>\n\t\t\t\t<\/div>\n\t\t\t\t<div class=\"elementor-element elementor-element-5d3c5ac premium-modal-dismissible-yes elementor-widget elementor-widget-premium-addon-modal-box\" data-id=\"5d3c5ac\" data-element_type=\"widget\" data-settings=\"{&quot;premium_modal_box_animation&quot;:&quot;fadeInDown&quot;}\" data-widget_type=\"premium-addon-modal-box.default\">\n\t\t\t\t<div class=\"elementor-widget-container\">\n\t\t\t\r\n\t\t<div class=\"premium-modal-box-container\" data-settings=\"{&quot;trigger&quot;:&quot;text&quot;}\">\r\n\t\t\t<div class=\"premium-modal-trigger-container\">\r\n\t\t\t\t\t\t\t\t\t<span data-toggle=\"premium-modal\" data-target=\"#premium-modal-5d3c5ac\" class=\"premium-modal-trigger-text\">\r\n\t\t\t\t\t\t<div >\r\n\t\t\t\t\t\t\tFestivities of the \u201cMare de D\u00e9u de la Mar\u201d Cala San Vicente: 1st Sunday of July. These festivities usually last the entire weekend...\t\t\t\t\t\t<\/div>\r\n\t\t\t\t\t<\/span>\r\n\t\t\t\t\t\t\t<\/div>\r\n\r\n\t\t\t<div id=\"premium-modal-5d3c5ac\" class=\"premium-modal-box-modal\"\r\n\t\t\trole=\"dialog\"\r\n\t\t\tstyle=\"display: none\"\r\n\t\t\t>\r\n\t\t\t\t<div class=\"premium-modal-box-modal-dialog\" data-delay-animation=\"\" data-modal-animation=\"fadeInDown animated-fast\">\r\n\t\t\t\t\t\t\t\t\t\t\t<div class=\"premium-modal-box-modal-header\">\r\n\t\t\t\t\t\t\t\t\t\t\t\t\t\t\t\t\t\t\t\t\t\t<div class=\"premium-modal-box-close-button-container\">\r\n\t\t\t\t\t\t\t\t\t<button type=\"button\" class=\"premium-modal-box-modal-close\" data-dismiss=\"premium-modal\">&times;<\/button>\r\n\t\t\t\t\t\t\t\t<\/div>\r\n\t\t\t\t\t\t\t\t\t\t\t\t\t<\/div>\r\n\t\t\t\t\t\t\t\t\t\t<div class=\"premium-modal-box-modal-body\">\r\n\t\t\t\t\t\t<p>\t\t<div data-elementor-type=\"wp-post\" data-elementor-id=\"43483\" class=\"elementor elementor-43483 elementor-39590\">\n\t\t\t\t<div class=\"elementor-element elementor-element-f445995 e-flex e-con-boxed e-con e-parent\" data-id=\"f445995\" data-element_type=\"container\" data-settings=\"{&quot;background_background&quot;:&quot;classic&quot;}\">\n\t\t\t\t\t<div class=\"e-con-inner\">\n\t\t<div class=\"elementor-element elementor-element-ae19cb9 e-con-full e-flex e-con e-child\" data-id=\"ae19cb9\" data-element_type=\"container\">\n\t\t\t\t<div class=\"elementor-element elementor-element-f588cf5 elementor-widget elementor-widget-heading\" data-id=\"f588cf5\" data-element_type=\"widget\" data-widget_type=\"heading.default\">\n\t\t\t\t<div class=\"elementor-widget-container\">\n\t\t\t<div class=\"elementor-heading-title elementor-size-default\">Local festivals and celebrations<\/div>\t\t<\/div>\n\t\t\t\t<\/div>\n\t\t<div class=\"elementor-element elementor-element-f74c2b5 e-con-full e-flex e-con e-child\" data-id=\"f74c2b5\" data-element_type=\"container\">\n\t\t<div class=\"elementor-element elementor-element-518344a e-con-full e-flex e-con e-child\" data-id=\"518344a\" data-element_type=\"container\" data-settings=\"{&quot;background_background&quot;:&quot;classic&quot;}\">\n\t\t\t\t<div class=\"elementor-element elementor-element-f89e14b elementor-widget elementor-widget-spacer\" data-id=\"f89e14b\" data-element_type=\"widget\" data-widget_type=\"spacer.default\">\n\t\t\t\t<div class=\"elementor-widget-container\">\n\t\t\t\t\t<div class=\"elementor-spacer\">\n\t\t\t<div class=\"elementor-spacer-inner\"><\/div>\n\t\t<\/div>\n\t\t\t\t<\/div>\n\t\t\t\t<\/div>\n\t\t\t\t<\/div>\n\t\t\t\t<\/div>\n\t\t<div class=\"elementor-element elementor-element-0121255 e-con-full e-flex e-con e-child\" data-id=\"0121255\" data-element_type=\"container\">\n\t\t<div class=\"elementor-element elementor-element-b6f66c9 e-con-full e-flex e-con e-child\" data-id=\"b6f66c9\" data-element_type=\"container\">\n\t\t\t\t<div class=\"elementor-element elementor-element-4a299df elementor-widget__width-auto elementor-widget elementor-widget-html\" data-id=\"4a299df\" data-element_type=\"widget\" data-widget_type=\"html.default\">\n\t\t\t\t<div class=\"elementor-widget-container\">\n\t\t\t<a class=\"copi\" href=\"javascript:getlink();\"><i aria-hidden=\"true\" class=\"fas fa-link\"><\/i> <b>Copy link<\/b><\/a>\r\n<style>\r\n    .alignright{\r\n        width:100%;\r\n        text-align:right;\r\n        \r\n    }\r\n<\/style>\r\n\r\n<script>\/\/<![CDATA[\r\nfunction getlink() {\r\nvar aux = document.createElement(\"input\");\r\naux.setAttribute(\"value\",window.location.href);\r\ndocument.body.appendChild(aux);\r\naux.select();\r\ndocument.execCommand(\"copy\");\r\ndocument.body.removeChild(aux);\r\nalert(\"Link copiado\");\r\n}\r\n\/\/]]><\/script>\t\t<\/div>\n\t\t\t\t<\/div>\n\t\t\t\t<\/div>\n\t\t<div class=\"elementor-element elementor-element-846554f alignright e-con-full e-flex e-con e-child\" data-id=\"846554f\" data-element_type=\"container\">\n\t\t\t\t<div class=\"elementor-element elementor-element-325d93f elementor-widget__width-auto elementor-widget elementor-widget-heading\" data-id=\"325d93f\" data-element_type=\"widget\" data-widget_type=\"heading.default\">\n\t\t\t\t<div class=\"elementor-widget-container\">\n\t\t\t<div class=\"elementor-heading-title elementor-size-default\">Share<\/div>\t\t<\/div>\n\t\t\t\t<\/div>\n\t\t\t\t<div class=\"elementor-element elementor-element-baf08e1 elementor-widget__width-auto elementor-widget elementor-widget-shortcode\" data-id=\"baf08e1\" data-element_type=\"widget\" data-widget_type=\"shortcode.default\">\n\t\t\t\t<div class=\"elementor-widget-container\">\n\t\t\t\t\t<div class=\"elementor-shortcode\"><div class=\"addtoany_shortcode\"><div class=\"a2a_kit a2a_kit_size_32 addtoany_list\" data-a2a-url=\"https:\/\/www.calasanvicente.es\/en\/cala-san-vicente\/culture-and-festivals\/\" data-a2a-title=\"Culture and festivals\"><a class=\"a2a_button_facebook\" href=\"https:\/\/www.addtoany.com\/add_to\/facebook?linkurl=https%3A%2F%2Fwww.calasanvicente.es%2Fen%2Fcala-san-vicente%2Fculture-and-festivals%2F&amp;linkname=Culture%20and%20festivals\" title=\"Facebook\" rel=\"nofollow noopener\" target=\"_blank\"><\/a><a class=\"a2a_button_twitter\" href=\"https:\/\/www.addtoany.com\/add_to\/twitter?linkurl=https%3A%2F%2Fwww.calasanvicente.es%2Fen%2Fcala-san-vicente%2Fculture-and-festivals%2F&amp;linkname=Culture%20and%20festivals\" title=\"Twitter\" rel=\"nofollow noopener\" target=\"_blank\"><\/a><a class=\"a2a_button_whatsapp\" href=\"https:\/\/www.addtoany.com\/add_to\/whatsapp?linkurl=https%3A%2F%2Fwww.calasanvicente.es%2Fen%2Fcala-san-vicente%2Fculture-and-festivals%2F&amp;linkname=Culture%20and%20festivals\" title=\"WhatsApp\" rel=\"nofollow noopener\" target=\"_blank\"><\/a><a class=\"a2a_button_email\" href=\"https:\/\/www.addtoany.com\/add_to\/email?linkurl=https%3A%2F%2Fwww.calasanvicente.es%2Fen%2Fcala-san-vicente%2Fculture-and-festivals%2F&amp;linkname=Culture%20and%20festivals\" title=\"Email\" rel=\"nofollow noopener\" target=\"_blank\"><\/a><a class=\"a2a_dd addtoany_share_save addtoany_share\" href=\"https:\/\/www.addtoany.com\/share\"><\/a><\/div><\/div><\/div>\n\t\t\t\t<\/div>\n\t\t\t\t<\/div>\n\t\t\t\t<\/div>\n\t\t\t\t<\/div>\n\t\t<div class=\"elementor-element elementor-element-6b4e01c e-con-full e-flex e-con e-child\" data-id=\"6b4e01c\" data-element_type=\"container\">\n\t\t<div class=\"elementor-element elementor-element-11d7ab8 e-con-full e-flex e-con e-child\" data-id=\"11d7ab8\" data-element_type=\"container\">\n\t\t\t\t<div class=\"elementor-element elementor-element-d2a9355 elementor-widget-divider--view-line elementor-widget elementor-widget-divider\" data-id=\"d2a9355\" data-element_type=\"widget\" data-widget_type=\"divider.default\">\n\t\t\t\t<div class=\"elementor-widget-container\">\n\t\t\t\t\t<div class=\"elementor-divider\">\n\t\t\t<span class=\"elementor-divider-separator\">\n\t\t\t\t\t\t<\/span>\n\t\t<\/div>\n\t\t\t\t<\/div>\n\t\t\t\t<\/div>\n\t\t\t\t<div class=\"elementor-element elementor-element-357be1e elementor-widget elementor-widget-heading\" data-id=\"357be1e\" data-element_type=\"widget\" data-widget_type=\"heading.default\">\n\t\t\t\t<div class=\"elementor-widget-container\">\n\t\t\t<div class=\"elementor-heading-title elementor-size-default\">Local festivals and celebrations<\/div>\t\t<\/div>\n\t\t\t\t<\/div>\n\t\t\t\t<div class=\"elementor-element elementor-element-2db7319 elementor-widget elementor-widget-text-editor\" data-id=\"2db7319\" data-element_type=\"widget\" data-widget_type=\"text-editor.default\">\n\t\t\t\t<div class=\"elementor-widget-container\">\n\t\t\t\t\t\t\t<p><span style=\"font-weight: 400;\">Festivities of the \u201cMare de D\u00e9u de la Mar\u201d Cala San Vicente: 1st Sunday of July. These festivities usually last the entire weekend and we find: popular dances, popular games, &#8220;cercavila&#8221;, parade of big heads, children&#8217;s festival and festival. A solemn mass is held in honor of the Virgin, a concert by the municipal band, fireworks and fireworks, etc. Fiesta de la mare de D\u00e9u dels Angels (July 26-August 2)<\/span><\/p>\t\t\t\t\t\t<\/div>\n\t\t\t\t<\/div>\n\t\t\t\t<\/div>\n\t\t\t\t<\/div>\n\t\t\t\t<\/div>\n\t\t\t\t\t<\/div>\n\t\t\t\t<\/div>\n\t\t\t\t<\/div>\n\t\t<\/p>\t\t\t\t\t<\/div>\r\n\t\t\t\t\t\t\t\t\t<\/div>\r\n\t\t\t<\/div>\r\n\t\t<\/div>\r\n\r\n\t\t\t\t<\/div>\n\t\t\t\t<\/div>\n\t\t\t\t\t<\/div>\n\t\t<\/div>\n\t\t\t\t\t<\/div>\n\t\t<\/section>\n\t\t\t\t<section class=\"elementor-section elementor-top-section elementor-element elementor-element-9d5bcc3 elementor-section-stretched elementor-section-boxed elementor-section-height-default elementor-section-height-default\" data-id=\"9d5bcc3\" data-element_type=\"section\" data-settings=\"{&quot;stretch_section&quot;:&quot;section-stretched&quot;,&quot;background_background&quot;:&quot;classic&quot;}\">\n\t\t\t\t\t\t<div class=\"elementor-container elementor-column-gap-default\">\n\t\t\t\t\t<div class=\"elementor-column elementor-col-33 elementor-top-column elementor-element elementor-element-1882e9b\" data-id=\"1882e9b\" data-element_type=\"column\" data-settings=\"{&quot;background_background&quot;:&quot;classic&quot;}\">\n\t\t\t<div class=\"elementor-widget-wrap elementor-element-populated\">\n\t\t\t\t\t\t<div class=\"elementor-element elementor-element-a5dc655 premium-modal-dismissible-yes elementor-widget elementor-widget-premium-addon-modal-box\" data-id=\"a5dc655\" data-element_type=\"widget\" data-settings=\"{&quot;premium_modal_box_animation&quot;:&quot;fadeInDown&quot;}\" data-widget_type=\"premium-addon-modal-box.default\">\n\t\t\t\t<div class=\"elementor-widget-container\">\n\t\t\t\r\n\t\t<div class=\"premium-modal-box-container\" data-settings=\"{&quot;trigger&quot;:&quot;image&quot;}\">\r\n\t\t\t<div class=\"premium-modal-trigger-container\">\r\n\t\t\t\t\t\t\t\t\t<img decoding=\"async\" data-toggle=\"premium-modal\" data-target=\"#premium-modal-a5dc655\" class=\"premium-modal-trigger-img\" src=\"https:\/\/www.calasanvicente.es\/wp-content\/uploads\/2023\/11\/patrona.jpg\" alt=\"patrona\">\r\n\t\t\t\t\t\t\t<\/div>\r\n\r\n\t\t\t<div id=\"premium-modal-a5dc655\" class=\"premium-modal-box-modal\"\r\n\t\t\trole=\"dialog\"\r\n\t\t\tstyle=\"display: none\"\r\n\t\t\t>\r\n\t\t\t\t<div class=\"premium-modal-box-modal-dialog\" data-delay-animation=\"\" data-modal-animation=\"fadeInDown animated-fast\">\r\n\t\t\t\t\t\t\t\t\t\t\t<div class=\"premium-modal-box-modal-header\">\r\n\t\t\t\t\t\t\t\t\t\t\t\t\t\t\t\t\t\t\t\t\t\t<div class=\"premium-modal-box-close-button-container\">\r\n\t\t\t\t\t\t\t\t\t<button type=\"button\" class=\"premium-modal-box-modal-close\" data-dismiss=\"premium-modal\">&times;<\/button>\r\n\t\t\t\t\t\t\t\t<\/div>\r\n\t\t\t\t\t\t\t\t\t\t\t\t\t<\/div>\r\n\t\t\t\t\t\t\t\t\t\t<div class=\"premium-modal-box-modal-body\">\r\n\t\t\t\t\t\t<p>\t\t<div data-elementor-type=\"wp-post\" data-elementor-id=\"43484\" class=\"elementor elementor-43484 elementor-39589\">\n\t\t\t\t<div class=\"elementor-element elementor-element-d39fc68 e-flex e-con-boxed e-con e-parent\" data-id=\"d39fc68\" data-element_type=\"container\" data-settings=\"{&quot;background_background&quot;:&quot;classic&quot;}\">\n\t\t\t\t\t<div class=\"e-con-inner\">\n\t\t<div class=\"elementor-element elementor-element-2233396 e-con-full e-flex e-con e-child\" data-id=\"2233396\" data-element_type=\"container\">\n\t\t\t\t<div class=\"elementor-element elementor-element-dbc27a5 elementor-widget elementor-widget-heading\" data-id=\"dbc27a5\" data-element_type=\"widget\" data-widget_type=\"heading.default\">\n\t\t\t\t<div class=\"elementor-widget-container\">\n\t\t\t<div class=\"elementor-heading-title elementor-size-default\">Festival of the Patron Saint of Pollensa<\/div>\t\t<\/div>\n\t\t\t\t<\/div>\n\t\t<div class=\"elementor-element elementor-element-e6ad6a3 e-con-full e-flex e-con e-child\" data-id=\"e6ad6a3\" data-element_type=\"container\">\n\t\t<div class=\"elementor-element elementor-element-3317f21 e-con-full e-flex e-con e-child\" data-id=\"3317f21\" data-element_type=\"container\" data-settings=\"{&quot;background_background&quot;:&quot;classic&quot;}\">\n\t\t\t\t<div class=\"elementor-element elementor-element-6b2d997 elementor-widget elementor-widget-spacer\" data-id=\"6b2d997\" data-element_type=\"widget\" data-widget_type=\"spacer.default\">\n\t\t\t\t<div class=\"elementor-widget-container\">\n\t\t\t\t\t<div class=\"elementor-spacer\">\n\t\t\t<div class=\"elementor-spacer-inner\"><\/div>\n\t\t<\/div>\n\t\t\t\t<\/div>\n\t\t\t\t<\/div>\n\t\t\t\t<\/div>\n\t\t\t\t<\/div>\n\t\t<div class=\"elementor-element elementor-element-013dfab e-con-full e-flex e-con e-child\" data-id=\"013dfab\" data-element_type=\"container\">\n\t\t<div class=\"elementor-element elementor-element-67558e1 e-con-full e-flex e-con e-child\" data-id=\"67558e1\" data-element_type=\"container\">\n\t\t\t\t<div class=\"elementor-element elementor-element-6fcff21 elementor-widget__width-auto elementor-widget elementor-widget-html\" data-id=\"6fcff21\" data-element_type=\"widget\" data-widget_type=\"html.default\">\n\t\t\t\t<div class=\"elementor-widget-container\">\n\t\t\t<a class=\"copi\" href=\"javascript:getlink();\"><i aria-hidden=\"true\" class=\"fas fa-link\"><\/i> <b>Copy link<\/b><\/a>\r\n<style>\r\n    .alignright{\r\n        width:100%;\r\n        text-align:right;\r\n        \r\n    }\r\n<\/style>\r\n\r\n<script>\/\/<![CDATA[\r\nfunction getlink() {\r\nvar aux = document.createElement(\"input\");\r\naux.setAttribute(\"value\",window.location.href);\r\ndocument.body.appendChild(aux);\r\naux.select();\r\ndocument.execCommand(\"copy\");\r\ndocument.body.removeChild(aux);\r\nalert(\"Link copiado\");\r\n}\r\n\/\/]]><\/script>\t\t<\/div>\n\t\t\t\t<\/div>\n\t\t\t\t<\/div>\n\t\t<div class=\"elementor-element elementor-element-42b3bc9 alignright e-con-full e-flex e-con e-child\" data-id=\"42b3bc9\" data-element_type=\"container\">\n\t\t\t\t<div class=\"elementor-element elementor-element-6dc6948 elementor-widget__width-auto elementor-widget elementor-widget-heading\" data-id=\"6dc6948\" data-element_type=\"widget\" data-widget_type=\"heading.default\">\n\t\t\t\t<div class=\"elementor-widget-container\">\n\t\t\t<div class=\"elementor-heading-title elementor-size-default\">Share<\/div>\t\t<\/div>\n\t\t\t\t<\/div>\n\t\t\t\t<div class=\"elementor-element elementor-element-15d3087 elementor-widget__width-auto elementor-widget elementor-widget-shortcode\" data-id=\"15d3087\" data-element_type=\"widget\" data-widget_type=\"shortcode.default\">\n\t\t\t\t<div class=\"elementor-widget-container\">\n\t\t\t\t\t<div class=\"elementor-shortcode\"><div class=\"addtoany_shortcode\"><div class=\"a2a_kit a2a_kit_size_32 addtoany_list\" data-a2a-url=\"https:\/\/www.calasanvicente.es\/en\/cala-san-vicente\/culture-and-festivals\/\" data-a2a-title=\"Culture and festivals\"><a class=\"a2a_button_facebook\" href=\"https:\/\/www.addtoany.com\/add_to\/facebook?linkurl=https%3A%2F%2Fwww.calasanvicente.es%2Fen%2Fcala-san-vicente%2Fculture-and-festivals%2F&amp;linkname=Culture%20and%20festivals\" title=\"Facebook\" rel=\"nofollow noopener\" target=\"_blank\"><\/a><a class=\"a2a_button_twitter\" href=\"https:\/\/www.addtoany.com\/add_to\/twitter?linkurl=https%3A%2F%2Fwww.calasanvicente.es%2Fen%2Fcala-san-vicente%2Fculture-and-festivals%2F&amp;linkname=Culture%20and%20festivals\" title=\"Twitter\" rel=\"nofollow noopener\" target=\"_blank\"><\/a><a class=\"a2a_button_whatsapp\" href=\"https:\/\/www.addtoany.com\/add_to\/whatsapp?linkurl=https%3A%2F%2Fwww.calasanvicente.es%2Fen%2Fcala-san-vicente%2Fculture-and-festivals%2F&amp;linkname=Culture%20and%20festivals\" title=\"WhatsApp\" rel=\"nofollow noopener\" target=\"_blank\"><\/a><a class=\"a2a_button_email\" href=\"https:\/\/www.addtoany.com\/add_to\/email?linkurl=https%3A%2F%2Fwww.calasanvicente.es%2Fen%2Fcala-san-vicente%2Fculture-and-festivals%2F&amp;linkname=Culture%20and%20festivals\" title=\"Email\" rel=\"nofollow noopener\" target=\"_blank\"><\/a><a class=\"a2a_dd addtoany_share_save addtoany_share\" href=\"https:\/\/www.addtoany.com\/share\"><\/a><\/div><\/div><\/div>\n\t\t\t\t<\/div>\n\t\t\t\t<\/div>\n\t\t\t\t<\/div>\n\t\t\t\t<\/div>\n\t\t<div class=\"elementor-element elementor-element-4590047 e-con-full e-flex e-con e-child\" data-id=\"4590047\" data-element_type=\"container\">\n\t\t<div class=\"elementor-element elementor-element-7e05385 e-con-full e-flex e-con e-child\" data-id=\"7e05385\" data-element_type=\"container\">\n\t\t\t\t<div class=\"elementor-element elementor-element-649bc2b elementor-widget-divider--view-line elementor-widget elementor-widget-divider\" data-id=\"649bc2b\" data-element_type=\"widget\" data-widget_type=\"divider.default\">\n\t\t\t\t<div class=\"elementor-widget-container\">\n\t\t\t\t\t<div class=\"elementor-divider\">\n\t\t\t<span class=\"elementor-divider-separator\">\n\t\t\t\t\t\t<\/span>\n\t\t<\/div>\n\t\t\t\t<\/div>\n\t\t\t\t<\/div>\n\t\t\t\t<div class=\"elementor-element elementor-element-e5d8ddf elementor-widget elementor-widget-heading\" data-id=\"e5d8ddf\" data-element_type=\"widget\" data-widget_type=\"heading.default\">\n\t\t\t\t<div class=\"elementor-widget-container\">\n\t\t\t<div class=\"elementor-heading-title elementor-size-default\">Festival of the Patron Saint of Pollensa<\/div>\t\t<\/div>\n\t\t\t\t<\/div>\n\t\t\t\t<div class=\"elementor-element elementor-element-38e37b7 elementor-widget elementor-widget-text-editor\" data-id=\"38e37b7\" data-element_type=\"widget\" data-widget_type=\"text-editor.default\">\n\t\t\t\t<div class=\"elementor-widget-container\">\n\t\t\t\t\t\t\t<p><span style=\"font-weight: 400;\">On July 26, the Patron Saint Festivities begin in Pollen\u00e7a, a civic-religious celebration of very ancient origin. The cannon shots, the rockets and the ringing of bells will open the festival programme, which will last until August 2, the day of the Mare de D\u00e9u dels \u00c0ngels, with a wide range of activities for all tastes.<\/span><\/p>\t\t\t\t\t\t<\/div>\n\t\t\t\t<\/div>\n\t\t\t\t<\/div>\n\t\t\t\t<\/div>\n\t\t\t\t<\/div>\n\t\t\t\t\t<\/div>\n\t\t\t\t<\/div>\n\t\t\t\t<\/div>\n\t\t<\/p>\t\t\t\t\t<\/div>\r\n\t\t\t\t\t\t\t\t\t<\/div>\r\n\t\t\t<\/div>\r\n\t\t<\/div>\r\n\r\n\t\t\t\t<\/div>\n\t\t\t\t<\/div>\n\t\t\t\t<div class=\"elementor-element elementor-element-2b83bbe titpopup premium-modal-dismissible-yes elementor-widget elementor-widget-premium-addon-modal-box\" data-id=\"2b83bbe\" data-element_type=\"widget\" data-settings=\"{&quot;premium_modal_box_animation&quot;:&quot;fadeInDown&quot;}\" data-widget_type=\"premium-addon-modal-box.default\">\n\t\t\t\t<div class=\"elementor-widget-container\">\n\t\t\t\r\n\t\t<div class=\"premium-modal-box-container\" data-settings=\"{&quot;trigger&quot;:&quot;text&quot;}\">\r\n\t\t\t<div class=\"premium-modal-trigger-container\">\r\n\t\t\t\t\t\t\t\t\t<span data-toggle=\"premium-modal\" data-target=\"#premium-modal-2b83bbe\" class=\"premium-modal-trigger-text\">\r\n\t\t\t\t\t\t<div >\r\n\t\t\t\t\t\t\t<H2>Festival of the Patron Saint of Pollensa<\/H2>\t\t\t\t\t\t<\/div>\r\n\t\t\t\t\t<\/span>\r\n\t\t\t\t\t\t\t<\/div>\r\n\r\n\t\t\t<div id=\"premium-modal-2b83bbe\" class=\"premium-modal-box-modal\"\r\n\t\t\trole=\"dialog\"\r\n\t\t\tstyle=\"display: none\"\r\n\t\t\t>\r\n\t\t\t\t<div class=\"premium-modal-box-modal-dialog\" data-delay-animation=\"\" data-modal-animation=\"fadeInDown animated-fast\">\r\n\t\t\t\t\t\t\t\t\t\t\t<div class=\"premium-modal-box-modal-header\">\r\n\t\t\t\t\t\t\t\t\t\t\t\t\t\t\t\t\t\t\t\t\t\t<div class=\"premium-modal-box-close-button-container\">\r\n\t\t\t\t\t\t\t\t\t<button type=\"button\" class=\"premium-modal-box-modal-close\" data-dismiss=\"premium-modal\">&times;<\/button>\r\n\t\t\t\t\t\t\t\t<\/div>\r\n\t\t\t\t\t\t\t\t\t\t\t\t\t<\/div>\r\n\t\t\t\t\t\t\t\t\t\t<div class=\"premium-modal-box-modal-body\">\r\n\t\t\t\t\t\t<p>\t\t<div data-elementor-type=\"wp-post\" data-elementor-id=\"43484\" class=\"elementor elementor-43484 elementor-39589\">\n\t\t\t\t<div class=\"elementor-element elementor-element-d39fc68 e-flex e-con-boxed e-con e-parent\" data-id=\"d39fc68\" data-element_type=\"container\" data-settings=\"{&quot;background_background&quot;:&quot;classic&quot;}\">\n\t\t\t\t\t<div class=\"e-con-inner\">\n\t\t<div class=\"elementor-element elementor-element-2233396 e-con-full e-flex e-con e-child\" data-id=\"2233396\" data-element_type=\"container\">\n\t\t\t\t<div class=\"elementor-element elementor-element-dbc27a5 elementor-widget elementor-widget-heading\" data-id=\"dbc27a5\" data-element_type=\"widget\" data-widget_type=\"heading.default\">\n\t\t\t\t<div class=\"elementor-widget-container\">\n\t\t\t<div class=\"elementor-heading-title elementor-size-default\">Festival of the Patron Saint of Pollensa<\/div>\t\t<\/div>\n\t\t\t\t<\/div>\n\t\t<div class=\"elementor-element elementor-element-e6ad6a3 e-con-full e-flex e-con e-child\" data-id=\"e6ad6a3\" data-element_type=\"container\">\n\t\t<div class=\"elementor-element elementor-element-3317f21 e-con-full e-flex e-con e-child\" data-id=\"3317f21\" data-element_type=\"container\" data-settings=\"{&quot;background_background&quot;:&quot;classic&quot;}\">\n\t\t\t\t<div class=\"elementor-element elementor-element-6b2d997 elementor-widget elementor-widget-spacer\" data-id=\"6b2d997\" data-element_type=\"widget\" data-widget_type=\"spacer.default\">\n\t\t\t\t<div class=\"elementor-widget-container\">\n\t\t\t\t\t<div class=\"elementor-spacer\">\n\t\t\t<div class=\"elementor-spacer-inner\"><\/div>\n\t\t<\/div>\n\t\t\t\t<\/div>\n\t\t\t\t<\/div>\n\t\t\t\t<\/div>\n\t\t\t\t<\/div>\n\t\t<div class=\"elementor-element elementor-element-013dfab e-con-full e-flex e-con e-child\" data-id=\"013dfab\" data-element_type=\"container\">\n\t\t<div class=\"elementor-element elementor-element-67558e1 e-con-full e-flex e-con e-child\" data-id=\"67558e1\" data-element_type=\"container\">\n\t\t\t\t<div class=\"elementor-element elementor-element-6fcff21 elementor-widget__width-auto elementor-widget elementor-widget-html\" data-id=\"6fcff21\" data-element_type=\"widget\" data-widget_type=\"html.default\">\n\t\t\t\t<div class=\"elementor-widget-container\">\n\t\t\t<a class=\"copi\" href=\"javascript:getlink();\"><i aria-hidden=\"true\" class=\"fas fa-link\"><\/i> <b>Copy link<\/b><\/a>\r\n<style>\r\n    .alignright{\r\n        width:100%;\r\n        text-align:right;\r\n        \r\n    }\r\n<\/style>\r\n\r\n<script>\/\/<![CDATA[\r\nfunction getlink() {\r\nvar aux = document.createElement(\"input\");\r\naux.setAttribute(\"value\",window.location.href);\r\ndocument.body.appendChild(aux);\r\naux.select();\r\ndocument.execCommand(\"copy\");\r\ndocument.body.removeChild(aux);\r\nalert(\"Link copiado\");\r\n}\r\n\/\/]]><\/script>\t\t<\/div>\n\t\t\t\t<\/div>\n\t\t\t\t<\/div>\n\t\t<div class=\"elementor-element elementor-element-42b3bc9 alignright e-con-full e-flex e-con e-child\" data-id=\"42b3bc9\" data-element_type=\"container\">\n\t\t\t\t<div class=\"elementor-element elementor-element-6dc6948 elementor-widget__width-auto elementor-widget elementor-widget-heading\" data-id=\"6dc6948\" data-element_type=\"widget\" data-widget_type=\"heading.default\">\n\t\t\t\t<div class=\"elementor-widget-container\">\n\t\t\t<div class=\"elementor-heading-title elementor-size-default\">Share<\/div>\t\t<\/div>\n\t\t\t\t<\/div>\n\t\t\t\t<div class=\"elementor-element elementor-element-15d3087 elementor-widget__width-auto elementor-widget elementor-widget-shortcode\" data-id=\"15d3087\" data-element_type=\"widget\" data-widget_type=\"shortcode.default\">\n\t\t\t\t<div class=\"elementor-widget-container\">\n\t\t\t\t\t<div class=\"elementor-shortcode\"><div class=\"addtoany_shortcode\"><div class=\"a2a_kit a2a_kit_size_32 addtoany_list\" data-a2a-url=\"https:\/\/www.calasanvicente.es\/en\/cala-san-vicente\/culture-and-festivals\/\" data-a2a-title=\"Culture and festivals\"><a class=\"a2a_button_facebook\" href=\"https:\/\/www.addtoany.com\/add_to\/facebook?linkurl=https%3A%2F%2Fwww.calasanvicente.es%2Fen%2Fcala-san-vicente%2Fculture-and-festivals%2F&amp;linkname=Culture%20and%20festivals\" title=\"Facebook\" rel=\"nofollow noopener\" target=\"_blank\"><\/a><a class=\"a2a_button_twitter\" href=\"https:\/\/www.addtoany.com\/add_to\/twitter?linkurl=https%3A%2F%2Fwww.calasanvicente.es%2Fen%2Fcala-san-vicente%2Fculture-and-festivals%2F&amp;linkname=Culture%20and%20festivals\" title=\"Twitter\" rel=\"nofollow noopener\" target=\"_blank\"><\/a><a class=\"a2a_button_whatsapp\" href=\"https:\/\/www.addtoany.com\/add_to\/whatsapp?linkurl=https%3A%2F%2Fwww.calasanvicente.es%2Fen%2Fcala-san-vicente%2Fculture-and-festivals%2F&amp;linkname=Culture%20and%20festivals\" title=\"WhatsApp\" rel=\"nofollow noopener\" target=\"_blank\"><\/a><a class=\"a2a_button_email\" href=\"https:\/\/www.addtoany.com\/add_to\/email?linkurl=https%3A%2F%2Fwww.calasanvicente.es%2Fen%2Fcala-san-vicente%2Fculture-and-festivals%2F&amp;linkname=Culture%20and%20festivals\" title=\"Email\" rel=\"nofollow noopener\" target=\"_blank\"><\/a><a class=\"a2a_dd addtoany_share_save addtoany_share\" href=\"https:\/\/www.addtoany.com\/share\"><\/a><\/div><\/div><\/div>\n\t\t\t\t<\/div>\n\t\t\t\t<\/div>\n\t\t\t\t<\/div>\n\t\t\t\t<\/div>\n\t\t<div class=\"elementor-element elementor-element-4590047 e-con-full e-flex e-con e-child\" data-id=\"4590047\" data-element_type=\"container\">\n\t\t<div class=\"elementor-element elementor-element-7e05385 e-con-full e-flex e-con e-child\" data-id=\"7e05385\" data-element_type=\"container\">\n\t\t\t\t<div class=\"elementor-element elementor-element-649bc2b elementor-widget-divider--view-line elementor-widget elementor-widget-divider\" data-id=\"649bc2b\" data-element_type=\"widget\" data-widget_type=\"divider.default\">\n\t\t\t\t<div class=\"elementor-widget-container\">\n\t\t\t\t\t<div class=\"elementor-divider\">\n\t\t\t<span class=\"elementor-divider-separator\">\n\t\t\t\t\t\t<\/span>\n\t\t<\/div>\n\t\t\t\t<\/div>\n\t\t\t\t<\/div>\n\t\t\t\t<div class=\"elementor-element elementor-element-e5d8ddf elementor-widget elementor-widget-heading\" data-id=\"e5d8ddf\" data-element_type=\"widget\" data-widget_type=\"heading.default\">\n\t\t\t\t<div class=\"elementor-widget-container\">\n\t\t\t<div class=\"elementor-heading-title elementor-size-default\">Festival of the Patron Saint of Pollensa<\/div>\t\t<\/div>\n\t\t\t\t<\/div>\n\t\t\t\t<div class=\"elementor-element elementor-element-38e37b7 elementor-widget elementor-widget-text-editor\" data-id=\"38e37b7\" data-element_type=\"widget\" data-widget_type=\"text-editor.default\">\n\t\t\t\t<div class=\"elementor-widget-container\">\n\t\t\t\t\t\t\t<p><span style=\"font-weight: 400;\">On July 26, the Patron Saint Festivities begin in Pollen\u00e7a, a civic-religious celebration of very ancient origin. The cannon shots, the rockets and the ringing of bells will open the festival programme, which will last until August 2, the day of the Mare de D\u00e9u dels \u00c0ngels, with a wide range of activities for all tastes.<\/span><\/p>\t\t\t\t\t\t<\/div>\n\t\t\t\t<\/div>\n\t\t\t\t<\/div>\n\t\t\t\t<\/div>\n\t\t\t\t<\/div>\n\t\t\t\t\t<\/div>\n\t\t\t\t<\/div>\n\t\t\t\t<\/div>\n\t\t<\/p>\t\t\t\t\t<\/div>\r\n\t\t\t\t\t\t\t\t\t<\/div>\r\n\t\t\t<\/div>\r\n\t\t<\/div>\r\n\r\n\t\t\t\t<\/div>\n\t\t\t\t<\/div>\n\t\t\t\t<div class=\"elementor-element elementor-element-3e7e82b elementor-widget elementor-widget-spacer\" data-id=\"3e7e82b\" data-element_type=\"widget\" data-widget_type=\"spacer.default\">\n\t\t\t\t<div class=\"elementor-widget-container\">\n\t\t\t\t\t<div class=\"elementor-spacer\">\n\t\t\t<div class=\"elementor-spacer-inner\"><\/div>\n\t\t<\/div>\n\t\t\t\t<\/div>\n\t\t\t\t<\/div>\n\t\t\t\t<div class=\"elementor-element elementor-element-b08b8ce premium-modal-dismissible-yes elementor-widget elementor-widget-premium-addon-modal-box\" data-id=\"b08b8ce\" data-element_type=\"widget\" data-settings=\"{&quot;premium_modal_box_animation&quot;:&quot;fadeInDown&quot;}\" data-widget_type=\"premium-addon-modal-box.default\">\n\t\t\t\t<div class=\"elementor-widget-container\">\n\t\t\t\r\n\t\t<div class=\"premium-modal-box-container\" data-settings=\"{&quot;trigger&quot;:&quot;text&quot;}\">\r\n\t\t\t<div class=\"premium-modal-trigger-container\">\r\n\t\t\t\t\t\t\t\t\t<span data-toggle=\"premium-modal\" data-target=\"#premium-modal-b08b8ce\" class=\"premium-modal-trigger-text\">\r\n\t\t\t\t\t\t<div >\r\n\t\t\t\t\t\t\tOn July 26, the Patron Saint Festivities begin in Pollen\u00e7a, a civic-religious celebration of very ancient origin....\t\t\t\t\t\t<\/div>\r\n\t\t\t\t\t<\/span>\r\n\t\t\t\t\t\t\t<\/div>\r\n\r\n\t\t\t<div id=\"premium-modal-b08b8ce\" class=\"premium-modal-box-modal\"\r\n\t\t\trole=\"dialog\"\r\n\t\t\tstyle=\"display: none\"\r\n\t\t\t>\r\n\t\t\t\t<div class=\"premium-modal-box-modal-dialog\" data-delay-animation=\"\" data-modal-animation=\"fadeInDown animated-fast\">\r\n\t\t\t\t\t\t\t\t\t\t\t<div class=\"premium-modal-box-modal-header\">\r\n\t\t\t\t\t\t\t\t\t\t\t\t\t\t\t\t\t\t\t\t\t\t<div class=\"premium-modal-box-close-button-container\">\r\n\t\t\t\t\t\t\t\t\t<button type=\"button\" class=\"premium-modal-box-modal-close\" data-dismiss=\"premium-modal\">&times;<\/button>\r\n\t\t\t\t\t\t\t\t<\/div>\r\n\t\t\t\t\t\t\t\t\t\t\t\t\t<\/div>\r\n\t\t\t\t\t\t\t\t\t\t<div class=\"premium-modal-box-modal-body\">\r\n\t\t\t\t\t\t<p>\t\t<div data-elementor-type=\"wp-post\" data-elementor-id=\"43484\" class=\"elementor elementor-43484 elementor-39589\">\n\t\t\t\t<div class=\"elementor-element elementor-element-d39fc68 e-flex e-con-boxed e-con e-parent\" data-id=\"d39fc68\" data-element_type=\"container\" data-settings=\"{&quot;background_background&quot;:&quot;classic&quot;}\">\n\t\t\t\t\t<div class=\"e-con-inner\">\n\t\t<div class=\"elementor-element elementor-element-2233396 e-con-full e-flex e-con e-child\" data-id=\"2233396\" data-element_type=\"container\">\n\t\t\t\t<div class=\"elementor-element elementor-element-dbc27a5 elementor-widget elementor-widget-heading\" data-id=\"dbc27a5\" data-element_type=\"widget\" data-widget_type=\"heading.default\">\n\t\t\t\t<div class=\"elementor-widget-container\">\n\t\t\t<div class=\"elementor-heading-title elementor-size-default\">Festival of the Patron Saint of Pollensa<\/div>\t\t<\/div>\n\t\t\t\t<\/div>\n\t\t<div class=\"elementor-element elementor-element-e6ad6a3 e-con-full e-flex e-con e-child\" data-id=\"e6ad6a3\" data-element_type=\"container\">\n\t\t<div class=\"elementor-element elementor-element-3317f21 e-con-full e-flex e-con e-child\" data-id=\"3317f21\" data-element_type=\"container\" data-settings=\"{&quot;background_background&quot;:&quot;classic&quot;}\">\n\t\t\t\t<div class=\"elementor-element elementor-element-6b2d997 elementor-widget elementor-widget-spacer\" data-id=\"6b2d997\" data-element_type=\"widget\" data-widget_type=\"spacer.default\">\n\t\t\t\t<div class=\"elementor-widget-container\">\n\t\t\t\t\t<div class=\"elementor-spacer\">\n\t\t\t<div class=\"elementor-spacer-inner\"><\/div>\n\t\t<\/div>\n\t\t\t\t<\/div>\n\t\t\t\t<\/div>\n\t\t\t\t<\/div>\n\t\t\t\t<\/div>\n\t\t<div class=\"elementor-element elementor-element-013dfab e-con-full e-flex e-con e-child\" data-id=\"013dfab\" data-element_type=\"container\">\n\t\t<div class=\"elementor-element elementor-element-67558e1 e-con-full e-flex e-con e-child\" data-id=\"67558e1\" data-element_type=\"container\">\n\t\t\t\t<div class=\"elementor-element elementor-element-6fcff21 elementor-widget__width-auto elementor-widget elementor-widget-html\" data-id=\"6fcff21\" data-element_type=\"widget\" data-widget_type=\"html.default\">\n\t\t\t\t<div class=\"elementor-widget-container\">\n\t\t\t<a class=\"copi\" href=\"javascript:getlink();\"><i aria-hidden=\"true\" class=\"fas fa-link\"><\/i> <b>Copy link<\/b><\/a>\r\n<style>\r\n    .alignright{\r\n        width:100%;\r\n        text-align:right;\r\n        \r\n    }\r\n<\/style>\r\n\r\n<script>\/\/<![CDATA[\r\nfunction getlink() {\r\nvar aux = document.createElement(\"input\");\r\naux.setAttribute(\"value\",window.location.href);\r\ndocument.body.appendChild(aux);\r\naux.select();\r\ndocument.execCommand(\"copy\");\r\ndocument.body.removeChild(aux);\r\nalert(\"Link copiado\");\r\n}\r\n\/\/]]><\/script>\t\t<\/div>\n\t\t\t\t<\/div>\n\t\t\t\t<\/div>\n\t\t<div class=\"elementor-element elementor-element-42b3bc9 alignright e-con-full e-flex e-con e-child\" data-id=\"42b3bc9\" data-element_type=\"container\">\n\t\t\t\t<div class=\"elementor-element elementor-element-6dc6948 elementor-widget__width-auto elementor-widget elementor-widget-heading\" data-id=\"6dc6948\" data-element_type=\"widget\" data-widget_type=\"heading.default\">\n\t\t\t\t<div class=\"elementor-widget-container\">\n\t\t\t<div class=\"elementor-heading-title elementor-size-default\">Share<\/div>\t\t<\/div>\n\t\t\t\t<\/div>\n\t\t\t\t<div class=\"elementor-element elementor-element-15d3087 elementor-widget__width-auto elementor-widget elementor-widget-shortcode\" data-id=\"15d3087\" data-element_type=\"widget\" data-widget_type=\"shortcode.default\">\n\t\t\t\t<div class=\"elementor-widget-container\">\n\t\t\t\t\t<div class=\"elementor-shortcode\"><div class=\"addtoany_shortcode\"><div class=\"a2a_kit a2a_kit_size_32 addtoany_list\" data-a2a-url=\"https:\/\/www.calasanvicente.es\/en\/cala-san-vicente\/culture-and-festivals\/\" data-a2a-title=\"Culture and festivals\"><a class=\"a2a_button_facebook\" href=\"https:\/\/www.addtoany.com\/add_to\/facebook?linkurl=https%3A%2F%2Fwww.calasanvicente.es%2Fen%2Fcala-san-vicente%2Fculture-and-festivals%2F&amp;linkname=Culture%20and%20festivals\" title=\"Facebook\" rel=\"nofollow noopener\" target=\"_blank\"><\/a><a class=\"a2a_button_twitter\" href=\"https:\/\/www.addtoany.com\/add_to\/twitter?linkurl=https%3A%2F%2Fwww.calasanvicente.es%2Fen%2Fcala-san-vicente%2Fculture-and-festivals%2F&amp;linkname=Culture%20and%20festivals\" title=\"Twitter\" rel=\"nofollow noopener\" target=\"_blank\"><\/a><a class=\"a2a_button_whatsapp\" href=\"https:\/\/www.addtoany.com\/add_to\/whatsapp?linkurl=https%3A%2F%2Fwww.calasanvicente.es%2Fen%2Fcala-san-vicente%2Fculture-and-festivals%2F&amp;linkname=Culture%20and%20festivals\" title=\"WhatsApp\" rel=\"nofollow noopener\" target=\"_blank\"><\/a><a class=\"a2a_button_email\" href=\"https:\/\/www.addtoany.com\/add_to\/email?linkurl=https%3A%2F%2Fwww.calasanvicente.es%2Fen%2Fcala-san-vicente%2Fculture-and-festivals%2F&amp;linkname=Culture%20and%20festivals\" title=\"Email\" rel=\"nofollow noopener\" target=\"_blank\"><\/a><a class=\"a2a_dd addtoany_share_save addtoany_share\" href=\"https:\/\/www.addtoany.com\/share\"><\/a><\/div><\/div><\/div>\n\t\t\t\t<\/div>\n\t\t\t\t<\/div>\n\t\t\t\t<\/div>\n\t\t\t\t<\/div>\n\t\t<div class=\"elementor-element elementor-element-4590047 e-con-full e-flex e-con e-child\" data-id=\"4590047\" data-element_type=\"container\">\n\t\t<div class=\"elementor-element elementor-element-7e05385 e-con-full e-flex e-con e-child\" data-id=\"7e05385\" data-element_type=\"container\">\n\t\t\t\t<div class=\"elementor-element elementor-element-649bc2b elementor-widget-divider--view-line elementor-widget elementor-widget-divider\" data-id=\"649bc2b\" data-element_type=\"widget\" data-widget_type=\"divider.default\">\n\t\t\t\t<div class=\"elementor-widget-container\">\n\t\t\t\t\t<div class=\"elementor-divider\">\n\t\t\t<span class=\"elementor-divider-separator\">\n\t\t\t\t\t\t<\/span>\n\t\t<\/div>\n\t\t\t\t<\/div>\n\t\t\t\t<\/div>\n\t\t\t\t<div class=\"elementor-element elementor-element-e5d8ddf elementor-widget elementor-widget-heading\" data-id=\"e5d8ddf\" data-element_type=\"widget\" data-widget_type=\"heading.default\">\n\t\t\t\t<div class=\"elementor-widget-container\">\n\t\t\t<div class=\"elementor-heading-title elementor-size-default\">Festival of the Patron Saint of Pollensa<\/div>\t\t<\/div>\n\t\t\t\t<\/div>\n\t\t\t\t<div class=\"elementor-element elementor-element-38e37b7 elementor-widget elementor-widget-text-editor\" data-id=\"38e37b7\" data-element_type=\"widget\" data-widget_type=\"text-editor.default\">\n\t\t\t\t<div class=\"elementor-widget-container\">\n\t\t\t\t\t\t\t<p><span style=\"font-weight: 400;\">On July 26, the Patron Saint Festivities begin in Pollen\u00e7a, a civic-religious celebration of very ancient origin. The cannon shots, the rockets and the ringing of bells will open the festival programme, which will last until August 2, the day of the Mare de D\u00e9u dels \u00c0ngels, with a wide range of activities for all tastes.<\/span><\/p>\t\t\t\t\t\t<\/div>\n\t\t\t\t<\/div>\n\t\t\t\t<\/div>\n\t\t\t\t<\/div>\n\t\t\t\t<\/div>\n\t\t\t\t\t<\/div>\n\t\t\t\t<\/div>\n\t\t\t\t<\/div>\n\t\t<\/p>\t\t\t\t\t<\/div>\r\n\t\t\t\t\t\t\t\t\t<\/div>\r\n\t\t\t<\/div>\r\n\t\t<\/div>\r\n\r\n\t\t\t\t<\/div>\n\t\t\t\t<\/div>\n\t\t\t\t\t<\/div>\n\t\t<\/div>\n\t\t\t\t<div class=\"elementor-column elementor-col-33 elementor-top-column elementor-element elementor-element-25b7e31\" data-id=\"25b7e31\" data-element_type=\"column\" data-settings=\"{&quot;background_background&quot;:&quot;classic&quot;}\">\n\t\t\t<div class=\"elementor-widget-wrap elementor-element-populated\">\n\t\t\t\t\t\t<div class=\"elementor-element elementor-element-65a8dd8 premium-modal-dismissible-yes elementor-widget elementor-widget-premium-addon-modal-box\" data-id=\"65a8dd8\" data-element_type=\"widget\" data-settings=\"{&quot;premium_modal_box_animation&quot;:&quot;fadeInDown&quot;}\" data-widget_type=\"premium-addon-modal-box.default\">\n\t\t\t\t<div class=\"elementor-widget-container\">\n\t\t\t\r\n\t\t<div class=\"premium-modal-box-container\" data-settings=\"{&quot;trigger&quot;:&quot;image&quot;}\">\r\n\t\t\t<div class=\"premium-modal-trigger-container\">\r\n\t\t\t\t\t\t\t\t\t<img decoding=\"async\" data-toggle=\"premium-modal\" data-target=\"#premium-modal-65a8dd8\" class=\"premium-modal-trigger-img\" src=\"https:\/\/www.calasanvicente.es\/wp-content\/uploads\/2023\/11\/moros-1.jpg\" alt=\"moros\">\r\n\t\t\t\t\t\t\t<\/div>\r\n\r\n\t\t\t<div id=\"premium-modal-65a8dd8\" class=\"premium-modal-box-modal\"\r\n\t\t\trole=\"dialog\"\r\n\t\t\tstyle=\"display: none\"\r\n\t\t\t>\r\n\t\t\t\t<div class=\"premium-modal-box-modal-dialog\" data-delay-animation=\"\" data-modal-animation=\"fadeInDown animated-fast\">\r\n\t\t\t\t\t\t\t\t\t\t\t<div class=\"premium-modal-box-modal-header\">\r\n\t\t\t\t\t\t\t\t\t\t\t\t\t\t\t\t\t\t\t\t\t\t<div class=\"premium-modal-box-close-button-container\">\r\n\t\t\t\t\t\t\t\t\t<button type=\"button\" class=\"premium-modal-box-modal-close\" data-dismiss=\"premium-modal\">&times;<\/button>\r\n\t\t\t\t\t\t\t\t<\/div>\r\n\t\t\t\t\t\t\t\t\t\t\t\t\t<\/div>\r\n\t\t\t\t\t\t\t\t\t\t<div class=\"premium-modal-box-modal-body\">\r\n\t\t\t\t\t\t<p>\t\t<div data-elementor-type=\"wp-post\" data-elementor-id=\"43485\" class=\"elementor elementor-43485 elementor-39588\">\n\t\t\t\t<div class=\"elementor-element elementor-element-01d5357 e-flex e-con-boxed e-con e-parent\" data-id=\"01d5357\" data-element_type=\"container\" data-settings=\"{&quot;background_background&quot;:&quot;classic&quot;}\">\n\t\t\t\t\t<div class=\"e-con-inner\">\n\t\t<div class=\"elementor-element elementor-element-0d42da2 e-con-full e-flex e-con e-child\" data-id=\"0d42da2\" data-element_type=\"container\">\n\t\t\t\t<div class=\"elementor-element elementor-element-fa6c27e elementor-widget elementor-widget-heading\" data-id=\"fa6c27e\" data-element_type=\"widget\" data-widget_type=\"heading.default\">\n\t\t\t\t<div class=\"elementor-widget-container\">\n\t\t\t<div class=\"elementor-heading-title elementor-size-default\">Simulacrum of Moors and Christians<\/div>\t\t<\/div>\n\t\t\t\t<\/div>\n\t\t<div class=\"elementor-element elementor-element-4a2b337 e-con-full e-flex e-con e-child\" data-id=\"4a2b337\" data-element_type=\"container\">\n\t\t<div class=\"elementor-element elementor-element-f95a389 e-con-full e-flex e-con e-child\" data-id=\"f95a389\" data-element_type=\"container\" data-settings=\"{&quot;background_background&quot;:&quot;classic&quot;}\">\n\t\t\t\t<div class=\"elementor-element elementor-element-4162cfe elementor-widget elementor-widget-spacer\" data-id=\"4162cfe\" data-element_type=\"widget\" data-widget_type=\"spacer.default\">\n\t\t\t\t<div class=\"elementor-widget-container\">\n\t\t\t\t\t<div class=\"elementor-spacer\">\n\t\t\t<div class=\"elementor-spacer-inner\"><\/div>\n\t\t<\/div>\n\t\t\t\t<\/div>\n\t\t\t\t<\/div>\n\t\t\t\t<\/div>\n\t\t\t\t<\/div>\n\t\t<div class=\"elementor-element elementor-element-6668c5b e-con-full e-flex e-con e-child\" data-id=\"6668c5b\" data-element_type=\"container\">\n\t\t<div class=\"elementor-element elementor-element-bac2833 e-con-full e-flex e-con e-child\" data-id=\"bac2833\" data-element_type=\"container\">\n\t\t\t\t<div class=\"elementor-element elementor-element-1f67738 elementor-widget__width-auto elementor-widget elementor-widget-html\" data-id=\"1f67738\" data-element_type=\"widget\" data-widget_type=\"html.default\">\n\t\t\t\t<div class=\"elementor-widget-container\">\n\t\t\t<a class=\"copi\" href=\"javascript:getlink();\"><i aria-hidden=\"true\" class=\"fas fa-link\"><\/i> <b>Copy link<\/b><\/a>\r\n<style>\r\n    .alignright{\r\n        width:100%;\r\n        text-align:right;\r\n        \r\n    }\r\n<\/style>\r\n\r\n<script>\/\/<![CDATA[\r\nfunction getlink() {\r\nvar aux = document.createElement(\"input\");\r\naux.setAttribute(\"value\",window.location.href);\r\ndocument.body.appendChild(aux);\r\naux.select();\r\ndocument.execCommand(\"copy\");\r\ndocument.body.removeChild(aux);\r\nalert(\"Link copiado\");\r\n}\r\n\/\/]]><\/script>\t\t<\/div>\n\t\t\t\t<\/div>\n\t\t\t\t<\/div>\n\t\t<div class=\"elementor-element elementor-element-4b7717d alignright e-con-full e-flex e-con e-child\" data-id=\"4b7717d\" data-element_type=\"container\">\n\t\t\t\t<div class=\"elementor-element elementor-element-76db524 elementor-widget__width-auto elementor-widget elementor-widget-heading\" data-id=\"76db524\" data-element_type=\"widget\" data-widget_type=\"heading.default\">\n\t\t\t\t<div class=\"elementor-widget-container\">\n\t\t\t<div class=\"elementor-heading-title elementor-size-default\">Share<\/div>\t\t<\/div>\n\t\t\t\t<\/div>\n\t\t\t\t<div class=\"elementor-element elementor-element-1dde4c4 elementor-widget__width-auto elementor-widget elementor-widget-shortcode\" data-id=\"1dde4c4\" data-element_type=\"widget\" data-widget_type=\"shortcode.default\">\n\t\t\t\t<div class=\"elementor-widget-container\">\n\t\t\t\t\t<div class=\"elementor-shortcode\"><div class=\"addtoany_shortcode\"><div class=\"a2a_kit a2a_kit_size_32 addtoany_list\" data-a2a-url=\"https:\/\/www.calasanvicente.es\/en\/cala-san-vicente\/culture-and-festivals\/\" data-a2a-title=\"Culture and festivals\"><a class=\"a2a_button_facebook\" href=\"https:\/\/www.addtoany.com\/add_to\/facebook?linkurl=https%3A%2F%2Fwww.calasanvicente.es%2Fen%2Fcala-san-vicente%2Fculture-and-festivals%2F&amp;linkname=Culture%20and%20festivals\" title=\"Facebook\" rel=\"nofollow noopener\" target=\"_blank\"><\/a><a class=\"a2a_button_twitter\" href=\"https:\/\/www.addtoany.com\/add_to\/twitter?linkurl=https%3A%2F%2Fwww.calasanvicente.es%2Fen%2Fcala-san-vicente%2Fculture-and-festivals%2F&amp;linkname=Culture%20and%20festivals\" title=\"Twitter\" rel=\"nofollow noopener\" target=\"_blank\"><\/a><a class=\"a2a_button_whatsapp\" href=\"https:\/\/www.addtoany.com\/add_to\/whatsapp?linkurl=https%3A%2F%2Fwww.calasanvicente.es%2Fen%2Fcala-san-vicente%2Fculture-and-festivals%2F&amp;linkname=Culture%20and%20festivals\" title=\"WhatsApp\" rel=\"nofollow noopener\" target=\"_blank\"><\/a><a class=\"a2a_button_email\" href=\"https:\/\/www.addtoany.com\/add_to\/email?linkurl=https%3A%2F%2Fwww.calasanvicente.es%2Fen%2Fcala-san-vicente%2Fculture-and-festivals%2F&amp;linkname=Culture%20and%20festivals\" title=\"Email\" rel=\"nofollow noopener\" target=\"_blank\"><\/a><a class=\"a2a_dd addtoany_share_save addtoany_share\" href=\"https:\/\/www.addtoany.com\/share\"><\/a><\/div><\/div><\/div>\n\t\t\t\t<\/div>\n\t\t\t\t<\/div>\n\t\t\t\t<\/div>\n\t\t\t\t<\/div>\n\t\t<div class=\"elementor-element elementor-element-f644493 e-con-full e-flex e-con e-child\" data-id=\"f644493\" data-element_type=\"container\">\n\t\t<div class=\"elementor-element elementor-element-b00d6eb e-con-full e-flex e-con e-child\" data-id=\"b00d6eb\" data-element_type=\"container\">\n\t\t\t\t<div class=\"elementor-element elementor-element-09e8b49 elementor-widget-divider--view-line elementor-widget elementor-widget-divider\" data-id=\"09e8b49\" data-element_type=\"widget\" data-widget_type=\"divider.default\">\n\t\t\t\t<div class=\"elementor-widget-container\">\n\t\t\t\t\t<div class=\"elementor-divider\">\n\t\t\t<span class=\"elementor-divider-separator\">\n\t\t\t\t\t\t<\/span>\n\t\t<\/div>\n\t\t\t\t<\/div>\n\t\t\t\t<\/div>\n\t\t\t\t<div class=\"elementor-element elementor-element-953f885 elementor-widget elementor-widget-heading\" data-id=\"953f885\" data-element_type=\"widget\" data-widget_type=\"heading.default\">\n\t\t\t\t<div class=\"elementor-widget-container\">\n\t\t\t<div class=\"elementor-heading-title elementor-size-default\">Simulacrum of Moors and Christians<\/div>\t\t<\/div>\n\t\t\t\t<\/div>\n\t\t\t\t<div class=\"elementor-element elementor-element-10f0df1 elementor-widget elementor-widget-text-editor\" data-id=\"10f0df1\" data-element_type=\"widget\" data-widget_type=\"text-editor.default\">\n\t\t\t\t<div class=\"elementor-widget-container\">\n\t\t\t\t\t\t\t<p><span style=\"font-weight: 400;\">The central event of the festivities is the Simulacrum of Moors and Christians, to commemorate the battle of the people of Pollensa against 1,500 Moors led by the corsair Dragut, which took place on May 30, 1550. That day Pollensa received the most important corsair attack that it had never suffered. The battle was won thanks to the help of Joan Mas, who went out to Calle Major, warned of the danger and led the heroic combat against the adversaries. The simulation was incorporated into the festival program in the mid-19th century to recreate a historical event very present in the memory of the people of Pollensa, constituting a very colorful celebration in which practically the entire town participates, the Christians in white and those of Dragut in color. The drill is announced at 5 in the morning, on <\/span><b>August 2<\/b><span style=\"font-weight: 400;\">, after the festival, when the music band plays the Alborada. The entire town is impatiently waiting for this special moment. The festival every year has stages and performances by various musical groups.<\/span><\/p>\t\t\t\t\t\t<\/div>\n\t\t\t\t<\/div>\n\t\t\t\t<\/div>\n\t\t\t\t<\/div>\n\t\t\t\t<\/div>\n\t\t\t\t\t<\/div>\n\t\t\t\t<\/div>\n\t\t\t\t<\/div>\n\t\t<\/p>\t\t\t\t\t<\/div>\r\n\t\t\t\t\t\t\t\t\t<\/div>\r\n\t\t\t<\/div>\r\n\t\t<\/div>\r\n\r\n\t\t\t\t<\/div>\n\t\t\t\t<\/div>\n\t\t\t\t<div class=\"elementor-element elementor-element-50adca5 titpopup premium-modal-dismissible-yes elementor-widget elementor-widget-premium-addon-modal-box\" data-id=\"50adca5\" data-element_type=\"widget\" data-settings=\"{&quot;premium_modal_box_animation&quot;:&quot;fadeInDown&quot;}\" data-widget_type=\"premium-addon-modal-box.default\">\n\t\t\t\t<div class=\"elementor-widget-container\">\n\t\t\t\r\n\t\t<div class=\"premium-modal-box-container\" data-settings=\"{&quot;trigger&quot;:&quot;text&quot;}\">\r\n\t\t\t<div class=\"premium-modal-trigger-container\">\r\n\t\t\t\t\t\t\t\t\t<span data-toggle=\"premium-modal\" data-target=\"#premium-modal-50adca5\" class=\"premium-modal-trigger-text\">\r\n\t\t\t\t\t\t<div >\r\n\t\t\t\t\t\t\t<H2>Simulacrum of Moors and Christians<\/H2>\t\t\t\t\t\t<\/div>\r\n\t\t\t\t\t<\/span>\r\n\t\t\t\t\t\t\t<\/div>\r\n\r\n\t\t\t<div id=\"premium-modal-50adca5\" class=\"premium-modal-box-modal\"\r\n\t\t\trole=\"dialog\"\r\n\t\t\tstyle=\"display: none\"\r\n\t\t\t>\r\n\t\t\t\t<div class=\"premium-modal-box-modal-dialog\" data-delay-animation=\"\" data-modal-animation=\"fadeInDown animated-fast\">\r\n\t\t\t\t\t\t\t\t\t\t\t<div class=\"premium-modal-box-modal-header\">\r\n\t\t\t\t\t\t\t\t\t\t\t\t\t\t\t\t\t\t\t\t\t\t<div class=\"premium-modal-box-close-button-container\">\r\n\t\t\t\t\t\t\t\t\t<button type=\"button\" class=\"premium-modal-box-modal-close\" data-dismiss=\"premium-modal\">&times;<\/button>\r\n\t\t\t\t\t\t\t\t<\/div>\r\n\t\t\t\t\t\t\t\t\t\t\t\t\t<\/div>\r\n\t\t\t\t\t\t\t\t\t\t<div class=\"premium-modal-box-modal-body\">\r\n\t\t\t\t\t\t<p>\t\t<div data-elementor-type=\"wp-post\" data-elementor-id=\"43485\" class=\"elementor elementor-43485 elementor-39588\">\n\t\t\t\t<div class=\"elementor-element elementor-element-01d5357 e-flex e-con-boxed e-con e-parent\" data-id=\"01d5357\" data-element_type=\"container\" data-settings=\"{&quot;background_background&quot;:&quot;classic&quot;}\">\n\t\t\t\t\t<div class=\"e-con-inner\">\n\t\t<div class=\"elementor-element elementor-element-0d42da2 e-con-full e-flex e-con e-child\" data-id=\"0d42da2\" data-element_type=\"container\">\n\t\t\t\t<div class=\"elementor-element elementor-element-fa6c27e elementor-widget elementor-widget-heading\" data-id=\"fa6c27e\" data-element_type=\"widget\" data-widget_type=\"heading.default\">\n\t\t\t\t<div class=\"elementor-widget-container\">\n\t\t\t<div class=\"elementor-heading-title elementor-size-default\">Simulacrum of Moors and Christians<\/div>\t\t<\/div>\n\t\t\t\t<\/div>\n\t\t<div class=\"elementor-element elementor-element-4a2b337 e-con-full e-flex e-con e-child\" data-id=\"4a2b337\" data-element_type=\"container\">\n\t\t<div class=\"elementor-element elementor-element-f95a389 e-con-full e-flex e-con e-child\" data-id=\"f95a389\" data-element_type=\"container\" data-settings=\"{&quot;background_background&quot;:&quot;classic&quot;}\">\n\t\t\t\t<div class=\"elementor-element elementor-element-4162cfe elementor-widget elementor-widget-spacer\" data-id=\"4162cfe\" data-element_type=\"widget\" data-widget_type=\"spacer.default\">\n\t\t\t\t<div class=\"elementor-widget-container\">\n\t\t\t\t\t<div class=\"elementor-spacer\">\n\t\t\t<div class=\"elementor-spacer-inner\"><\/div>\n\t\t<\/div>\n\t\t\t\t<\/div>\n\t\t\t\t<\/div>\n\t\t\t\t<\/div>\n\t\t\t\t<\/div>\n\t\t<div class=\"elementor-element elementor-element-6668c5b e-con-full e-flex e-con e-child\" data-id=\"6668c5b\" data-element_type=\"container\">\n\t\t<div class=\"elementor-element elementor-element-bac2833 e-con-full e-flex e-con e-child\" data-id=\"bac2833\" data-element_type=\"container\">\n\t\t\t\t<div class=\"elementor-element elementor-element-1f67738 elementor-widget__width-auto elementor-widget elementor-widget-html\" data-id=\"1f67738\" data-element_type=\"widget\" data-widget_type=\"html.default\">\n\t\t\t\t<div class=\"elementor-widget-container\">\n\t\t\t<a class=\"copi\" href=\"javascript:getlink();\"><i aria-hidden=\"true\" class=\"fas fa-link\"><\/i> <b>Copy link<\/b><\/a>\r\n<style>\r\n    .alignright{\r\n        width:100%;\r\n        text-align:right;\r\n        \r\n    }\r\n<\/style>\r\n\r\n<script>\/\/<![CDATA[\r\nfunction getlink() {\r\nvar aux = document.createElement(\"input\");\r\naux.setAttribute(\"value\",window.location.href);\r\ndocument.body.appendChild(aux);\r\naux.select();\r\ndocument.execCommand(\"copy\");\r\ndocument.body.removeChild(aux);\r\nalert(\"Link copiado\");\r\n}\r\n\/\/]]><\/script>\t\t<\/div>\n\t\t\t\t<\/div>\n\t\t\t\t<\/div>\n\t\t<div class=\"elementor-element elementor-element-4b7717d alignright e-con-full e-flex e-con e-child\" data-id=\"4b7717d\" data-element_type=\"container\">\n\t\t\t\t<div class=\"elementor-element elementor-element-76db524 elementor-widget__width-auto elementor-widget elementor-widget-heading\" data-id=\"76db524\" data-element_type=\"widget\" data-widget_type=\"heading.default\">\n\t\t\t\t<div class=\"elementor-widget-container\">\n\t\t\t<div class=\"elementor-heading-title elementor-size-default\">Share<\/div>\t\t<\/div>\n\t\t\t\t<\/div>\n\t\t\t\t<div class=\"elementor-element elementor-element-1dde4c4 elementor-widget__width-auto elementor-widget elementor-widget-shortcode\" data-id=\"1dde4c4\" data-element_type=\"widget\" data-widget_type=\"shortcode.default\">\n\t\t\t\t<div class=\"elementor-widget-container\">\n\t\t\t\t\t<div class=\"elementor-shortcode\"><div class=\"addtoany_shortcode\"><div class=\"a2a_kit a2a_kit_size_32 addtoany_list\" data-a2a-url=\"https:\/\/www.calasanvicente.es\/en\/cala-san-vicente\/culture-and-festivals\/\" data-a2a-title=\"Culture and festivals\"><a class=\"a2a_button_facebook\" href=\"https:\/\/www.addtoany.com\/add_to\/facebook?linkurl=https%3A%2F%2Fwww.calasanvicente.es%2Fen%2Fcala-san-vicente%2Fculture-and-festivals%2F&amp;linkname=Culture%20and%20festivals\" title=\"Facebook\" rel=\"nofollow noopener\" target=\"_blank\"><\/a><a class=\"a2a_button_twitter\" href=\"https:\/\/www.addtoany.com\/add_to\/twitter?linkurl=https%3A%2F%2Fwww.calasanvicente.es%2Fen%2Fcala-san-vicente%2Fculture-and-festivals%2F&amp;linkname=Culture%20and%20festivals\" title=\"Twitter\" rel=\"nofollow noopener\" target=\"_blank\"><\/a><a class=\"a2a_button_whatsapp\" href=\"https:\/\/www.addtoany.com\/add_to\/whatsapp?linkurl=https%3A%2F%2Fwww.calasanvicente.es%2Fen%2Fcala-san-vicente%2Fculture-and-festivals%2F&amp;linkname=Culture%20and%20festivals\" title=\"WhatsApp\" rel=\"nofollow noopener\" target=\"_blank\"><\/a><a class=\"a2a_button_email\" href=\"https:\/\/www.addtoany.com\/add_to\/email?linkurl=https%3A%2F%2Fwww.calasanvicente.es%2Fen%2Fcala-san-vicente%2Fculture-and-festivals%2F&amp;linkname=Culture%20and%20festivals\" title=\"Email\" rel=\"nofollow noopener\" target=\"_blank\"><\/a><a class=\"a2a_dd addtoany_share_save addtoany_share\" href=\"https:\/\/www.addtoany.com\/share\"><\/a><\/div><\/div><\/div>\n\t\t\t\t<\/div>\n\t\t\t\t<\/div>\n\t\t\t\t<\/div>\n\t\t\t\t<\/div>\n\t\t<div class=\"elementor-element elementor-element-f644493 e-con-full e-flex e-con e-child\" data-id=\"f644493\" data-element_type=\"container\">\n\t\t<div class=\"elementor-element elementor-element-b00d6eb e-con-full e-flex e-con e-child\" data-id=\"b00d6eb\" data-element_type=\"container\">\n\t\t\t\t<div class=\"elementor-element elementor-element-09e8b49 elementor-widget-divider--view-line elementor-widget elementor-widget-divider\" data-id=\"09e8b49\" data-element_type=\"widget\" data-widget_type=\"divider.default\">\n\t\t\t\t<div class=\"elementor-widget-container\">\n\t\t\t\t\t<div class=\"elementor-divider\">\n\t\t\t<span class=\"elementor-divider-separator\">\n\t\t\t\t\t\t<\/span>\n\t\t<\/div>\n\t\t\t\t<\/div>\n\t\t\t\t<\/div>\n\t\t\t\t<div class=\"elementor-element elementor-element-953f885 elementor-widget elementor-widget-heading\" data-id=\"953f885\" data-element_type=\"widget\" data-widget_type=\"heading.default\">\n\t\t\t\t<div class=\"elementor-widget-container\">\n\t\t\t<div class=\"elementor-heading-title elementor-size-default\">Simulacrum of Moors and Christians<\/div>\t\t<\/div>\n\t\t\t\t<\/div>\n\t\t\t\t<div class=\"elementor-element elementor-element-10f0df1 elementor-widget elementor-widget-text-editor\" data-id=\"10f0df1\" data-element_type=\"widget\" data-widget_type=\"text-editor.default\">\n\t\t\t\t<div class=\"elementor-widget-container\">\n\t\t\t\t\t\t\t<p><span style=\"font-weight: 400;\">The central event of the festivities is the Simulacrum of Moors and Christians, to commemorate the battle of the people of Pollensa against 1,500 Moors led by the corsair Dragut, which took place on May 30, 1550. That day Pollensa received the most important corsair attack that it had never suffered. The battle was won thanks to the help of Joan Mas, who went out to Calle Major, warned of the danger and led the heroic combat against the adversaries. The simulation was incorporated into the festival program in the mid-19th century to recreate a historical event very present in the memory of the people of Pollensa, constituting a very colorful celebration in which practically the entire town participates, the Christians in white and those of Dragut in color. The drill is announced at 5 in the morning, on <\/span><b>August 2<\/b><span style=\"font-weight: 400;\">, after the festival, when the music band plays the Alborada. The entire town is impatiently waiting for this special moment. The festival every year has stages and performances by various musical groups.<\/span><\/p>\t\t\t\t\t\t<\/div>\n\t\t\t\t<\/div>\n\t\t\t\t<\/div>\n\t\t\t\t<\/div>\n\t\t\t\t<\/div>\n\t\t\t\t\t<\/div>\n\t\t\t\t<\/div>\n\t\t\t\t<\/div>\n\t\t<\/p>\t\t\t\t\t<\/div>\r\n\t\t\t\t\t\t\t\t\t<\/div>\r\n\t\t\t<\/div>\r\n\t\t<\/div>\r\n\r\n\t\t\t\t<\/div>\n\t\t\t\t<\/div>\n\t\t\t\t<div class=\"elementor-element elementor-element-e2576db elementor-widget elementor-widget-spacer\" data-id=\"e2576db\" data-element_type=\"widget\" data-widget_type=\"spacer.default\">\n\t\t\t\t<div class=\"elementor-widget-container\">\n\t\t\t\t\t<div class=\"elementor-spacer\">\n\t\t\t<div class=\"elementor-spacer-inner\"><\/div>\n\t\t<\/div>\n\t\t\t\t<\/div>\n\t\t\t\t<\/div>\n\t\t\t\t<div class=\"elementor-element elementor-element-0ca4c2b premium-modal-dismissible-yes elementor-widget elementor-widget-premium-addon-modal-box\" data-id=\"0ca4c2b\" data-element_type=\"widget\" data-settings=\"{&quot;premium_modal_box_animation&quot;:&quot;fadeInDown&quot;}\" data-widget_type=\"premium-addon-modal-box.default\">\n\t\t\t\t<div class=\"elementor-widget-container\">\n\t\t\t\r\n\t\t<div class=\"premium-modal-box-container\" data-settings=\"{&quot;trigger&quot;:&quot;text&quot;}\">\r\n\t\t\t<div class=\"premium-modal-trigger-container\">\r\n\t\t\t\t\t\t\t\t\t<span data-toggle=\"premium-modal\" data-target=\"#premium-modal-0ca4c2b\" class=\"premium-modal-trigger-text\">\r\n\t\t\t\t\t\t<div >\r\n\t\t\t\t\t\t\tThe central event of the festivities is the Simulacrum of Moors and Christians, to commemorate the battle of the people...\t\t\t\t\t\t<\/div>\r\n\t\t\t\t\t<\/span>\r\n\t\t\t\t\t\t\t<\/div>\r\n\r\n\t\t\t<div id=\"premium-modal-0ca4c2b\" class=\"premium-modal-box-modal\"\r\n\t\t\trole=\"dialog\"\r\n\t\t\tstyle=\"display: none\"\r\n\t\t\t>\r\n\t\t\t\t<div class=\"premium-modal-box-modal-dialog\" data-delay-animation=\"\" data-modal-animation=\"fadeInDown animated-fast\">\r\n\t\t\t\t\t\t\t\t\t\t\t<div class=\"premium-modal-box-modal-header\">\r\n\t\t\t\t\t\t\t\t\t\t\t\t\t\t\t\t\t\t\t\t\t\t<div class=\"premium-modal-box-close-button-container\">\r\n\t\t\t\t\t\t\t\t\t<button type=\"button\" class=\"premium-modal-box-modal-close\" data-dismiss=\"premium-modal\">&times;<\/button>\r\n\t\t\t\t\t\t\t\t<\/div>\r\n\t\t\t\t\t\t\t\t\t\t\t\t\t<\/div>\r\n\t\t\t\t\t\t\t\t\t\t<div class=\"premium-modal-box-modal-body\">\r\n\t\t\t\t\t\t<p>\t\t<div data-elementor-type=\"wp-post\" data-elementor-id=\"43485\" class=\"elementor elementor-43485 elementor-39588\">\n\t\t\t\t<div class=\"elementor-element elementor-element-01d5357 e-flex e-con-boxed e-con e-parent\" data-id=\"01d5357\" data-element_type=\"container\" data-settings=\"{&quot;background_background&quot;:&quot;classic&quot;}\">\n\t\t\t\t\t<div class=\"e-con-inner\">\n\t\t<div class=\"elementor-element elementor-element-0d42da2 e-con-full e-flex e-con e-child\" data-id=\"0d42da2\" data-element_type=\"container\">\n\t\t\t\t<div class=\"elementor-element elementor-element-fa6c27e elementor-widget elementor-widget-heading\" data-id=\"fa6c27e\" data-element_type=\"widget\" data-widget_type=\"heading.default\">\n\t\t\t\t<div class=\"elementor-widget-container\">\n\t\t\t<div class=\"elementor-heading-title elementor-size-default\">Simulacrum of Moors and Christians<\/div>\t\t<\/div>\n\t\t\t\t<\/div>\n\t\t<div class=\"elementor-element elementor-element-4a2b337 e-con-full e-flex e-con e-child\" data-id=\"4a2b337\" data-element_type=\"container\">\n\t\t<div class=\"elementor-element elementor-element-f95a389 e-con-full e-flex e-con e-child\" data-id=\"f95a389\" data-element_type=\"container\" data-settings=\"{&quot;background_background&quot;:&quot;classic&quot;}\">\n\t\t\t\t<div class=\"elementor-element elementor-element-4162cfe elementor-widget elementor-widget-spacer\" data-id=\"4162cfe\" data-element_type=\"widget\" data-widget_type=\"spacer.default\">\n\t\t\t\t<div class=\"elementor-widget-container\">\n\t\t\t\t\t<div class=\"elementor-spacer\">\n\t\t\t<div class=\"elementor-spacer-inner\"><\/div>\n\t\t<\/div>\n\t\t\t\t<\/div>\n\t\t\t\t<\/div>\n\t\t\t\t<\/div>\n\t\t\t\t<\/div>\n\t\t<div class=\"elementor-element elementor-element-6668c5b e-con-full e-flex e-con e-child\" data-id=\"6668c5b\" data-element_type=\"container\">\n\t\t<div class=\"elementor-element elementor-element-bac2833 e-con-full e-flex e-con e-child\" data-id=\"bac2833\" data-element_type=\"container\">\n\t\t\t\t<div class=\"elementor-element elementor-element-1f67738 elementor-widget__width-auto elementor-widget elementor-widget-html\" data-id=\"1f67738\" data-element_type=\"widget\" data-widget_type=\"html.default\">\n\t\t\t\t<div class=\"elementor-widget-container\">\n\t\t\t<a class=\"copi\" href=\"javascript:getlink();\"><i aria-hidden=\"true\" class=\"fas fa-link\"><\/i> <b>Copy link<\/b><\/a>\r\n<style>\r\n    .alignright{\r\n        width:100%;\r\n        text-align:right;\r\n        \r\n    }\r\n<\/style>\r\n\r\n<script>\/\/<![CDATA[\r\nfunction getlink() {\r\nvar aux = document.createElement(\"input\");\r\naux.setAttribute(\"value\",window.location.href);\r\ndocument.body.appendChild(aux);\r\naux.select();\r\ndocument.execCommand(\"copy\");\r\ndocument.body.removeChild(aux);\r\nalert(\"Link copiado\");\r\n}\r\n\/\/]]><\/script>\t\t<\/div>\n\t\t\t\t<\/div>\n\t\t\t\t<\/div>\n\t\t<div class=\"elementor-element elementor-element-4b7717d alignright e-con-full e-flex e-con e-child\" data-id=\"4b7717d\" data-element_type=\"container\">\n\t\t\t\t<div class=\"elementor-element elementor-element-76db524 elementor-widget__width-auto elementor-widget elementor-widget-heading\" data-id=\"76db524\" data-element_type=\"widget\" data-widget_type=\"heading.default\">\n\t\t\t\t<div class=\"elementor-widget-container\">\n\t\t\t<div class=\"elementor-heading-title elementor-size-default\">Share<\/div>\t\t<\/div>\n\t\t\t\t<\/div>\n\t\t\t\t<div class=\"elementor-element elementor-element-1dde4c4 elementor-widget__width-auto elementor-widget elementor-widget-shortcode\" data-id=\"1dde4c4\" data-element_type=\"widget\" data-widget_type=\"shortcode.default\">\n\t\t\t\t<div class=\"elementor-widget-container\">\n\t\t\t\t\t<div class=\"elementor-shortcode\"><div class=\"addtoany_shortcode\"><div class=\"a2a_kit a2a_kit_size_32 addtoany_list\" data-a2a-url=\"https:\/\/www.calasanvicente.es\/en\/cala-san-vicente\/culture-and-festivals\/\" data-a2a-title=\"Culture and festivals\"><a class=\"a2a_button_facebook\" href=\"https:\/\/www.addtoany.com\/add_to\/facebook?linkurl=https%3A%2F%2Fwww.calasanvicente.es%2Fen%2Fcala-san-vicente%2Fculture-and-festivals%2F&amp;linkname=Culture%20and%20festivals\" title=\"Facebook\" rel=\"nofollow noopener\" target=\"_blank\"><\/a><a class=\"a2a_button_twitter\" href=\"https:\/\/www.addtoany.com\/add_to\/twitter?linkurl=https%3A%2F%2Fwww.calasanvicente.es%2Fen%2Fcala-san-vicente%2Fculture-and-festivals%2F&amp;linkname=Culture%20and%20festivals\" title=\"Twitter\" rel=\"nofollow noopener\" target=\"_blank\"><\/a><a class=\"a2a_button_whatsapp\" href=\"https:\/\/www.addtoany.com\/add_to\/whatsapp?linkurl=https%3A%2F%2Fwww.calasanvicente.es%2Fen%2Fcala-san-vicente%2Fculture-and-festivals%2F&amp;linkname=Culture%20and%20festivals\" title=\"WhatsApp\" rel=\"nofollow noopener\" target=\"_blank\"><\/a><a class=\"a2a_button_email\" href=\"https:\/\/www.addtoany.com\/add_to\/email?linkurl=https%3A%2F%2Fwww.calasanvicente.es%2Fen%2Fcala-san-vicente%2Fculture-and-festivals%2F&amp;linkname=Culture%20and%20festivals\" title=\"Email\" rel=\"nofollow noopener\" target=\"_blank\"><\/a><a class=\"a2a_dd addtoany_share_save addtoany_share\" href=\"https:\/\/www.addtoany.com\/share\"><\/a><\/div><\/div><\/div>\n\t\t\t\t<\/div>\n\t\t\t\t<\/div>\n\t\t\t\t<\/div>\n\t\t\t\t<\/div>\n\t\t<div class=\"elementor-element elementor-element-f644493 e-con-full e-flex e-con e-child\" data-id=\"f644493\" data-element_type=\"container\">\n\t\t<div class=\"elementor-element elementor-element-b00d6eb e-con-full e-flex e-con e-child\" data-id=\"b00d6eb\" data-element_type=\"container\">\n\t\t\t\t<div class=\"elementor-element elementor-element-09e8b49 elementor-widget-divider--view-line elementor-widget elementor-widget-divider\" data-id=\"09e8b49\" data-element_type=\"widget\" data-widget_type=\"divider.default\">\n\t\t\t\t<div class=\"elementor-widget-container\">\n\t\t\t\t\t<div class=\"elementor-divider\">\n\t\t\t<span class=\"elementor-divider-separator\">\n\t\t\t\t\t\t<\/span>\n\t\t<\/div>\n\t\t\t\t<\/div>\n\t\t\t\t<\/div>\n\t\t\t\t<div class=\"elementor-element elementor-element-953f885 elementor-widget elementor-widget-heading\" data-id=\"953f885\" data-element_type=\"widget\" data-widget_type=\"heading.default\">\n\t\t\t\t<div class=\"elementor-widget-container\">\n\t\t\t<div class=\"elementor-heading-title elementor-size-default\">Simulacrum of Moors and Christians<\/div>\t\t<\/div>\n\t\t\t\t<\/div>\n\t\t\t\t<div class=\"elementor-element elementor-element-10f0df1 elementor-widget elementor-widget-text-editor\" data-id=\"10f0df1\" data-element_type=\"widget\" data-widget_type=\"text-editor.default\">\n\t\t\t\t<div class=\"elementor-widget-container\">\n\t\t\t\t\t\t\t<p><span style=\"font-weight: 400;\">The central event of the festivities is the Simulacrum of Moors and Christians, to commemorate the battle of the people of Pollensa against 1,500 Moors led by the corsair Dragut, which took place on May 30, 1550. That day Pollensa received the most important corsair attack that it had never suffered. The battle was won thanks to the help of Joan Mas, who went out to Calle Major, warned of the danger and led the heroic combat against the adversaries. The simulation was incorporated into the festival program in the mid-19th century to recreate a historical event very present in the memory of the people of Pollensa, constituting a very colorful celebration in which practically the entire town participates, the Christians in white and those of Dragut in color. The drill is announced at 5 in the morning, on <\/span><b>August 2<\/b><span style=\"font-weight: 400;\">, after the festival, when the music band plays the Alborada. The entire town is impatiently waiting for this special moment. The festival every year has stages and performances by various musical groups.<\/span><\/p>\t\t\t\t\t\t<\/div>\n\t\t\t\t<\/div>\n\t\t\t\t<\/div>\n\t\t\t\t<\/div>\n\t\t\t\t<\/div>\n\t\t\t\t\t<\/div>\n\t\t\t\t<\/div>\n\t\t\t\t<\/div>\n\t\t<\/p>\t\t\t\t\t<\/div>\r\n\t\t\t\t\t\t\t\t\t<\/div>\r\n\t\t\t<\/div>\r\n\t\t<\/div>\r\n\r\n\t\t\t\t<\/div>\n\t\t\t\t<\/div>\n\t\t\t\t\t<\/div>\n\t\t<\/div>\n\t\t\t\t<div class=\"elementor-column elementor-col-33 elementor-top-column elementor-element elementor-element-3900f6f\" data-id=\"3900f6f\" data-element_type=\"column\" data-settings=\"{&quot;background_background&quot;:&quot;classic&quot;}\">\n\t\t\t<div class=\"elementor-widget-wrap elementor-element-populated\">\n\t\t\t\t\t\t<div class=\"elementor-element elementor-element-bb59524 premium-modal-dismissible-yes elementor-widget elementor-widget-premium-addon-modal-box\" data-id=\"bb59524\" data-element_type=\"widget\" data-settings=\"{&quot;premium_modal_box_animation&quot;:&quot;fadeInDown&quot;}\" data-widget_type=\"premium-addon-modal-box.default\">\n\t\t\t\t<div class=\"elementor-widget-container\">\n\t\t\t\r\n\t\t<div class=\"premium-modal-box-container\" data-settings=\"{&quot;trigger&quot;:&quot;image&quot;}\">\r\n\t\t\t<div class=\"premium-modal-trigger-container\">\r\n\t\t\t\t\t\t\t\t\t<img decoding=\"async\" data-toggle=\"premium-modal\" data-target=\"#premium-modal-bb59524\" class=\"premium-modal-trigger-img\" src=\"https:\/\/www.calasanvicente.es\/wp-content\/uploads\/2023\/11\/cossiers-1.jpg\" alt=\"cossiers\">\r\n\t\t\t\t\t\t\t<\/div>\r\n\r\n\t\t\t<div id=\"premium-modal-bb59524\" class=\"premium-modal-box-modal\"\r\n\t\t\trole=\"dialog\"\r\n\t\t\tstyle=\"display: none\"\r\n\t\t\t>\r\n\t\t\t\t<div class=\"premium-modal-box-modal-dialog\" data-delay-animation=\"\" data-modal-animation=\"fadeInDown animated-fast\">\r\n\t\t\t\t\t\t\t\t\t\t\t<div class=\"premium-modal-box-modal-header\">\r\n\t\t\t\t\t\t\t\t\t\t\t\t\t\t\t\t\t\t\t\t\t\t<div class=\"premium-modal-box-close-button-container\">\r\n\t\t\t\t\t\t\t\t\t<button type=\"button\" class=\"premium-modal-box-modal-close\" data-dismiss=\"premium-modal\">&times;<\/button>\r\n\t\t\t\t\t\t\t\t<\/div>\r\n\t\t\t\t\t\t\t\t\t\t\t\t\t<\/div>\r\n\t\t\t\t\t\t\t\t\t\t<div class=\"premium-modal-box-modal-body\">\r\n\t\t\t\t\t\t<p>\t\t<div data-elementor-type=\"wp-post\" data-elementor-id=\"43486\" class=\"elementor elementor-43486 elementor-39587\">\n\t\t\t\t<div class=\"elementor-element elementor-element-bee9424 e-flex e-con-boxed e-con e-parent\" data-id=\"bee9424\" data-element_type=\"container\" data-settings=\"{&quot;background_background&quot;:&quot;classic&quot;}\">\n\t\t\t\t\t<div class=\"e-con-inner\">\n\t\t<div class=\"elementor-element elementor-element-eac215e e-con-full e-flex e-con e-child\" data-id=\"eac215e\" data-element_type=\"container\">\n\t\t\t\t<div class=\"elementor-element elementor-element-e1cb376 elementor-widget elementor-widget-heading\" data-id=\"e1cb376\" data-element_type=\"widget\" data-widget_type=\"heading.default\">\n\t\t\t\t<div class=\"elementor-widget-container\">\n\t\t\t<div class=\"elementor-heading-title elementor-size-default\">Dance of the &#8220;cossiers&#8221;<\/div>\t\t<\/div>\n\t\t\t\t<\/div>\n\t\t<div class=\"elementor-element elementor-element-9a40132 e-con-full e-flex e-con e-child\" data-id=\"9a40132\" data-element_type=\"container\">\n\t\t<div class=\"elementor-element elementor-element-aa060fa e-con-full e-flex e-con e-child\" data-id=\"aa060fa\" data-element_type=\"container\" data-settings=\"{&quot;background_background&quot;:&quot;classic&quot;}\">\n\t\t\t\t<div class=\"elementor-element elementor-element-838b856 elementor-widget elementor-widget-spacer\" data-id=\"838b856\" data-element_type=\"widget\" data-widget_type=\"spacer.default\">\n\t\t\t\t<div class=\"elementor-widget-container\">\n\t\t\t\t\t<div class=\"elementor-spacer\">\n\t\t\t<div class=\"elementor-spacer-inner\"><\/div>\n\t\t<\/div>\n\t\t\t\t<\/div>\n\t\t\t\t<\/div>\n\t\t\t\t<\/div>\n\t\t\t\t<\/div>\n\t\t<div class=\"elementor-element elementor-element-c85bf1c e-con-full e-flex e-con e-child\" data-id=\"c85bf1c\" data-element_type=\"container\">\n\t\t<div class=\"elementor-element elementor-element-2e95dec e-con-full e-flex e-con e-child\" data-id=\"2e95dec\" data-element_type=\"container\">\n\t\t\t\t<div class=\"elementor-element elementor-element-a7e15e8 elementor-widget__width-auto elementor-widget elementor-widget-html\" data-id=\"a7e15e8\" data-element_type=\"widget\" data-widget_type=\"html.default\">\n\t\t\t\t<div class=\"elementor-widget-container\">\n\t\t\t<a class=\"copi\" href=\"javascript:getlink();\"><i aria-hidden=\"true\" class=\"fas fa-link\"><\/i> <b>Copy link<\/b><\/a>\r\n<style>\r\n    .alignright{\r\n        width:100%;\r\n        text-align:right;\r\n        \r\n    }\r\n<\/style>\r\n\r\n<script>\/\/<![CDATA[\r\nfunction getlink() {\r\nvar aux = document.createElement(\"input\");\r\naux.setAttribute(\"value\",window.location.href);\r\ndocument.body.appendChild(aux);\r\naux.select();\r\ndocument.execCommand(\"copy\");\r\ndocument.body.removeChild(aux);\r\nalert(\"Link copiado\");\r\n}\r\n\/\/]]><\/script>\t\t<\/div>\n\t\t\t\t<\/div>\n\t\t\t\t<\/div>\n\t\t<div class=\"elementor-element elementor-element-ccaa948 alignright e-con-full e-flex e-con e-child\" data-id=\"ccaa948\" data-element_type=\"container\">\n\t\t\t\t<div class=\"elementor-element elementor-element-5112987 elementor-widget__width-auto elementor-widget elementor-widget-heading\" data-id=\"5112987\" data-element_type=\"widget\" data-widget_type=\"heading.default\">\n\t\t\t\t<div class=\"elementor-widget-container\">\n\t\t\t<div class=\"elementor-heading-title elementor-size-default\">Share<\/div>\t\t<\/div>\n\t\t\t\t<\/div>\n\t\t\t\t<div class=\"elementor-element elementor-element-3187ab5 elementor-widget__width-auto elementor-widget elementor-widget-shortcode\" data-id=\"3187ab5\" data-element_type=\"widget\" data-widget_type=\"shortcode.default\">\n\t\t\t\t<div class=\"elementor-widget-container\">\n\t\t\t\t\t<div class=\"elementor-shortcode\"><div class=\"addtoany_shortcode\"><div class=\"a2a_kit a2a_kit_size_32 addtoany_list\" data-a2a-url=\"https:\/\/www.calasanvicente.es\/en\/cala-san-vicente\/culture-and-festivals\/\" data-a2a-title=\"Culture and festivals\"><a class=\"a2a_button_facebook\" href=\"https:\/\/www.addtoany.com\/add_to\/facebook?linkurl=https%3A%2F%2Fwww.calasanvicente.es%2Fen%2Fcala-san-vicente%2Fculture-and-festivals%2F&amp;linkname=Culture%20and%20festivals\" title=\"Facebook\" rel=\"nofollow noopener\" target=\"_blank\"><\/a><a class=\"a2a_button_twitter\" href=\"https:\/\/www.addtoany.com\/add_to\/twitter?linkurl=https%3A%2F%2Fwww.calasanvicente.es%2Fen%2Fcala-san-vicente%2Fculture-and-festivals%2F&amp;linkname=Culture%20and%20festivals\" title=\"Twitter\" rel=\"nofollow noopener\" target=\"_blank\"><\/a><a class=\"a2a_button_whatsapp\" href=\"https:\/\/www.addtoany.com\/add_to\/whatsapp?linkurl=https%3A%2F%2Fwww.calasanvicente.es%2Fen%2Fcala-san-vicente%2Fculture-and-festivals%2F&amp;linkname=Culture%20and%20festivals\" title=\"WhatsApp\" rel=\"nofollow noopener\" target=\"_blank\"><\/a><a class=\"a2a_button_email\" href=\"https:\/\/www.addtoany.com\/add_to\/email?linkurl=https%3A%2F%2Fwww.calasanvicente.es%2Fen%2Fcala-san-vicente%2Fculture-and-festivals%2F&amp;linkname=Culture%20and%20festivals\" title=\"Email\" rel=\"nofollow noopener\" target=\"_blank\"><\/a><a class=\"a2a_dd addtoany_share_save addtoany_share\" href=\"https:\/\/www.addtoany.com\/share\"><\/a><\/div><\/div><\/div>\n\t\t\t\t<\/div>\n\t\t\t\t<\/div>\n\t\t\t\t<\/div>\n\t\t\t\t<\/div>\n\t\t<div class=\"elementor-element elementor-element-67e4a20 e-con-full e-flex e-con e-child\" data-id=\"67e4a20\" data-element_type=\"container\">\n\t\t<div class=\"elementor-element elementor-element-928aa18 e-con-full e-flex e-con e-child\" data-id=\"928aa18\" data-element_type=\"container\">\n\t\t\t\t<div class=\"elementor-element elementor-element-bb9c4a9 elementor-widget-divider--view-line elementor-widget elementor-widget-divider\" data-id=\"bb9c4a9\" data-element_type=\"widget\" data-widget_type=\"divider.default\">\n\t\t\t\t<div class=\"elementor-widget-container\">\n\t\t\t\t\t<div class=\"elementor-divider\">\n\t\t\t<span class=\"elementor-divider-separator\">\n\t\t\t\t\t\t<\/span>\n\t\t<\/div>\n\t\t\t\t<\/div>\n\t\t\t\t<\/div>\n\t\t\t\t<div class=\"elementor-element elementor-element-52dceaf elementor-widget elementor-widget-heading\" data-id=\"52dceaf\" data-element_type=\"widget\" data-widget_type=\"heading.default\">\n\t\t\t\t<div class=\"elementor-widget-container\">\n\t\t\t<div class=\"elementor-heading-title elementor-size-default\">Dance of the &#8220;cossiers&#8221;<\/div>\t\t<\/div>\n\t\t\t\t<\/div>\n\t\t\t\t<div class=\"elementor-element elementor-element-9b74d8e elementor-widget elementor-widget-text-editor\" data-id=\"9b74d8e\" data-element_type=\"widget\" data-widget_type=\"text-editor.default\">\n\t\t\t\t<div class=\"elementor-widget-container\">\n\t\t\t\t\t\t\t<p><span style=\"font-weight: 400;\">On the same day as the Patron Saint, <\/span><b>August 2, at 11:00 a.m<\/b><span style=\"font-weight: 400;\">., the Mass and the Cossiers dance will be celebrated as usual. At 7:00 p.m., after the procession with the ancient image of the Patron Saint, the drill will begin. Once the battle is over, around 9:00 p.m., the Christians will sing the Ted\u00e8um by Moss\u00e8n Miquel Tortell, in thanksgiving, and the C\u00e0ntic dels Goigs by Costa i Llobera. The party always ends with a spectacular fireworks display. Festivals, sports activities (cycling, etc.), concerts, children&#8217;s theater &#8220;show&#8221;, cinema, children&#8217;s activities, &#8220;ball de bot&#8221;, Catalan song recitals, various festivals, etc. On the day of the festival, at dawn, the Alborada festival, a time when the most absolute silence reigns. At morning mass, the recovered &#8220;cossiers&#8221; perform various dances, including the &#8220;ball de l&#8217;Oferta.&#8221; There are twelve cossiers and the lady. Festival of Moors and Christians to commemorate the victory of the inhabitants of Pollensa over the Turkish pirates, which ended in the third battle on the football field. Fireworks.<\/span><\/p>\t\t\t\t\t\t<\/div>\n\t\t\t\t<\/div>\n\t\t\t\t<\/div>\n\t\t\t\t<\/div>\n\t\t\t\t<\/div>\n\t\t\t\t\t<\/div>\n\t\t\t\t<\/div>\n\t\t\t\t<\/div>\n\t\t<\/p>\t\t\t\t\t<\/div>\r\n\t\t\t\t\t\t\t\t\t<\/div>\r\n\t\t\t<\/div>\r\n\t\t<\/div>\r\n\r\n\t\t\t\t<\/div>\n\t\t\t\t<\/div>\n\t\t\t\t<div class=\"elementor-element elementor-element-730c961 elementor-widget elementor-widget-spacer\" data-id=\"730c961\" data-element_type=\"widget\" data-widget_type=\"spacer.default\">\n\t\t\t\t<div class=\"elementor-widget-container\">\n\t\t\t\t\t<div class=\"elementor-spacer\">\n\t\t\t<div class=\"elementor-spacer-inner\"><\/div>\n\t\t<\/div>\n\t\t\t\t<\/div>\n\t\t\t\t<\/div>\n\t\t\t\t<div class=\"elementor-element elementor-element-30be3d0 titpopup premium-modal-dismissible-yes elementor-widget elementor-widget-premium-addon-modal-box\" data-id=\"30be3d0\" data-element_type=\"widget\" data-settings=\"{&quot;premium_modal_box_animation&quot;:&quot;fadeInDown&quot;}\" data-widget_type=\"premium-addon-modal-box.default\">\n\t\t\t\t<div class=\"elementor-widget-container\">\n\t\t\t\r\n\t\t<div class=\"premium-modal-box-container\" data-settings=\"{&quot;trigger&quot;:&quot;text&quot;}\">\r\n\t\t\t<div class=\"premium-modal-trigger-container\">\r\n\t\t\t\t\t\t\t\t\t<span data-toggle=\"premium-modal\" data-target=\"#premium-modal-30be3d0\" class=\"premium-modal-trigger-text\">\r\n\t\t\t\t\t\t<div >\r\n\t\t\t\t\t\t\t<H2>Dance of the \"cossiers\"<\/H2>\t\t\t\t\t\t<\/div>\r\n\t\t\t\t\t<\/span>\r\n\t\t\t\t\t\t\t<\/div>\r\n\r\n\t\t\t<div id=\"premium-modal-30be3d0\" class=\"premium-modal-box-modal\"\r\n\t\t\trole=\"dialog\"\r\n\t\t\tstyle=\"display: none\"\r\n\t\t\t>\r\n\t\t\t\t<div class=\"premium-modal-box-modal-dialog\" data-delay-animation=\"\" data-modal-animation=\"fadeInDown animated-fast\">\r\n\t\t\t\t\t\t\t\t\t\t\t<div class=\"premium-modal-box-modal-header\">\r\n\t\t\t\t\t\t\t\t\t\t\t\t\t\t\t\t\t\t\t\t\t\t<div class=\"premium-modal-box-close-button-container\">\r\n\t\t\t\t\t\t\t\t\t<button type=\"button\" class=\"premium-modal-box-modal-close\" data-dismiss=\"premium-modal\">&times;<\/button>\r\n\t\t\t\t\t\t\t\t<\/div>\r\n\t\t\t\t\t\t\t\t\t\t\t\t\t<\/div>\r\n\t\t\t\t\t\t\t\t\t\t<div class=\"premium-modal-box-modal-body\">\r\n\t\t\t\t\t\t<p>\t\t<div data-elementor-type=\"wp-post\" data-elementor-id=\"43486\" class=\"elementor elementor-43486 elementor-39587\">\n\t\t\t\t<div class=\"elementor-element elementor-element-bee9424 e-flex e-con-boxed e-con e-parent\" data-id=\"bee9424\" data-element_type=\"container\" data-settings=\"{&quot;background_background&quot;:&quot;classic&quot;}\">\n\t\t\t\t\t<div class=\"e-con-inner\">\n\t\t<div class=\"elementor-element elementor-element-eac215e e-con-full e-flex e-con e-child\" data-id=\"eac215e\" data-element_type=\"container\">\n\t\t\t\t<div class=\"elementor-element elementor-element-e1cb376 elementor-widget elementor-widget-heading\" data-id=\"e1cb376\" data-element_type=\"widget\" data-widget_type=\"heading.default\">\n\t\t\t\t<div class=\"elementor-widget-container\">\n\t\t\t<div class=\"elementor-heading-title elementor-size-default\">Dance of the &#8220;cossiers&#8221;<\/div>\t\t<\/div>\n\t\t\t\t<\/div>\n\t\t<div class=\"elementor-element elementor-element-9a40132 e-con-full e-flex e-con e-child\" data-id=\"9a40132\" data-element_type=\"container\">\n\t\t<div class=\"elementor-element elementor-element-aa060fa e-con-full e-flex e-con e-child\" data-id=\"aa060fa\" data-element_type=\"container\" data-settings=\"{&quot;background_background&quot;:&quot;classic&quot;}\">\n\t\t\t\t<div class=\"elementor-element elementor-element-838b856 elementor-widget elementor-widget-spacer\" data-id=\"838b856\" data-element_type=\"widget\" data-widget_type=\"spacer.default\">\n\t\t\t\t<div class=\"elementor-widget-container\">\n\t\t\t\t\t<div class=\"elementor-spacer\">\n\t\t\t<div class=\"elementor-spacer-inner\"><\/div>\n\t\t<\/div>\n\t\t\t\t<\/div>\n\t\t\t\t<\/div>\n\t\t\t\t<\/div>\n\t\t\t\t<\/div>\n\t\t<div class=\"elementor-element elementor-element-c85bf1c e-con-full e-flex e-con e-child\" data-id=\"c85bf1c\" data-element_type=\"container\">\n\t\t<div class=\"elementor-element elementor-element-2e95dec e-con-full e-flex e-con e-child\" data-id=\"2e95dec\" data-element_type=\"container\">\n\t\t\t\t<div class=\"elementor-element elementor-element-a7e15e8 elementor-widget__width-auto elementor-widget elementor-widget-html\" data-id=\"a7e15e8\" data-element_type=\"widget\" data-widget_type=\"html.default\">\n\t\t\t\t<div class=\"elementor-widget-container\">\n\t\t\t<a class=\"copi\" href=\"javascript:getlink();\"><i aria-hidden=\"true\" class=\"fas fa-link\"><\/i> <b>Copy link<\/b><\/a>\r\n<style>\r\n    .alignright{\r\n        width:100%;\r\n        text-align:right;\r\n        \r\n    }\r\n<\/style>\r\n\r\n<script>\/\/<![CDATA[\r\nfunction getlink() {\r\nvar aux = document.createElement(\"input\");\r\naux.setAttribute(\"value\",window.location.href);\r\ndocument.body.appendChild(aux);\r\naux.select();\r\ndocument.execCommand(\"copy\");\r\ndocument.body.removeChild(aux);\r\nalert(\"Link copiado\");\r\n}\r\n\/\/]]><\/script>\t\t<\/div>\n\t\t\t\t<\/div>\n\t\t\t\t<\/div>\n\t\t<div class=\"elementor-element elementor-element-ccaa948 alignright e-con-full e-flex e-con e-child\" data-id=\"ccaa948\" data-element_type=\"container\">\n\t\t\t\t<div class=\"elementor-element elementor-element-5112987 elementor-widget__width-auto elementor-widget elementor-widget-heading\" data-id=\"5112987\" data-element_type=\"widget\" data-widget_type=\"heading.default\">\n\t\t\t\t<div class=\"elementor-widget-container\">\n\t\t\t<div class=\"elementor-heading-title elementor-size-default\">Share<\/div>\t\t<\/div>\n\t\t\t\t<\/div>\n\t\t\t\t<div class=\"elementor-element elementor-element-3187ab5 elementor-widget__width-auto elementor-widget elementor-widget-shortcode\" data-id=\"3187ab5\" data-element_type=\"widget\" data-widget_type=\"shortcode.default\">\n\t\t\t\t<div class=\"elementor-widget-container\">\n\t\t\t\t\t<div class=\"elementor-shortcode\"><div class=\"addtoany_shortcode\"><div class=\"a2a_kit a2a_kit_size_32 addtoany_list\" data-a2a-url=\"https:\/\/www.calasanvicente.es\/en\/cala-san-vicente\/culture-and-festivals\/\" data-a2a-title=\"Culture and festivals\"><a class=\"a2a_button_facebook\" href=\"https:\/\/www.addtoany.com\/add_to\/facebook?linkurl=https%3A%2F%2Fwww.calasanvicente.es%2Fen%2Fcala-san-vicente%2Fculture-and-festivals%2F&amp;linkname=Culture%20and%20festivals\" title=\"Facebook\" rel=\"nofollow noopener\" target=\"_blank\"><\/a><a class=\"a2a_button_twitter\" href=\"https:\/\/www.addtoany.com\/add_to\/twitter?linkurl=https%3A%2F%2Fwww.calasanvicente.es%2Fen%2Fcala-san-vicente%2Fculture-and-festivals%2F&amp;linkname=Culture%20and%20festivals\" title=\"Twitter\" rel=\"nofollow noopener\" target=\"_blank\"><\/a><a class=\"a2a_button_whatsapp\" href=\"https:\/\/www.addtoany.com\/add_to\/whatsapp?linkurl=https%3A%2F%2Fwww.calasanvicente.es%2Fen%2Fcala-san-vicente%2Fculture-and-festivals%2F&amp;linkname=Culture%20and%20festivals\" title=\"WhatsApp\" rel=\"nofollow noopener\" target=\"_blank\"><\/a><a class=\"a2a_button_email\" href=\"https:\/\/www.addtoany.com\/add_to\/email?linkurl=https%3A%2F%2Fwww.calasanvicente.es%2Fen%2Fcala-san-vicente%2Fculture-and-festivals%2F&amp;linkname=Culture%20and%20festivals\" title=\"Email\" rel=\"nofollow noopener\" target=\"_blank\"><\/a><a class=\"a2a_dd addtoany_share_save addtoany_share\" href=\"https:\/\/www.addtoany.com\/share\"><\/a><\/div><\/div><\/div>\n\t\t\t\t<\/div>\n\t\t\t\t<\/div>\n\t\t\t\t<\/div>\n\t\t\t\t<\/div>\n\t\t<div class=\"elementor-element elementor-element-67e4a20 e-con-full e-flex e-con e-child\" data-id=\"67e4a20\" data-element_type=\"container\">\n\t\t<div class=\"elementor-element elementor-element-928aa18 e-con-full e-flex e-con e-child\" data-id=\"928aa18\" data-element_type=\"container\">\n\t\t\t\t<div class=\"elementor-element elementor-element-bb9c4a9 elementor-widget-divider--view-line elementor-widget elementor-widget-divider\" data-id=\"bb9c4a9\" data-element_type=\"widget\" data-widget_type=\"divider.default\">\n\t\t\t\t<div class=\"elementor-widget-container\">\n\t\t\t\t\t<div class=\"elementor-divider\">\n\t\t\t<span class=\"elementor-divider-separator\">\n\t\t\t\t\t\t<\/span>\n\t\t<\/div>\n\t\t\t\t<\/div>\n\t\t\t\t<\/div>\n\t\t\t\t<div class=\"elementor-element elementor-element-52dceaf elementor-widget elementor-widget-heading\" data-id=\"52dceaf\" data-element_type=\"widget\" data-widget_type=\"heading.default\">\n\t\t\t\t<div class=\"elementor-widget-container\">\n\t\t\t<div class=\"elementor-heading-title elementor-size-default\">Dance of the &#8220;cossiers&#8221;<\/div>\t\t<\/div>\n\t\t\t\t<\/div>\n\t\t\t\t<div class=\"elementor-element elementor-element-9b74d8e elementor-widget elementor-widget-text-editor\" data-id=\"9b74d8e\" data-element_type=\"widget\" data-widget_type=\"text-editor.default\">\n\t\t\t\t<div class=\"elementor-widget-container\">\n\t\t\t\t\t\t\t<p><span style=\"font-weight: 400;\">On the same day as the Patron Saint, <\/span><b>August 2, at 11:00 a.m<\/b><span style=\"font-weight: 400;\">., the Mass and the Cossiers dance will be celebrated as usual. At 7:00 p.m., after the procession with the ancient image of the Patron Saint, the drill will begin. Once the battle is over, around 9:00 p.m., the Christians will sing the Ted\u00e8um by Moss\u00e8n Miquel Tortell, in thanksgiving, and the C\u00e0ntic dels Goigs by Costa i Llobera. The party always ends with a spectacular fireworks display. Festivals, sports activities (cycling, etc.), concerts, children&#8217;s theater &#8220;show&#8221;, cinema, children&#8217;s activities, &#8220;ball de bot&#8221;, Catalan song recitals, various festivals, etc. On the day of the festival, at dawn, the Alborada festival, a time when the most absolute silence reigns. At morning mass, the recovered &#8220;cossiers&#8221; perform various dances, including the &#8220;ball de l&#8217;Oferta.&#8221; There are twelve cossiers and the lady. Festival of Moors and Christians to commemorate the victory of the inhabitants of Pollensa over the Turkish pirates, which ended in the third battle on the football field. Fireworks.<\/span><\/p>\t\t\t\t\t\t<\/div>\n\t\t\t\t<\/div>\n\t\t\t\t<\/div>\n\t\t\t\t<\/div>\n\t\t\t\t<\/div>\n\t\t\t\t\t<\/div>\n\t\t\t\t<\/div>\n\t\t\t\t<\/div>\n\t\t<\/p>\t\t\t\t\t<\/div>\r\n\t\t\t\t\t\t\t\t\t<\/div>\r\n\t\t\t<\/div>\r\n\t\t<\/div>\r\n\r\n\t\t\t\t<\/div>\n\t\t\t\t<\/div>\n\t\t\t\t<div class=\"elementor-element elementor-element-b13c105 premium-modal-dismissible-yes elementor-widget elementor-widget-premium-addon-modal-box\" data-id=\"b13c105\" data-element_type=\"widget\" data-settings=\"{&quot;premium_modal_box_animation&quot;:&quot;fadeInDown&quot;}\" data-widget_type=\"premium-addon-modal-box.default\">\n\t\t\t\t<div class=\"elementor-widget-container\">\n\t\t\t\r\n\t\t<div class=\"premium-modal-box-container\" data-settings=\"{&quot;trigger&quot;:&quot;text&quot;}\">\r\n\t\t\t<div class=\"premium-modal-trigger-container\">\r\n\t\t\t\t\t\t\t\t\t<span data-toggle=\"premium-modal\" data-target=\"#premium-modal-b13c105\" class=\"premium-modal-trigger-text\">\r\n\t\t\t\t\t\t<div >\r\n\t\t\t\t\t\t\tOn the same day as the Patron Saint, August 2, at 11:00 a.m., the Mass and the Cossiers dance will be celebrated...\t\t\t\t\t\t<\/div>\r\n\t\t\t\t\t<\/span>\r\n\t\t\t\t\t\t\t<\/div>\r\n\r\n\t\t\t<div id=\"premium-modal-b13c105\" class=\"premium-modal-box-modal\"\r\n\t\t\trole=\"dialog\"\r\n\t\t\tstyle=\"display: none\"\r\n\t\t\t>\r\n\t\t\t\t<div class=\"premium-modal-box-modal-dialog\" data-delay-animation=\"\" data-modal-animation=\"fadeInDown animated-fast\">\r\n\t\t\t\t\t\t\t\t\t\t<div class=\"premium-modal-box-modal-body\">\r\n\t\t\t\t\t\t<p>\t\t<div data-elementor-type=\"wp-post\" data-elementor-id=\"43486\" class=\"elementor elementor-43486 elementor-39587\">\n\t\t\t\t<div class=\"elementor-element elementor-element-bee9424 e-flex e-con-boxed e-con e-parent\" data-id=\"bee9424\" data-element_type=\"container\" data-settings=\"{&quot;background_background&quot;:&quot;classic&quot;}\">\n\t\t\t\t\t<div class=\"e-con-inner\">\n\t\t<div class=\"elementor-element elementor-element-eac215e e-con-full e-flex e-con e-child\" data-id=\"eac215e\" data-element_type=\"container\">\n\t\t\t\t<div class=\"elementor-element elementor-element-e1cb376 elementor-widget elementor-widget-heading\" data-id=\"e1cb376\" data-element_type=\"widget\" data-widget_type=\"heading.default\">\n\t\t\t\t<div class=\"elementor-widget-container\">\n\t\t\t<div class=\"elementor-heading-title elementor-size-default\">Dance of the &#8220;cossiers&#8221;<\/div>\t\t<\/div>\n\t\t\t\t<\/div>\n\t\t<div class=\"elementor-element elementor-element-9a40132 e-con-full e-flex e-con e-child\" data-id=\"9a40132\" data-element_type=\"container\">\n\t\t<div class=\"elementor-element elementor-element-aa060fa e-con-full e-flex e-con e-child\" data-id=\"aa060fa\" data-element_type=\"container\" data-settings=\"{&quot;background_background&quot;:&quot;classic&quot;}\">\n\t\t\t\t<div class=\"elementor-element elementor-element-838b856 elementor-widget elementor-widget-spacer\" data-id=\"838b856\" data-element_type=\"widget\" data-widget_type=\"spacer.default\">\n\t\t\t\t<div class=\"elementor-widget-container\">\n\t\t\t\t\t<div class=\"elementor-spacer\">\n\t\t\t<div class=\"elementor-spacer-inner\"><\/div>\n\t\t<\/div>\n\t\t\t\t<\/div>\n\t\t\t\t<\/div>\n\t\t\t\t<\/div>\n\t\t\t\t<\/div>\n\t\t<div class=\"elementor-element elementor-element-c85bf1c e-con-full e-flex e-con e-child\" data-id=\"c85bf1c\" data-element_type=\"container\">\n\t\t<div class=\"elementor-element elementor-element-2e95dec e-con-full e-flex e-con e-child\" data-id=\"2e95dec\" data-element_type=\"container\">\n\t\t\t\t<div class=\"elementor-element elementor-element-a7e15e8 elementor-widget__width-auto elementor-widget elementor-widget-html\" data-id=\"a7e15e8\" data-element_type=\"widget\" data-widget_type=\"html.default\">\n\t\t\t\t<div class=\"elementor-widget-container\">\n\t\t\t<a class=\"copi\" href=\"javascript:getlink();\"><i aria-hidden=\"true\" class=\"fas fa-link\"><\/i> <b>Copy link<\/b><\/a>\r\n<style>\r\n    .alignright{\r\n        width:100%;\r\n        text-align:right;\r\n        \r\n    }\r\n<\/style>\r\n\r\n<script>\/\/<![CDATA[\r\nfunction getlink() {\r\nvar aux = document.createElement(\"input\");\r\naux.setAttribute(\"value\",window.location.href);\r\ndocument.body.appendChild(aux);\r\naux.select();\r\ndocument.execCommand(\"copy\");\r\ndocument.body.removeChild(aux);\r\nalert(\"Link copiado\");\r\n}\r\n\/\/]]><\/script>\t\t<\/div>\n\t\t\t\t<\/div>\n\t\t\t\t<\/div>\n\t\t<div class=\"elementor-element elementor-element-ccaa948 alignright e-con-full e-flex e-con e-child\" data-id=\"ccaa948\" data-element_type=\"container\">\n\t\t\t\t<div class=\"elementor-element elementor-element-5112987 elementor-widget__width-auto elementor-widget elementor-widget-heading\" data-id=\"5112987\" data-element_type=\"widget\" data-widget_type=\"heading.default\">\n\t\t\t\t<div class=\"elementor-widget-container\">\n\t\t\t<div class=\"elementor-heading-title elementor-size-default\">Share<\/div>\t\t<\/div>\n\t\t\t\t<\/div>\n\t\t\t\t<div class=\"elementor-element elementor-element-3187ab5 elementor-widget__width-auto elementor-widget elementor-widget-shortcode\" data-id=\"3187ab5\" data-element_type=\"widget\" data-widget_type=\"shortcode.default\">\n\t\t\t\t<div class=\"elementor-widget-container\">\n\t\t\t\t\t<div class=\"elementor-shortcode\"><div class=\"addtoany_shortcode\"><div class=\"a2a_kit a2a_kit_size_32 addtoany_list\" data-a2a-url=\"https:\/\/www.calasanvicente.es\/en\/cala-san-vicente\/culture-and-festivals\/\" data-a2a-title=\"Culture and festivals\"><a class=\"a2a_button_facebook\" href=\"https:\/\/www.addtoany.com\/add_to\/facebook?linkurl=https%3A%2F%2Fwww.calasanvicente.es%2Fen%2Fcala-san-vicente%2Fculture-and-festivals%2F&amp;linkname=Culture%20and%20festivals\" title=\"Facebook\" rel=\"nofollow noopener\" target=\"_blank\"><\/a><a class=\"a2a_button_twitter\" href=\"https:\/\/www.addtoany.com\/add_to\/twitter?linkurl=https%3A%2F%2Fwww.calasanvicente.es%2Fen%2Fcala-san-vicente%2Fculture-and-festivals%2F&amp;linkname=Culture%20and%20festivals\" title=\"Twitter\" rel=\"nofollow noopener\" target=\"_blank\"><\/a><a class=\"a2a_button_whatsapp\" href=\"https:\/\/www.addtoany.com\/add_to\/whatsapp?linkurl=https%3A%2F%2Fwww.calasanvicente.es%2Fen%2Fcala-san-vicente%2Fculture-and-festivals%2F&amp;linkname=Culture%20and%20festivals\" title=\"WhatsApp\" rel=\"nofollow noopener\" target=\"_blank\"><\/a><a class=\"a2a_button_email\" href=\"https:\/\/www.addtoany.com\/add_to\/email?linkurl=https%3A%2F%2Fwww.calasanvicente.es%2Fen%2Fcala-san-vicente%2Fculture-and-festivals%2F&amp;linkname=Culture%20and%20festivals\" title=\"Email\" rel=\"nofollow noopener\" target=\"_blank\"><\/a><a class=\"a2a_dd addtoany_share_save addtoany_share\" href=\"https:\/\/www.addtoany.com\/share\"><\/a><\/div><\/div><\/div>\n\t\t\t\t<\/div>\n\t\t\t\t<\/div>\n\t\t\t\t<\/div>\n\t\t\t\t<\/div>\n\t\t<div class=\"elementor-element elementor-element-67e4a20 e-con-full e-flex e-con e-child\" data-id=\"67e4a20\" data-element_type=\"container\">\n\t\t<div class=\"elementor-element elementor-element-928aa18 e-con-full e-flex e-con e-child\" data-id=\"928aa18\" data-element_type=\"container\">\n\t\t\t\t<div class=\"elementor-element elementor-element-bb9c4a9 elementor-widget-divider--view-line elementor-widget elementor-widget-divider\" data-id=\"bb9c4a9\" data-element_type=\"widget\" data-widget_type=\"divider.default\">\n\t\t\t\t<div class=\"elementor-widget-container\">\n\t\t\t\t\t<div class=\"elementor-divider\">\n\t\t\t<span class=\"elementor-divider-separator\">\n\t\t\t\t\t\t<\/span>\n\t\t<\/div>\n\t\t\t\t<\/div>\n\t\t\t\t<\/div>\n\t\t\t\t<div class=\"elementor-element elementor-element-52dceaf elementor-widget elementor-widget-heading\" data-id=\"52dceaf\" data-element_type=\"widget\" data-widget_type=\"heading.default\">\n\t\t\t\t<div class=\"elementor-widget-container\">\n\t\t\t<div class=\"elementor-heading-title elementor-size-default\">Dance of the &#8220;cossiers&#8221;<\/div>\t\t<\/div>\n\t\t\t\t<\/div>\n\t\t\t\t<div class=\"elementor-element elementor-element-9b74d8e elementor-widget elementor-widget-text-editor\" data-id=\"9b74d8e\" data-element_type=\"widget\" data-widget_type=\"text-editor.default\">\n\t\t\t\t<div class=\"elementor-widget-container\">\n\t\t\t\t\t\t\t<p><span style=\"font-weight: 400;\">On the same day as the Patron Saint, <\/span><b>August 2, at 11:00 a.m<\/b><span style=\"font-weight: 400;\">., the Mass and the Cossiers dance will be celebrated as usual. At 7:00 p.m., after the procession with the ancient image of the Patron Saint, the drill will begin. Once the battle is over, around 9:00 p.m., the Christians will sing the Ted\u00e8um by Moss\u00e8n Miquel Tortell, in thanksgiving, and the C\u00e0ntic dels Goigs by Costa i Llobera. The party always ends with a spectacular fireworks display. Festivals, sports activities (cycling, etc.), concerts, children&#8217;s theater &#8220;show&#8221;, cinema, children&#8217;s activities, &#8220;ball de bot&#8221;, Catalan song recitals, various festivals, etc. On the day of the festival, at dawn, the Alborada festival, a time when the most absolute silence reigns. At morning mass, the recovered &#8220;cossiers&#8221; perform various dances, including the &#8220;ball de l&#8217;Oferta.&#8221; There are twelve cossiers and the lady. Festival of Moors and Christians to commemorate the victory of the inhabitants of Pollensa over the Turkish pirates, which ended in the third battle on the football field. Fireworks.<\/span><\/p>\t\t\t\t\t\t<\/div>\n\t\t\t\t<\/div>\n\t\t\t\t<\/div>\n\t\t\t\t<\/div>\n\t\t\t\t<\/div>\n\t\t\t\t\t<\/div>\n\t\t\t\t<\/div>\n\t\t\t\t<\/div>\n\t\t<\/p>\t\t\t\t\t<\/div>\r\n\t\t\t\t\t\t\t\t\t<\/div>\r\n\t\t\t<\/div>\r\n\t\t<\/div>\r\n\r\n\t\t\t\t<\/div>\n\t\t\t\t<\/div>\n\t\t\t\t\t<\/div>\n\t\t<\/div>\n\t\t\t\t\t<\/div>\n\t\t<\/section>\n\t\t\t\t<\/div>\n\t\t","protected":false},"excerpt":{"rendered":"<p>Culture and festivals Pollensa continues to enjoy renown within the cultural and artistic world thanks to public initiatives such as the International Music Festival, the Pollensa Museum and private initiatives such as the Dion\u00eds Benn\u00e0ssar House-Museum, the Mart\u00ed Vicen\u00e7 Museum and a large number of art galleries. &times; Cala San Vicente and its surroundings Copy &#8230;<\/p>\n","protected":false},"author":1,"featured_media":0,"parent":43225,"menu_order":0,"comment_status":"closed","ping_status":"closed","template":"elementor_header_footer","meta":{"_monsterinsights_skip_tracking":false,"_monsterinsights_sitenote_active":false,"_monsterinsights_sitenote_note":"","_monsterinsights_sitenote_category":0,"footnotes":""},"class_list":["post-43239","page","type-page","status-publish","hentry"],"aioseo_notices":[],"_links":{"self":[{"href":"https:\/\/www.calasanvicente.es\/en\/wp-json\/wp\/v2\/pages\/43239","targetHints":{"allow":["GET"]}}],"collection":[{"href":"https:\/\/www.calasanvicente.es\/en\/wp-json\/wp\/v2\/pages"}],"about":[{"href":"https:\/\/www.calasanvicente.es\/en\/wp-json\/wp\/v2\/types\/page"}],"author":[{"embeddable":true,"href":"https:\/\/www.calasanvicente.es\/en\/wp-json\/wp\/v2\/users\/1"}],"replies":[{"embeddable":true,"href":"https:\/\/www.calasanvicente.es\/en\/wp-json\/wp\/v2\/comments?post=43239"}],"version-history":[{"count":0,"href":"https:\/\/www.calasanvicente.es\/en\/wp-json\/wp\/v2\/pages\/43239\/revisions"}],"up":[{"embeddable":true,"href":"https:\/\/www.calasanvicente.es\/en\/wp-json\/wp\/v2\/pages\/43225"}],"wp:attachment":[{"href":"https:\/\/www.calasanvicente.es\/en\/wp-json\/wp\/v2\/media?parent=43239"}],"curies":[{"name":"wp","href":"https:\/\/api.w.org\/{rel}","templated":true}]}}